{"id":8541,"date":"2019-09-23T12:13:07","date_gmt":"2019-09-23T12:13:07","guid":{"rendered":"http:\/\/fonspitius.org\/?post_type=tribe_events&#038;p=8541"},"modified":"2020-03-17T09:05:55","modified_gmt":"2020-03-17T09:05:55","slug":"9a-edicion-biblioteca-viajera-llegim-el-mon","status":"publish","type":"tribe_events","link":"https:\/\/fonspitius.org\/es\/event\/9a-edicion-biblioteca-viajera-llegim-el-mon\/","title":{"rendered":"9a edici\u00f3n biblioteca viajera \u00abLlegim el m\u00f3n\u00bb"},"content":{"rendered":"<p>La biblioteca viajera \u00abLLEGIM EL M\u00d3N\u00bb se encuentra actualmente en el CEIP Sant Antoni de Portnay, siguiendo su viaje por todas las escuelas que est\u00e1n integradas en la Red de Centros Educativos Solidarios.<\/p>\n<p>LLEGIM EL M\u00d3N es una selecci\u00f3n de 40 libros destinados a ni\u00f1os y ni\u00f1as de educaci\u00f3n infantil y primaria, que forman parte de la Biblioteca del Fons Piti\u00fas. Los cuentos que la forman permiten trabajar la interculturalidad, la educaci\u00f3n por la paz, la educaci\u00f3n ambiental, la educaci\u00f3n para la igualdad de g\u00e9nero y el consumo responsable.<\/p>\n<p>Por otro lado, una selecci\u00f3n de material para el profesorado para trabajar la igualdad de g\u00e9nero acompa\u00f1ar\u00e1 la biblioteca viajera a lo largo de todo su recorrido.<\/p>\n","protected":false},"excerpt":{"rendered":"<p>La biblioteca viajera \u00abLLEGIM EL M\u00d3N\u00bb se encuentra actualmente en el CEIP Sant Antoni de Portnay, siguiendo su viaje por todas las<\/p>\n","protected":false},"author":5,"featured_media":8538,"template":"","meta":{"_acf_changed":false,"_tribe_events_status":"","_tribe_events_status_reason":"","footnotes":""},"tags":[],"tribe_events_cat":[102],"class_list":["post-8541","tribe_events","type-tribe_events","status-publish","has-post-thumbnail","hentry","tribe_events_cat-agenda","cat_agenda"],"acf":[],"_links":{"self":[{"href":"https:\/\/fonspitius.org\/es\/wp-json\/wp\/v2\/tribe_events\/8541","targetHints":{"allow":["GET"]}}],"collection":[{"href":"https:\/\/fonspitius.org\/es\/wp-json\/wp\/v2\/tribe_events"}],"about":[{"href":"https:\/\/fonspitius.org\/es\/wp-json\/wp\/v2\/types\/tribe_events"}],"author":[{"embeddable":true,"href":"https:\/\/fonspitius.org\/es\/wp-json\/wp\/v2\/users\/5"}],"version-history":[{"count":0,"href":"https:\/\/fonspitius.org\/es\/wp-json\/wp\/v2\/tribe_events\/8541\/revisions"}],"wp:featuredmedia":[{"embeddable":true,"href":"https:\/\/fonspitius.org\/es\/wp-json\/wp\/v2\/media\/8538"}],"wp:attachment":[{"href":"https:\/\/fonspitius.org\/es\/wp-json\/wp\/v2\/media?parent=8541"}],"wp:term":[{"taxonomy":"post_tag","embeddable":true,"href":"https:\/\/fonspitius.org\/es\/wp-json\/wp\/v2\/tags?post=8541"},{"taxonomy":"tribe_events_cat","embeddable":true,"href":"https:\/\/fonspitius.org\/es\/wp-json\/wp\/v2\/tribe_events_cat?post=8541"}],"curies":[{"name":"wp","href":"https:\/\/api.w.org\/{rel}","templated":true}]}}