{"id":15937,"date":"2025-01-17T11:51:45","date_gmt":"2025-01-17T10:51:45","guid":{"rendered":"https:\/\/fonspitius.org\/?post_type=tribe_events&#038;p=15937"},"modified":"2025-01-20T09:23:21","modified_gmt":"2025-01-20T08:23:21","slug":"encesa-de-torres-de-la-mediterrania-pels-drets-humans","status":"publish","type":"tribe_events","link":"https:\/\/fonspitius.org\/es\/event\/encesa-de-torres-de-la-mediterrania-pels-drets-humans\/","title":{"rendered":"Encesa de Torres de la Mediterr\u00e0nia pels Drets Humans"},"content":{"rendered":"<p style=\"text-align: justify;\">Por segundo a\u00f1o consecutivo, Eivissa y Formentera se unen a la <em>Encesa de Torres, Talaies i Talaiots de la Mediterr\u00e0nia pels Drets Humans.\u00a0<\/em><br \/>\nEl objetivo de la <em>Encesa<\/em> es doble: por un lado, sensibilizar a la poblaci\u00f3n sobre la situaci\u00f3n que se vive en el Mediterr\u00e1neo, donde muchas personas que se ven obligadas a abandonar su casa pierden la vida cada a\u00f1o y, por otra , reivindicar y hacer valer las torres y fortificaciones como patrimonio hist\u00f3rico y cultural. El encendido recrea la comunicaci\u00f3n visual que ten\u00eda lugar entre las torres de vigilancia, que eran, esencialmente, un recurso de autodefensa y que ahora con esta acci\u00f3n se convierten en puntos de luz, en faros de acogida que muestran el camino de llegada.<\/p>\n<p style=\"text-align: justify;\">El acto de encendido, que tendr\u00e1 lugar de forma simult\u00e1nea el s\u00e1bado 25 de enero de 2025 a las 13 horas con bengalas de humo, incluye la lectura de un manifiesto que, este a\u00f1o, ha sido escrito por Amnist\u00eda Internacional. El encendido en las Pitiusas se har\u00e1 a dos puntos:<\/p>\n<ul style=\"text-align: justify;\">\n<li>La <em>Torre des Carregador<\/em> (o de Sa Sal Rossa), en Sant Josep de sa Talaia.<\/li>\n<li>La <em>Torre de Sa Punta Prima<\/em> (Es Pujols), en Formentera.<\/li>\n<\/ul>\n<p style=\"text-align: justify;\">Esta actividad se inserta en la campa\u00f1a \u201cContra el racismo y la xenofobia, Actuamos!\u201d, que el Fons Piti\u00fas tiene en marcha desde 2023 junto con Cruz Roja, Fundaci\u00f3n Deixalles, C\u00e1ritas y M\u00e9dicos del Mundo. Uno de los objetivos de la campa\u00f1a es favorecer la construcci\u00f3n de un espacio de convivencia intercultural en nuestras islas. Por esta raz\u00f3n, creemos que esta iniciativa refuerza nuestras ra\u00edces y reafirma de forma contundente la voluntad de crear un Mediterr\u00e1neo marcado por la solidaridad y la empat\u00eda entre pueblos hermanos.<\/p>\n<p style=\"text-align: justify;\">Es un encuentro muy participativo en el que, adem\u00e1s de las Islas Baleares, tambi\u00e9n habr\u00e1 encendidos en Catalu\u00f1a, Comunidad Valenciana, Murcia, Andaluc\u00eda, as\u00ed como en otros pa\u00edses del Mediterr\u00e1neo, como Marruecos, L\u00edbano, T\u00fanez o Palestina.<\/p>\n","protected":false},"excerpt":{"rendered":"<p>Por segundo a\u00f1o consecutivo, Eivissa y Formentera se unen a la Encesa de Torres, Talaies i Talaiots de la Mediterr\u00e0nia pels Drets<\/p>\n","protected":false},"author":5,"featured_media":15936,"template":"","meta":{"_acf_changed":false,"_tribe_events_status":"","_tribe_events_status_reason":"","footnotes":""},"tags":[],"tribe_events_cat":[102],"class_list":["post-15937","tribe_events","type-tribe_events","status-publish","has-post-thumbnail","hentry","tribe_events_cat-agenda","cat_agenda"],"acf":[],"_links":{"self":[{"href":"https:\/\/fonspitius.org\/es\/wp-json\/wp\/v2\/tribe_events\/15937","targetHints":{"allow":["GET"]}}],"collection":[{"href":"https:\/\/fonspitius.org\/es\/wp-json\/wp\/v2\/tribe_events"}],"about":[{"href":"https:\/\/fonspitius.org\/es\/wp-json\/wp\/v2\/types\/tribe_events"}],"author":[{"embeddable":true,"href":"https:\/\/fonspitius.org\/es\/wp-json\/wp\/v2\/users\/5"}],"version-history":[{"count":0,"href":"https:\/\/fonspitius.org\/es\/wp-json\/wp\/v2\/tribe_events\/15937\/revisions"}],"wp:featuredmedia":[{"embeddable":true,"href":"https:\/\/fonspitius.org\/es\/wp-json\/wp\/v2\/media\/15936"}],"wp:attachment":[{"href":"https:\/\/fonspitius.org\/es\/wp-json\/wp\/v2\/media?parent=15937"}],"wp:term":[{"taxonomy":"post_tag","embeddable":true,"href":"https:\/\/fonspitius.org\/es\/wp-json\/wp\/v2\/tags?post=15937"},{"taxonomy":"tribe_events_cat","embeddable":true,"href":"https:\/\/fonspitius.org\/es\/wp-json\/wp\/v2\/tribe_events_cat?post=15937"}],"curies":[{"name":"wp","href":"https:\/\/api.w.org\/{rel}","templated":true}]}}