{"id":14876,"date":"2024-04-19T08:11:31","date_gmt":"2024-04-19T08:11:31","guid":{"rendered":"https:\/\/fonspitius.org\/?post_type=tribe_events&#038;p=14876"},"modified":"2024-04-19T08:12:13","modified_gmt":"2024-04-19T08:12:13","slug":"presentacion-del-libro-mujeres-de-frontera-de-helena-maleno","status":"publish","type":"tribe_events","link":"https:\/\/fonspitius.org\/es\/event\/presentacion-del-libro-mujeres-de-frontera-de-helena-maleno\/","title":{"rendered":"Presentaci\u00f3n del libro \u00abMujer de frontera\u00bb, de Helena Maleno"},"content":{"rendered":"<p>El mi\u00e9rcoles 24 de abril tenemos la suerte de contar con Helena Maleno, del colectivo Caminando Fronteras, que presentar\u00e1 su libro \u00abMujer de frontera\u00bb. El acto se realizar\u00e1 en el Casal de Igualdad de Eivissa, a las 18h.<\/p>\n<p>Participar\u00e1n tambi\u00e9n Cristina Mart\u00edn Vega, directora del Diario de Ibiza, y Fina Darder Juan, gerente del Fons Piti\u00fas de Cooperaci\u00f3.<\/p>\n","protected":false},"excerpt":{"rendered":"<p>El mi\u00e9rcoles 24 de abril tenemos la suerte de contar con Helena Maleno, del colectivo Caminando Fronteras, que presentar\u00e1 su libro \u00abMujer<\/p>\n","protected":false},"author":5,"featured_media":14874,"template":"","meta":{"_acf_changed":false,"_tribe_events_status":"","_tribe_events_status_reason":"","footnotes":""},"tags":[],"tribe_events_cat":[102],"class_list":["post-14876","tribe_events","type-tribe_events","status-publish","has-post-thumbnail","hentry","tribe_events_cat-agenda","cat_agenda"],"acf":[],"_links":{"self":[{"href":"https:\/\/fonspitius.org\/es\/wp-json\/wp\/v2\/tribe_events\/14876","targetHints":{"allow":["GET"]}}],"collection":[{"href":"https:\/\/fonspitius.org\/es\/wp-json\/wp\/v2\/tribe_events"}],"about":[{"href":"https:\/\/fonspitius.org\/es\/wp-json\/wp\/v2\/types\/tribe_events"}],"author":[{"embeddable":true,"href":"https:\/\/fonspitius.org\/es\/wp-json\/wp\/v2\/users\/5"}],"version-history":[{"count":0,"href":"https:\/\/fonspitius.org\/es\/wp-json\/wp\/v2\/tribe_events\/14876\/revisions"}],"wp:featuredmedia":[{"embeddable":true,"href":"https:\/\/fonspitius.org\/es\/wp-json\/wp\/v2\/media\/14874"}],"wp:attachment":[{"href":"https:\/\/fonspitius.org\/es\/wp-json\/wp\/v2\/media?parent=14876"}],"wp:term":[{"taxonomy":"post_tag","embeddable":true,"href":"https:\/\/fonspitius.org\/es\/wp-json\/wp\/v2\/tags?post=14876"},{"taxonomy":"tribe_events_cat","embeddable":true,"href":"https:\/\/fonspitius.org\/es\/wp-json\/wp\/v2\/tribe_events_cat?post=14876"}],"curies":[{"name":"wp","href":"https:\/\/api.w.org\/{rel}","templated":true}]}}