{"id":14869,"date":"2024-04-19T07:56:53","date_gmt":"2024-04-19T07:56:53","guid":{"rendered":"https:\/\/fonspitius.org\/?post_type=tribe_events&#038;p=14869"},"modified":"2024-04-19T07:56:53","modified_gmt":"2024-04-19T07:56:53","slug":"exposicion-desmintiendo-los-falsos-rumores-sobre-la-migracio","status":"publish","type":"tribe_events","link":"https:\/\/fonspitius.org\/es\/event\/exposicion-desmintiendo-los-falsos-rumores-sobre-la-migracio\/","title":{"rendered":"Exposici\u00f3n \u00abDesmintiendo los falsos rumores sobre la migraci\u00f3\u00bb"},"content":{"rendered":"<p>Sa Punta des Mol\u00ed acoge, del 17 al 27 de abril, la exposici\u00f3n \u201cDesmintiendo los falsos rumores sobre la migraci\u00f3n\u201d, elaborada por el Fons Piti\u00fas, acompa\u00f1ada de una serie fotogr\u00e1fica sobre el \u00e9xodo sirio del fot\u00f3grafo Aleix Oriol Verg\u00e9s.<\/p>\n<p>Esta exposici\u00f3n se enmarca en el programa de actividades organizadas por el Ayuntamiento de Sant Antoni de Portmany para este trimestre sobre las personas migrantes.<\/p>\n<p>Se puede visitar en la sala Walter Benjamin de Sa Punta des Mol\u00ed, de martes a s\u00e1bado, en horario de tarde (17h a 20h).<\/p>\n<p>Los centros educativos pueden concertar visitas mediante correo electr\u00f3nico cultura@santantoni.net.<\/p>\n","protected":false},"excerpt":{"rendered":"<p>Sa Punta des Mol\u00ed acoge, del 17 al 27 de abril, la exposici\u00f3n \u201cDesmintiendo los falsos rumores sobre la migraci\u00f3n\u201d, elaborada por<\/p>\n","protected":false},"author":5,"featured_media":14862,"template":"","meta":{"_acf_changed":false,"_tribe_events_status":"","_tribe_events_status_reason":"","footnotes":""},"tags":[],"tribe_events_cat":[102],"class_list":["post-14869","tribe_events","type-tribe_events","status-publish","has-post-thumbnail","hentry","tribe_events_cat-agenda","cat_agenda"],"acf":[],"_links":{"self":[{"href":"https:\/\/fonspitius.org\/es\/wp-json\/wp\/v2\/tribe_events\/14869","targetHints":{"allow":["GET"]}}],"collection":[{"href":"https:\/\/fonspitius.org\/es\/wp-json\/wp\/v2\/tribe_events"}],"about":[{"href":"https:\/\/fonspitius.org\/es\/wp-json\/wp\/v2\/types\/tribe_events"}],"author":[{"embeddable":true,"href":"https:\/\/fonspitius.org\/es\/wp-json\/wp\/v2\/users\/5"}],"version-history":[{"count":0,"href":"https:\/\/fonspitius.org\/es\/wp-json\/wp\/v2\/tribe_events\/14869\/revisions"}],"wp:featuredmedia":[{"embeddable":true,"href":"https:\/\/fonspitius.org\/es\/wp-json\/wp\/v2\/media\/14862"}],"wp:attachment":[{"href":"https:\/\/fonspitius.org\/es\/wp-json\/wp\/v2\/media?parent=14869"}],"wp:term":[{"taxonomy":"post_tag","embeddable":true,"href":"https:\/\/fonspitius.org\/es\/wp-json\/wp\/v2\/tags?post=14869"},{"taxonomy":"tribe_events_cat","embeddable":true,"href":"https:\/\/fonspitius.org\/es\/wp-json\/wp\/v2\/tribe_events_cat?post=14869"}],"curies":[{"name":"wp","href":"https:\/\/api.w.org\/{rel}","templated":true}]}}