{"id":7844,"date":"2018-10-17T07:41:19","date_gmt":"2018-10-17T07:41:19","guid":{"rendered":"http:\/\/fonspitius.org\/?page_id=7844"},"modified":"2026-07-24T14:57:08","modified_gmt":"2026-07-24T12:57:08","slug":"formacion","status":"publish","type":"page","link":"https:\/\/fonspitius.org\/es\/educacion\/formacion\/","title":{"rendered":"Formaci\u00f3n"},"content":{"rendered":"<div class=\"fusion-fullwidth fullwidth-box fusion-builder-row-1 nonhundred-percent-fullwidth non-hundred-percent-height-scrolling\" style=\"--awb-border-radius-top-left:0px;--awb-border-radius-top-right:0px;--awb-border-radius-bottom-right:0px;--awb-border-radius-bottom-left:0px;--awb-padding-top:20px;--awb-padding-bottom:20px;--awb-flex-wrap:wrap;\" ><div class=\"fusion-builder-row fusion-row\"><div class=\"fusion-layout-column fusion_builder_column fusion-builder-column-0 fusion_builder_column_1_5 1_5 fusion-one-fifth fusion-column-first\" style=\"--awb-bg-size:cover;width:20%;width:calc(20% - ( ( 4% ) * 0.2 ) );margin-right: 4%;\"><div class=\"fusion-column-wrapper fusion-flex-column-wrapper-legacy\"><div class=\"fusion-widget-area awb-widget-area-element fusion-widget-area-1 fusion-content-widget-area\" style=\"--awb-title-size:18px;--awb-title-color:#00a1de;--awb-padding:0px 0px 0px 0px;\"><div id=\"nav_menu-9\" class=\"widget widget_nav_menu\" style=\"border-style: solid;border-color:transparent;border-width:0px;\"><div class=\"menu-sensibilitzacio-es-container\"><ul id=\"menu-sensibilitzacio-es\" class=\"menu\"><li id=\"menu-item-18282\" class=\"menu-item menu-item-type-post_type menu-item-object-page menu-item-has-children menu-item-18282\"><a href=\"https:\/\/fonspitius.org\/es\/educacion\/trabajo-con-comunidad-educativa\/\">Trabajo con comunidad educativa<\/a>\n<ul class=\"sub-menu\">\n\t<li id=\"menu-item-18348\" class=\"menu-item menu-item-type-post_type menu-item-object-page menu-item-18348\"><a href=\"https:\/\/fonspitius.org\/es\/educacion\/trabajo-con-comunidad-educativa\/infantil-y-primaria\/\">Infantil y primaria<\/a><\/li>\n\t<li id=\"menu-item-18875\" class=\"menu-item menu-item-type-post_type menu-item-object-page menu-item-18875\"><a href=\"https:\/\/fonspitius.org\/es\/educacion\/trabajo-con-comunidad-educativa\/secundaria-2\/\">Secundaria<\/a><\/li>\n<\/ul>\n<\/li>\n<li id=\"menu-item-18284\" class=\"menu-item menu-item-type-post_type menu-item-object-page menu-item-has-children menu-item-18284\"><a href=\"https:\/\/fonspitius.org\/es\/educacion\/sensibilizacion-y-accion-social\/\">Sensibilizaci\u00f3n y acci\u00f3n social<\/a>\n<ul class=\"sub-menu\">\n\t<li id=\"menu-item-18350\" class=\"menu-item menu-item-type-post_type menu-item-object-sensibilizacion menu-item-18350\"><a href=\"https:\/\/fonspitius.org\/es\/sensibilizacion\/2023-frente-al-racismo-y-la-xenofobia-actuamos\/\">Frente al racismo y la xenofobia, \u00a1actuamos!<\/a><\/li>\n\t<li id=\"menu-item-18351\" class=\"menu-item menu-item-type-post_type menu-item-object-page menu-item-18351\"><a href=\"https:\/\/fonspitius.org\/es\/educacion\/sensibilizacion-y-accion-social\/agua-que-compartimos\/\">El agua que compartimos<\/a><\/li>\n<\/ul>\n<\/li>\n<li id=\"menu-item-18352\" class=\"menu-item menu-item-type-post_type menu-item-object-page menu-item-18352\"><a href=\"https:\/\/fonspitius.org\/es\/educacion\/formacion\/\">Formaci\u00f3n<\/a><\/li>\n<li id=\"menu-item-18353\" class=\"menu-item menu-item-type-post_type menu-item-object-page menu-item-18353\"><a href=\"https:\/\/fonspitius.org\/es\/educacion\/proyectos\/\">Proyectos<\/a><\/li>\n<\/ul><\/div><\/div><div class=\"fusion-additional-widget-content\"><\/div><\/div><div class=\"fusion-clearfix\"><\/div><\/div><\/div><div class=\"fusion-layout-column fusion_builder_column fusion-builder-column-1 fusion_builder_column_4_5 4_5 fusion-four-fifth fusion-column-last\" style=\"--awb-bg-size:cover;width:80%;width:calc(80% - ( ( 4% ) * 0.8 ) );\"><div class=\"fusion-column-wrapper fusion-flex-column-wrapper-legacy\"><div class=\"fusion-text fusion-text-1\"><p style=\"text-align: justify;\">Ofrecemos cursos especializados sobre las diferentes tem\u00e1ticas que se incluyen en la EpTS. El objetivo general es ampliar nuestros conocimientos sobre los retos que afrontamos globalmente y adquirir herramientas para trabajarlos tanto en el aula como fuera de ella.<\/p>\n<p style=\"text-align: justify;\">Pr\u00f3xima formaci\u00f3n:<\/p>\n<p style=\"text-align: justify;\">Per\u00edodo de inscripciones:<\/p>\n<p style=\"text-align: justify;\">Cursos anteriores:<\/p>\n<ul>\n<li>Octubre 2025:\u00a0<a style=\"text-align: justify;\" href=\"https:\/\/fonspitius.org\/es\/sensibilizacion\/acompanamiento-menores\/\" target=\"_blank\" rel=\"noopener\"><strong>Acompa\u00f1amiento psicoeducativo en los procesos migratorios de menores acompa\u00f1ados\/adas y no acompa\u00f1ados\/adas<\/strong><\/a><span style=\"text-align: justify;\">\u00a0(8h).<\/span><\/li>\n<li style=\"text-align: justify;\"><span style=\"text-align: justify;\">Octubre 2024:\u00a0<a href=\"https:\/\/fonspitius.org\/es\/sensibilizacion\/15384\/\" target=\"_blank\" rel=\"noopener\"><strong>Aprendizaje Servicio y Cultura de Paz. Transformaci\u00f3n social desde los centros educativos\u00a0<\/strong><\/a>(8h).<\/span><\/li>\n<li style=\"text-align: justify;\"><span style=\"text-align: justify;\">Enero 2024:\u00a0<\/span><a style=\"text-align: justify;\" href=\"https:\/\/fonspitius.org\/es\/sensibilizacion\/herramientas-para-luchar-contra-el-racismo-dentro-y-fuera-del-aula\/\" target=\"_blank\" rel=\"noopener\"><strong>Herramientas para luchar contra el racismo dentro y fuera del aula<\/strong><\/a><span style=\"text-align: justify;\">\u00a0(8h).<\/span><\/li>\n<li style=\"text-align: justify;\">Octubre 2023: <a href=\"https:\/\/fonspitius.org\/es\/?post_type=sensibilizacion&amp;p=13618&amp;preview=true\" target=\"_blank\" rel=\"noopener\"><strong>Aprendizaje Servicio y Cultura de Paz. Transformaci\u00f3n social desde los centros educativos <\/strong><\/a>(8h).<\/li>\n<li style=\"text-align: justify;\">Marzo 2023:<strong> <a href=\"https:\/\/fonspitius.org\/es\/sensibilizacion\/teatro\/\">Teatro social y creaci\u00f3n colectiva, herramientas para una cultura de paz<\/a> <\/strong>(14h)<\/li>\n<li style=\"text-align: justify;\">Octubre 2022:\u00a0<a href=\"https:\/\/fonspitius.org\/es\/sensibilizacion\/educacion-para-una-cultura-de-paz-conflicto-noviolencia-y-cambio-social\/\" target=\"_blank\" rel=\"noopener\"><strong>Educaci\u00f3n para una cultura de paz: conflicto, noviolencia y cambio social\u00a0<\/strong><\/a>(10h).<\/li>\n<li style=\"text-align: justify;\">Marzo 2022. <strong><a href=\"https:\/\/fonspitius.org\/es\/sensibilizacion\/que-nos-dice-la-ciencia-de-la-situacion-ambiental-actual\/\" target=\"_blank\" rel=\"noopener\">\u00bfQu\u00e9 nos dice la ciencia de la situaci\u00f3n ambiental actual?<\/a><\/strong>\u00a0(10h).<\/li>\n<li style=\"text-align: justify;\">Noviembre 2021: <a href=\"https:\/\/fonspitius.org\/es\/sensibilizacion\/educacion-y-transformacion-ecosocial\/\" target=\"_blank\" rel=\"noopener\"><strong>Educaci\u00f3n y transformaci\u00f3n ecosocial<\/strong><\/a> (8h).<\/li>\n<li style=\"text-align: justify;\">Curs 2021\/22:<strong> <a href=\"https:\/\/fonspitius.org\/es\/sensibilizacion\/asesoramiento-en-coeducacion\/\" target=\"_blank\" rel=\"noopener\">Asesoramiento en coeducaci\u00f3n<\/a> <\/strong>\u00a0(9h).<\/li>\n<li style=\"text-align: justify;\">Abril 2021. <strong>Recursos y herramientas coeducativas<\/strong> (10h).<\/li>\n<li style=\"text-align: justify;\">Noviembre 2020.\u00a0 <strong>Coeducaci\u00f3n en las escuelas: herramientas de aplicaci\u00f3n<\/strong> (10h).<\/li>\n<li style=\"text-align: justify;\">Octubre 2019. <strong>La coeducaci\u00f3n como herramienta de transformaci\u00f3n desde la escuela<\/strong> (10h).<\/li>\n<li style=\"text-align: justify;\">Noviembre 2018.<strong> Los Objetivos de Desarrollo Sostenible como herramienta de transformaci\u00f3n desde la escuela<\/strong> (10h).<\/li>\n<li style=\"text-align: justify;\">Noviembre 2017. <strong>Cambio clim\u00e1<\/strong><strong>tico: propuestas de cambio para no cambiar el clima<\/strong> (10h).<\/li>\n<\/ul>\n<\/div><div class=\"fusion-clearfix\"><\/div><\/div><\/div><\/div><\/div>\n<div class=\"fusion-fullwidth fullwidth-box fusion-builder-row-2 hundred-percent-fullwidth non-hundred-percent-height-scrolling\" style=\"--awb-border-radius-top-left:0px;--awb-border-radius-top-right:0px;--awb-border-radius-bottom-right:0px;--awb-border-radius-bottom-left:0px;--awb-overflow:visible;--awb-flex-wrap:wrap;\" ><div class=\"fusion-builder-row fusion-row\"><div class=\"fusion-layout-column fusion_builder_column fusion-builder-column-2 fusion_builder_column_1_1 1_1 fusion-one-full fusion-column-first fusion-column-last\" style=\"--awb-bg-size:cover;\"><div class=\"fusion-column-wrapper fusion-flex-column-wrapper-legacy\"><div class=\"fusion-text fusion-text-2\"><h4 class=\"fusion-responsive-typography-calculated\" style=\"--fontsize: 18; line-height: 1.33; --minfontsize: 18; text-align: justify;\" data-fontsize=\"18\" data-lineheight=\"23.9333px\">Para continuar aprendiendo&#8230;<\/h4>\n<p style=\"text-align: justify;\">Adem\u00e1s, para todo el profesorado interesado, hemos preparado unos listados de recursos educativos sobre diferentes tem\u00e1ticas de EpTS. Algunos son enlaces a p\u00e1ginas especializadas y otros se encuentran en nuestra <a href=\"https:\/\/fonspitius.org\/es\/biblioteca\/\" target=\"_blank\" rel=\"noopener\"><strong>Biblioteca del Fons.<\/strong><\/a> Tambi\u00e9n pod\u00e9is solicitarlos a trav\u00e9s del correo <a href=\"mailto:educacio@fonspitius.org\">educacio@fonspitius.org.<\/a><\/p>\n<ul style=\"margin-top: -14px; text-align: justify;\">\n<li><a href=\"https:\/\/fonspitius.org\/wp-content\/uploads\/RECURSOS-Pau-i-no-violencia-2022-2023-1.pdf\" target=\"_blank\" rel=\"noopener noreferrer\">Paz y noviolencia<\/a><\/li>\n<li><a href=\"https:\/\/fonspitius.org\/wp-content\/uploads\/Recursos_consum_responsable_21-22.pdf\" target=\"_blank\" rel=\"noopener noreferrer\">Consumo consciente y responsable<\/a><\/li>\n<li><a href=\"https:\/\/fonspitius.org\/wp-content\/uploads\/Recursos-dona_fora-xarxa.pdf\" target=\"_blank\" rel=\"noopener noreferrer\">Igualdad de g\u00e9nero<\/a><\/li>\n<li><a href=\"https:\/\/fonspitius.org\/wp-content\/uploads\/LLISTAT-WEB-RECURSOS-migracions-primaria-2024-25.pdf\" target=\"_blank\" rel=\"noopener\">Migraciones e interculturalidad (recursos primaria)<\/a><\/li>\n<li><a href=\"https:\/\/fonspitius.org\/wp-content\/uploads\/LLISTAT-RECURSOS-migracions-i-racisme-SECUNDARIA-2025-26.pdf\" target=\"_blank\" rel=\"noopener noreferrer\">Migraciones, interculturalidad y antiracismo (recursos secundaria)<\/a><\/li>\n<li><a href=\"https:\/\/fonspitius.org\/wp-content\/uploads\/Recursos_canvi-climatic_21-22.pdf\" target=\"_blank\" rel=\"noopener noreferrer\">Cambio clim\u00e1tico<\/a><\/li>\n<li><a href=\"https:\/\/fonspitius.org\/wp-content\/uploads\/Recursos_drets_dels_infants_21-22.pdf\" target=\"_blank\" rel=\"noopener noreferrer\">Derechos de los ni\u00f1os\/as<\/a><\/li>\n<li><a href=\"https:\/\/fonspitius.org\/wp-content\/uploads\/Recursos_ODS_2022-23.pdf\" target=\"_blank\" rel=\"noopener\">Objetivos de Desarrollo Sostenible (ODS)<\/a><\/li>\n<\/ul>\n<\/div><div class=\"fusion-clearfix\"><\/div><\/div><\/div><\/div><\/div>\n","protected":false},"excerpt":{"rendered":"","protected":false},"author":2,"featured_media":0,"parent":3451,"menu_order":4,"comment_status":"closed","ping_status":"closed","template":"","meta":{"_acf_changed":false,"footnotes":""},"class_list":["post-7844","page","type-page","status-publish","hentry"],"acf":[],"_links":{"self":[{"href":"https:\/\/fonspitius.org\/es\/wp-json\/wp\/v2\/pages\/7844","targetHints":{"allow":["GET"]}}],"collection":[{"href":"https:\/\/fonspitius.org\/es\/wp-json\/wp\/v2\/pages"}],"about":[{"href":"https:\/\/fonspitius.org\/es\/wp-json\/wp\/v2\/types\/page"}],"author":[{"embeddable":true,"href":"https:\/\/fonspitius.org\/es\/wp-json\/wp\/v2\/users\/2"}],"replies":[{"embeddable":true,"href":"https:\/\/fonspitius.org\/es\/wp-json\/wp\/v2\/comments?post=7844"}],"version-history":[{"count":2,"href":"https:\/\/fonspitius.org\/es\/wp-json\/wp\/v2\/pages\/7844\/revisions"}],"predecessor-version":[{"id":18309,"href":"https:\/\/fonspitius.org\/es\/wp-json\/wp\/v2\/pages\/7844\/revisions\/18309"}],"up":[{"embeddable":true,"href":"https:\/\/fonspitius.org\/es\/wp-json\/wp\/v2\/pages\/3451"}],"wp:attachment":[{"href":"https:\/\/fonspitius.org\/es\/wp-json\/wp\/v2\/media?parent=7844"}],"curies":[{"name":"wp","href":"https:\/\/api.w.org\/{rel}","templated":true}]}}