{"id":4081,"date":"2016-06-16T09:35:41","date_gmt":"2016-06-16T09:35:41","guid":{"rendered":"http:\/\/fonspitius.com.es\/es\/?page_id=4081"},"modified":"2026-08-24T11:32:04","modified_gmt":"2026-08-24T09:32:04","slug":"sensibilizacion-y-accion-social","status":"publish","type":"page","link":"https:\/\/fonspitius.org\/es\/educacion\/sensibilizacion-y-accion-social\/","title":{"rendered":"Sensibilizaci\u00f3n y acci\u00f3n social"},"content":{"rendered":"<div class=\"fusion-fullwidth fullwidth-box fusion-builder-row-1 hundred-percent-fullwidth non-hundred-percent-height-scrolling\" style=\"--awb-border-radius-top-left:0px;--awb-border-radius-top-right:0px;--awb-border-radius-bottom-right:0px;--awb-border-radius-bottom-left:0px;--awb-overflow:visible;--awb-flex-wrap:wrap;\" ><div class=\"fusion-builder-row fusion-row\"><div class=\"fusion-layout-column fusion_builder_column fusion-builder-column-0 fusion_builder_column_1_5 1_5 fusion-one-fifth fusion-column-first\" style=\"--awb-bg-size:cover;width:16.8%; margin-right: 4%;\"><div class=\"fusion-column-wrapper fusion-flex-column-wrapper-legacy\"><div class=\"fusion-widget-area awb-widget-area-element fusion-widget-area-1 fusion-content-widget-area\" style=\"--awb-title-size:18px;--awb-title-color:#00a1de;--awb-padding:0px 0px 0px 0px;\"><div id=\"nav_menu-9\" class=\"widget widget_nav_menu\" style=\"border-style: solid;border-color:transparent;border-width:0px;\"><div class=\"menu-sensibilitzacio-es-container\"><ul id=\"menu-sensibilitzacio-es\" class=\"menu\"><li id=\"menu-item-18282\" class=\"menu-item menu-item-type-post_type menu-item-object-page menu-item-has-children menu-item-18282\"><a href=\"https:\/\/fonspitius.org\/es\/educacion\/trabajo-con-comunidad-educativa\/\">Trabajo con comunidad educativa<\/a>\n<ul class=\"sub-menu\">\n\t<li id=\"menu-item-18348\" class=\"menu-item menu-item-type-post_type menu-item-object-page menu-item-18348\"><a href=\"https:\/\/fonspitius.org\/es\/educacion\/trabajo-con-comunidad-educativa\/infantil-y-primaria\/\">Infantil y primaria<\/a><\/li>\n\t<li id=\"menu-item-18875\" class=\"menu-item menu-item-type-post_type menu-item-object-page menu-item-18875\"><a href=\"https:\/\/fonspitius.org\/es\/educacion\/trabajo-con-comunidad-educativa\/secundaria-2\/\">Secundaria<\/a><\/li>\n<\/ul>\n<\/li>\n<li id=\"menu-item-18284\" class=\"menu-item menu-item-type-post_type menu-item-object-page menu-item-has-children menu-item-18284\"><a href=\"https:\/\/fonspitius.org\/es\/educacion\/sensibilizacion-y-accion-social\/\">Sensibilizaci\u00f3n y acci\u00f3n social<\/a>\n<ul class=\"sub-menu\">\n\t<li id=\"menu-item-18350\" class=\"menu-item menu-item-type-post_type menu-item-object-sensibilizacion menu-item-18350\"><a href=\"https:\/\/fonspitius.org\/es\/sensibilizacion\/2023-frente-al-racismo-y-la-xenofobia-actuamos\/\">Frente al racismo y la xenofobia, \u00a1actuamos!<\/a><\/li>\n\t<li id=\"menu-item-18351\" class=\"menu-item menu-item-type-post_type menu-item-object-page menu-item-18351\"><a href=\"https:\/\/fonspitius.org\/es\/educacion\/sensibilizacion-y-accion-social\/agua-que-compartimos\/\">El agua que compartimos<\/a><\/li>\n<\/ul>\n<\/li>\n<li id=\"menu-item-18352\" class=\"menu-item menu-item-type-post_type menu-item-object-page menu-item-18352\"><a href=\"https:\/\/fonspitius.org\/es\/educacion\/formacion\/\">Formaci\u00f3n<\/a><\/li>\n<li id=\"menu-item-18353\" class=\"menu-item menu-item-type-post_type menu-item-object-page menu-item-18353\"><a href=\"https:\/\/fonspitius.org\/es\/educacion\/proyectos\/\">Proyectos<\/a><\/li>\n<\/ul><\/div><\/div><div class=\"fusion-additional-widget-content\"><\/div><\/div><div class=\"fusion-clearfix\"><\/div><\/div><\/div><div class=\"fusion-layout-column fusion_builder_column fusion-builder-column-1 fusion_builder_column_4_5 4_5 fusion-four-fifth fusion-column-last\" style=\"--awb-bg-size:cover;width:79.2%;\"><div class=\"fusion-column-wrapper fusion-column-has-shadow fusion-flex-column-wrapper-legacy\"><div class=\"fusion-text fusion-text-1\" style=\"--awb-font-size:18px;--awb-line-height:1.5;--awb-letter-spacing:0.015em;--awb-text-font-family:&quot;Quicksand&quot;;--awb-text-font-style:normal;--awb-text-font-weight:500;\"><p style=\"text-align: justify;\">Las campa\u00f1as son para el Fons una herramienta m\u00e1s de EpTS, que pretende aumentar el alcance y la capacidad de incidencia de las actividades que realizamos m\u00e1s all\u00e1 del \u00e1mbito educativo. A trav\u00e9s de ellas, se organizan actividades en todos los municipios pitiusos, lo que potencia el arraigo del Fons al territorio y su nexo con todas las instituciones locales que son socias.<\/p>\n<p style=\"text-align: justify;\">Peri\u00f3dicamente la Asamblea escoge una tem\u00e1tica de campa\u00f1a, que ser\u00e1 tratada a partir de exposiciones, charlas, art\u00edculos en prensa, cursos u otras acciones destinadas a un p\u00fablico diverso en intereses, edad, \u00e1mbito profesional, etc.<\/p>\n<p>Actualmente est\u00e1n activas dos campa\u00f1as:<\/p>\n<ul>\n<li><a href=\"https:\/\/fonspitius.org\/es\/sensibilizacion\/2023-frente-al-racismo-y-la-xenofobia-actuamos\/\" target=\"_blank\" rel=\"noopener\">Frente al racismo y la xenofobia, \u00a1actuamos!<\/a><\/li>\n<li><a href=\"https:\/\/fonspitius.org\/es\/educacion\/sensibilizacion-y-accion-social\/agua-que-compartimos\/\" target=\"_blank\" rel=\"noopener\">El agua que compartimos.<\/a><\/li>\n<\/ul>\n<p>Si quer\u00e9is conocer las campa\u00f1as realizadas con anterioridad, pod\u00e9is consultar toda su informaci\u00f3n en el siguiente enlace: <a href=\"https:\/\/fonspitius.org\/es\/sensibilizacion\/campanas-anteriores\/\" target=\"_blank\" rel=\"noopener\">campa\u00f1as anteriores.<\/a><\/p>\n<\/div><div class=\"fusion-clearfix\"><\/div><\/div><\/div><\/div><\/div>\n","protected":false},"excerpt":{"rendered":"","protected":false},"author":2,"featured_media":0,"parent":3451,"menu_order":5,"comment_status":"closed","ping_status":"closed","template":"","meta":{"_acf_changed":false,"footnotes":""},"class_list":["post-4081","page","type-page","status-publish","hentry"],"acf":[],"_links":{"self":[{"href":"https:\/\/fonspitius.org\/es\/wp-json\/wp\/v2\/pages\/4081","targetHints":{"allow":["GET"]}}],"collection":[{"href":"https:\/\/fonspitius.org\/es\/wp-json\/wp\/v2\/pages"}],"about":[{"href":"https:\/\/fonspitius.org\/es\/wp-json\/wp\/v2\/types\/page"}],"author":[{"embeddable":true,"href":"https:\/\/fonspitius.org\/es\/wp-json\/wp\/v2\/users\/2"}],"replies":[{"embeddable":true,"href":"https:\/\/fonspitius.org\/es\/wp-json\/wp\/v2\/comments?post=4081"}],"version-history":[{"count":3,"href":"https:\/\/fonspitius.org\/es\/wp-json\/wp\/v2\/pages\/4081\/revisions"}],"predecessor-version":[{"id":18872,"href":"https:\/\/fonspitius.org\/es\/wp-json\/wp\/v2\/pages\/4081\/revisions\/18872"}],"up":[{"embeddable":true,"href":"https:\/\/fonspitius.org\/es\/wp-json\/wp\/v2\/pages\/3451"}],"wp:attachment":[{"href":"https:\/\/fonspitius.org\/es\/wp-json\/wp\/v2\/media?parent=4081"}],"curies":[{"name":"wp","href":"https:\/\/api.w.org\/{rel}","templated":true}]}}