{"id":18243,"date":"2026-07-24T14:04:45","date_gmt":"2026-07-24T12:04:45","guid":{"rendered":"https:\/\/fonspitius.org\/cooperacion\/proyectos-anteriores\/"},"modified":"2026-07-27T08:49:13","modified_gmt":"2026-07-27T06:49:13","slug":"proyectos-anteriores","status":"publish","type":"page","link":"https:\/\/fonspitius.org\/es\/cooperacion\/proyectos-anteriores\/","title":{"rendered":"Proyectos anteriores"},"content":{"rendered":"<div class=\"fusion-fullwidth fullwidth-box fusion-builder-row-1 hundred-percent-fullwidth non-hundred-percent-height-scrolling\" style=\"--awb-border-radius-top-left:0px;--awb-border-radius-top-right:0px;--awb-border-radius-bottom-right:0px;--awb-border-radius-bottom-left:0px;--awb-overflow:visible;--awb-flex-wrap:wrap;\" ><div class=\"fusion-builder-row fusion-row\"><div class=\"fusion-layout-column fusion_builder_column fusion-builder-column-0 fusion_builder_column_1_5 1_5 fusion-one-fifth fusion-column-first\" style=\"--awb-bg-size:cover;width:20%;width:calc(20% - ( ( 4% ) * 0.2 ) );margin-right: 4%;\"><div class=\"fusion-column-wrapper fusion-flex-column-wrapper-legacy\"><div class=\"fusion-widget-area awb-widget-area-element fusion-widget-area-1 fusion-content-widget-area\" style=\"--awb-title-size:18px;--awb-title-color:#00a1de;--awb-padding:0px 0px 0px 0px;\"><div id=\"nav_menu-17\" class=\"widget widget_nav_menu\" style=\"border-style: solid;border-color:transparent;border-width:0px;\"><div class=\"menu-cooperacio-ca-spanish-container\"><ul id=\"menu-cooperacio-ca-spanish\" class=\"menu\"><li id=\"menu-item-18354\" class=\"menu-item menu-item-type-post_type menu-item-object-page menu-item-18354\"><a href=\"https:\/\/fonspitius.org\/es\/cooperacion\/derechos-humanos-y-movilidad-humana\/\">Derechos humanos y movilidad humana<\/a><\/li>\n<li id=\"menu-item-18355\" class=\"menu-item menu-item-type-post_type menu-item-object-page menu-item-18355\"><a href=\"https:\/\/fonspitius.org\/es\/cooperacion\/sostenibilidad-medioambiental-y-recursos-naturales\/\">Sostenibilidad medioambiental y recursos naturales<\/a><\/li>\n<li id=\"menu-item-18356\" class=\"menu-item menu-item-type-post_type menu-item-object-page menu-item-18356\"><a href=\"https:\/\/fonspitius.org\/es\/cooperacion\/emergencia-y-accion-humanitaria\/\">Emergencia y acci\u00f3n humanitaria<\/a><\/li>\n<\/ul><\/div><\/div><div class=\"fusion-additional-widget-content\"><\/div><\/div><div class=\"fusion-clearfix\"><\/div><\/div><\/div><div class=\"fusion-layout-column fusion_builder_column fusion-builder-column-1 fusion_builder_column_4_5 4_5 fusion-four-fifth fusion-column-last\" style=\"--awb-bg-size:cover;width:80%;width:calc(80% - ( ( 4% ) * 0.8 ) );\"><div class=\"fusion-column-wrapper fusion-flex-column-wrapper-legacy\"><div class=\"fusion-text fusion-text-1\"><div class=\"fusion-portfolio fusion-portfolio-three fusion-portfolio-text gecko-proyectos\"><div class=\"fusion-portfolio-wrapper\" data-picturesize=\"auto\" data-pages=\"1\">            <div class=\"fusion-portfolio-post post-10965 fusion-image-grid fusion-one-third fusion-layout-column fusion-spacing-yes\" style=\"padding:10px;\">\n                <div class=\"fusion-column-wrapper\">\n                        <div  class=\"fusion-image-wrapper fusion-image-size-fixed\" aria-haspopup=\"true\">\n\t\t\t\t<img decoding=\"async\" width=\"310\" height=\"175\" src=\"https:\/\/fonspitius.org\/wp-content\/uploads\/Foto-formacion-sensibilizacion-familia-1-310x175.jpg\" class=\"attachment-listado-proyectos size-listado-proyectos wp-post-image\" alt=\"\" \/><div class=\"fusion-rollover\">\n\t<div class=\"fusion-rollover-content\">\n\n\t\t\t\t\t\t\t\t\t\t\t\t\t\t<a class=\"fusion-rollover-link\" href=\"https:\/\/fonspitius.org\/es\/proyectos\/canalizacion-de-agua-potable-en-singare-pame-formacion-y-prevencion-de-covid-19-a-traves-de-buenos-habitos-de-higiene-y-limpieza\/\">Canalizaci\u00f3n de agua potable en Singare Pame. Formaci\u00f3n y prevenci\u00f3n de Covid-19 a trav\u00e9s de buenos h\u00e1bitos de higiene y limpieza<\/a>\n\t\t\t\n\t\t\t\t\t\t\t\t\n\t\t\n\t\t\t\t\t\t\t\t\n\t\t\t\t\t\t\t\t\n\t\t\n\t\t\t\t\t\t<a class=\"fusion-link-wrapper\" href=\"https:\/\/fonspitius.org\/es\/proyectos\/canalizacion-de-agua-potable-en-singare-pame-formacion-y-prevencion-de-covid-19-a-traves-de-buenos-habitos-de-higiene-y-limpieza\/\" aria-label=\"Canalizaci\u00f3n de agua potable en Singare Pame. Formaci\u00f3n y prevenci\u00f3n de Covid-19 a trav\u00e9s de buenos h\u00e1bitos de higiene y limpieza\"><\/a>\n\t<\/div>\n<\/div>\n<\/div>\n                        <div class=\"fusion-portfolio-content\">\n                            <h2 class=\"entry-title fusion-post-title fusion-responsive-typography-calculated\" data-fontsize=\"16\" data-lineheight=\"26px\" style=\"--fontSize:16; line-height: 1.63; --minFontSize:16;\">\n                                <a href=\"https:\/\/fonspitius.org\/es\/proyectos\/canalizacion-de-agua-potable-en-singare-pame-formacion-y-prevencion-de-covid-19-a-traves-de-buenos-habitos-de-higiene-y-limpieza\/\">Canalizaci\u00f3n de agua potable en Singare Pame. Formaci\u00f3n y prevenci\u00f3n de Covid-19 a trav\u00e9s de buenos ...<\/a>\n                            <\/h2>\n                                                        <div class=\"gecko-proyecto-meta\">\n                                <span>2022<\/span>                                <span> \u00b7 Nepal<\/span>                            <\/div>\n                                                    <\/div>\n                <\/div>\n            <\/div>\n                        <div class=\"fusion-portfolio-post post-11979 fusion-image-grid fusion-one-third fusion-layout-column fusion-spacing-yes\" style=\"padding:10px;\">\n                <div class=\"fusion-column-wrapper\">\n                        <div  class=\"fusion-image-wrapper fusion-image-size-fixed\" aria-haspopup=\"true\">\n\t\t\t\t<img decoding=\"async\" width=\"310\" height=\"175\" src=\"https:\/\/fonspitius.org\/wp-content\/uploads\/21-310x175.jpeg\" class=\"attachment-listado-proyectos size-listado-proyectos wp-post-image\" alt=\"\" \/><div class=\"fusion-rollover\">\n\t<div class=\"fusion-rollover-content\">\n\n\t\t\t\t\t\t\t\t\t\t\t\t\t\t<a class=\"fusion-rollover-link\" href=\"https:\/\/fonspitius.org\/es\/proyectos\/avanzando-hacia-la-defensa-de-los-derechos-individuales-y-colectivos-de-4-comunidades-rurales-mayas-ixiles\/\">Avanzando hacia la defensa de los derechos individuales y colectivos de 4 comunidades rurales mayas ixiles<\/a>\n\t\t\t\n\t\t\t\t\t\t\t\t\n\t\t\n\t\t\t\t\t\t\t\t\n\t\t\t\t\t\t\t\t\n\t\t\n\t\t\t\t\t\t<a class=\"fusion-link-wrapper\" href=\"https:\/\/fonspitius.org\/es\/proyectos\/avanzando-hacia-la-defensa-de-los-derechos-individuales-y-colectivos-de-4-comunidades-rurales-mayas-ixiles\/\" aria-label=\"Avanzando hacia la defensa de los derechos individuales y colectivos de 4 comunidades rurales mayas ixiles\"><\/a>\n\t<\/div>\n<\/div>\n<\/div>\n                        <div class=\"fusion-portfolio-content\">\n                            <h2 class=\"entry-title fusion-post-title fusion-responsive-typography-calculated\" data-fontsize=\"16\" data-lineheight=\"26px\" style=\"--fontSize:16; line-height: 1.63; --minFontSize:16;\">\n                                <a href=\"https:\/\/fonspitius.org\/es\/proyectos\/avanzando-hacia-la-defensa-de-los-derechos-individuales-y-colectivos-de-4-comunidades-rurales-mayas-ixiles\/\">Avanzando hacia la defensa de los derechos individuales y colectivos de 4 comunidades rurales mayas ...<\/a>\n                            <\/h2>\n                                                        <div class=\"gecko-proyecto-meta\">\n                                <span>2022<\/span>                                <span> \u00b7 Guatemala<\/span>                            <\/div>\n                                                    <\/div>\n                <\/div>\n            <\/div>\n                        <div class=\"fusion-portfolio-post post-12109 fusion-image-grid fusion-one-third fusion-layout-column fusion-column-last fusion-spacing-yes\" style=\"padding:10px;\">\n                <div class=\"fusion-column-wrapper\">\n                        <div  class=\"fusion-image-wrapper fusion-image-size-fixed\" aria-haspopup=\"true\">\n\t\t\t\t<img decoding=\"async\" width=\"310\" height=\"175\" src=\"https:\/\/fonspitius.org\/wp-content\/uploads\/creu-roja_2021-310x175.png\" class=\"attachment-listado-proyectos size-listado-proyectos wp-post-image\" alt=\"\" \/><div class=\"fusion-rollover\">\n\t<div class=\"fusion-rollover-content\">\n\n\t\t\t\t\t\t\t\t\t\t\t\t\t\t<a class=\"fusion-rollover-link\" href=\"https:\/\/fonspitius.org\/es\/proyectos\/12109\/\">Fase II. Mitigaci\u00f3n del impacto de la pandemia COVID-19 en familias vulnerables de Coatepeque<\/a>\n\t\t\t\n\t\t\t\t\t\t\t\t\n\t\t\n\t\t\t\t\t\t\t\t\n\t\t\t\t\t\t\t\t\n\t\t\n\t\t\t\t\t\t<a class=\"fusion-link-wrapper\" href=\"https:\/\/fonspitius.org\/es\/proyectos\/12109\/\" aria-label=\"Fase II. Mitigaci\u00f3n del impacto de la pandemia COVID-19 en familias vulnerables de Coatepeque\"><\/a>\n\t<\/div>\n<\/div>\n<\/div>\n                        <div class=\"fusion-portfolio-content\">\n                            <h2 class=\"entry-title fusion-post-title fusion-responsive-typography-calculated\" data-fontsize=\"16\" data-lineheight=\"26px\" style=\"--fontSize:16; line-height: 1.63; --minFontSize:16;\">\n                                <a href=\"https:\/\/fonspitius.org\/es\/proyectos\/12109\/\">Fase II. Mitigaci\u00f3n del impacto de la pandemia COVID-19 en familias vulnerables de Coatepeque<\/a>\n                            <\/h2>\n                                                        <div class=\"gecko-proyecto-meta\">\n                                <span>2022<\/span>                                <span> \u00b7 Guatemala<\/span>                            <\/div>\n                                                    <\/div>\n                <\/div>\n            <\/div>\n            <div class=\"fusion-clearfix\"><\/div>            <div class=\"fusion-portfolio-post post-12319 fusion-image-grid fusion-one-third fusion-layout-column fusion-spacing-yes\" style=\"padding:10px;\">\n                <div class=\"fusion-column-wrapper\">\n                        <div  class=\"fusion-image-wrapper fusion-image-size-fixed\" aria-haspopup=\"true\">\n\t\t\t\t<img decoding=\"async\" width=\"310\" height=\"175\" src=\"https:\/\/fonspitius.org\/wp-content\/uploads\/Photo_01-310x175.jpg\" class=\"attachment-listado-proyectos size-listado-proyectos wp-post-image\" alt=\"\" \/><div class=\"fusion-rollover\">\n\t<div class=\"fusion-rollover-content\">\n\n\t\t\t\t\t\t\t\t\t\t\t\t\t\t<a class=\"fusion-rollover-link\" href=\"https:\/\/fonspitius.org\/es\/proyectos\/empoderamiento-socioeconomico-de-49-mujeres-rurales-y-fortalecimiento-de-las-organizaciones-comunitarias-de-base-feminizadas\/\">Empoderamiento socioecon\u00f3mico de 49 mujeres rurales y fortalecimiento de las organizaciones comunitarias de base feminizadas<\/a>\n\t\t\t\n\t\t\t\t\t\t\t\t\n\t\t\n\t\t\t\t\t\t\t\t\n\t\t\t\t\t\t\t\t\n\t\t\n\t\t\t\t\t\t<a class=\"fusion-link-wrapper\" href=\"https:\/\/fonspitius.org\/es\/proyectos\/empoderamiento-socioeconomico-de-49-mujeres-rurales-y-fortalecimiento-de-las-organizaciones-comunitarias-de-base-feminizadas\/\" aria-label=\"Empoderamiento socioecon\u00f3mico de 49 mujeres rurales y fortalecimiento de las organizaciones comunitarias de base feminizadas\"><\/a>\n\t<\/div>\n<\/div>\n<\/div>\n                        <div class=\"fusion-portfolio-content\">\n                            <h2 class=\"entry-title fusion-post-title fusion-responsive-typography-calculated\" data-fontsize=\"16\" data-lineheight=\"26px\" style=\"--fontSize:16; line-height: 1.63; --minFontSize:16;\">\n                                <a href=\"https:\/\/fonspitius.org\/es\/proyectos\/empoderamiento-socioeconomico-de-49-mujeres-rurales-y-fortalecimiento-de-las-organizaciones-comunitarias-de-base-feminizadas\/\">Empoderamiento socioecon\u00f3mico de 49 mujeres rurales y fortalecimiento de las organizaciones comunita...<\/a>\n                            <\/h2>\n                                                        <div class=\"gecko-proyecto-meta\">\n                                <span>2022<\/span>                                <span> \u00b7 India<\/span>                            <\/div>\n                                                    <\/div>\n                <\/div>\n            <\/div>\n                        <div class=\"fusion-portfolio-post post-12418 fusion-image-grid fusion-one-third fusion-layout-column fusion-spacing-yes\" style=\"padding:10px;\">\n                <div class=\"fusion-column-wrapper\">\n                        <div  class=\"fusion-image-wrapper fusion-image-size-fixed\" aria-haspopup=\"true\">\n\t\t\t\t<img decoding=\"async\" width=\"310\" height=\"175\" src=\"https:\/\/fonspitius.org\/wp-content\/uploads\/8.-Hagunia-310x175.jpg\" class=\"attachment-listado-proyectos size-listado-proyectos wp-post-image\" alt=\"\" \/><div class=\"fusion-rollover\">\n\t<div class=\"fusion-rollover-content\">\n\n\t\t\t\t\t\t\t\t\t\t\t\t\t\t<a class=\"fusion-rollover-link\" href=\"https:\/\/fonspitius.org\/es\/proyectos\/apoyo-al-programa-integral-de-salud-infantil-saharaui-2022-en-los-campamentos-de-refugiados-saharauis\/\">Apoyo al Programa Integral de Salud Infantil Saharaui 2022, en los campamentos de refugiados saharauis<\/a>\n\t\t\t\n\t\t\t\t\t\t\t\t\n\t\t\n\t\t\t\t\t\t\t\t\n\t\t\t\t\t\t\t\t\n\t\t\n\t\t\t\t\t\t<a class=\"fusion-link-wrapper\" href=\"https:\/\/fonspitius.org\/es\/proyectos\/apoyo-al-programa-integral-de-salud-infantil-saharaui-2022-en-los-campamentos-de-refugiados-saharauis\/\" aria-label=\"Apoyo al Programa Integral de Salud Infantil Saharaui 2022, en los campamentos de refugiados saharauis\"><\/a>\n\t<\/div>\n<\/div>\n<\/div>\n                        <div class=\"fusion-portfolio-content\">\n                            <h2 class=\"entry-title fusion-post-title fusion-responsive-typography-calculated\" data-fontsize=\"16\" data-lineheight=\"26px\" style=\"--fontSize:16; line-height: 1.63; --minFontSize:16;\">\n                                <a href=\"https:\/\/fonspitius.org\/es\/proyectos\/apoyo-al-programa-integral-de-salud-infantil-saharaui-2022-en-los-campamentos-de-refugiados-saharauis\/\">Apoyo al Programa Integral de Salud Infantil Saharaui 2022, en los campamentos de refugiados saharau...<\/a>\n                            <\/h2>\n                                                        <div class=\"gecko-proyecto-meta\">\n                                <span>2022<\/span>                                <span> \u00b7 Algeria<\/span>                            <\/div>\n                                                    <\/div>\n                <\/div>\n            <\/div>\n                        <div class=\"fusion-portfolio-post post-12434 fusion-image-grid fusion-one-third fusion-layout-column fusion-column-last fusion-spacing-yes\" style=\"padding:10px;\">\n                <div class=\"fusion-column-wrapper\">\n                        <div  class=\"fusion-image-wrapper fusion-image-size-fixed\" aria-haspopup=\"true\">\n\t\t\t\t<img decoding=\"async\" width=\"310\" height=\"175\" src=\"https:\/\/fonspitius.org\/wp-content\/uploads\/Apoio-Tecnico-Multisectorial-ATSC-AGS-310x175.jpg\" class=\"attachment-listado-proyectos size-listado-proyectos wp-post-image\" alt=\"\" \/><div class=\"fusion-rollover\">\n\t<div class=\"fusion-rollover-content\">\n\n\t\t\t\t\t\t\t\t\t\t\t\t\t\t<a class=\"fusion-rollover-link\" href=\"https:\/\/fonspitius.org\/es\/proyectos\/mejorar-el-acceso-a-los-servicios-de-vih-sida-adaptados-al-genero-entre-adolescentes-y-jovenes-2o-ano\/\">Mejorar el acceso a los servicios de VIH\/SIDA adaptados al g\u00e9nero entre adolescentes y j\u00f3venes. 2do a\u00f1o<\/a>\n\t\t\t\n\t\t\t\t\t\t\t\t\n\t\t\n\t\t\t\t\t\t\t\t\n\t\t\t\t\t\t\t\t\n\t\t\n\t\t\t\t\t\t<a class=\"fusion-link-wrapper\" href=\"https:\/\/fonspitius.org\/es\/proyectos\/mejorar-el-acceso-a-los-servicios-de-vih-sida-adaptados-al-genero-entre-adolescentes-y-jovenes-2o-ano\/\" aria-label=\"Mejorar el acceso a los servicios de VIH\/SIDA adaptados al g\u00e9nero entre adolescentes y j\u00f3venes. 2do a\u00f1o\"><\/a>\n\t<\/div>\n<\/div>\n<\/div>\n                        <div class=\"fusion-portfolio-content\">\n                            <h2 class=\"entry-title fusion-post-title fusion-responsive-typography-calculated\" data-fontsize=\"16\" data-lineheight=\"26px\" style=\"--fontSize:16; line-height: 1.63; --minFontSize:16;\">\n                                <a href=\"https:\/\/fonspitius.org\/es\/proyectos\/mejorar-el-acceso-a-los-servicios-de-vih-sida-adaptados-al-genero-entre-adolescentes-y-jovenes-2o-ano\/\">Mejorar el acceso a los servicios de VIH\/SIDA adaptados al g\u00e9nero entre adolescentes y j\u00f3venes. 2do ...<\/a>\n                            <\/h2>\n                                                        <div class=\"gecko-proyecto-meta\">\n                                <span>2022<\/span>                                <span> \u00b7 Mozambique<\/span>                            <\/div>\n                                                    <\/div>\n                <\/div>\n            <\/div>\n            <div class=\"fusion-clearfix\"><\/div>            <div class=\"fusion-portfolio-post post-12465 fusion-image-grid fusion-one-third fusion-layout-column fusion-spacing-yes\" style=\"padding:10px;\">\n                <div class=\"fusion-column-wrapper\">\n                        <div  class=\"fusion-image-wrapper fusion-image-size-fixed\" aria-haspopup=\"true\">\n\t\t\t\t<img decoding=\"async\" width=\"310\" height=\"175\" src=\"https:\/\/fonspitius.org\/wp-content\/uploads\/Prueba-de-bombeo-caudal-reducido--310x175.jpg\" class=\"attachment-listado-proyectos size-listado-proyectos wp-post-image\" alt=\"\" srcset=\"https:\/\/fonspitius.org\/wp-content\/uploads\/Prueba-de-bombeo-caudal-reducido--200x113.jpg 200w, https:\/\/fonspitius.org\/wp-content\/uploads\/Prueba-de-bombeo-caudal-reducido--300x169.jpg 300w, https:\/\/fonspitius.org\/wp-content\/uploads\/Prueba-de-bombeo-caudal-reducido--310x175.jpg 310w, https:\/\/fonspitius.org\/wp-content\/uploads\/Prueba-de-bombeo-caudal-reducido--400x225.jpg 400w, https:\/\/fonspitius.org\/wp-content\/uploads\/Prueba-de-bombeo-caudal-reducido--600x338.jpg 600w, https:\/\/fonspitius.org\/wp-content\/uploads\/Prueba-de-bombeo-caudal-reducido--800x450.jpg 800w, https:\/\/fonspitius.org\/wp-content\/uploads\/Prueba-de-bombeo-caudal-reducido--1024x576.jpg 1024w, https:\/\/fonspitius.org\/wp-content\/uploads\/Prueba-de-bombeo-caudal-reducido--1200x675.jpg 1200w, https:\/\/fonspitius.org\/wp-content\/uploads\/Prueba-de-bombeo-caudal-reducido--1536x864.jpg 1536w, https:\/\/fonspitius.org\/wp-content\/uploads\/Prueba-de-bombeo-caudal-reducido-.jpg 1920w\" sizes=\"(max-width: 310px) 100vw, 310px\" \/><div class=\"fusion-rollover\">\n\t<div class=\"fusion-rollover-content\">\n\n\t\t\t\t\t\t\t\t\t\t\t\t\t\t<a class=\"fusion-rollover-link\" href=\"https:\/\/fonspitius.org\/es\/proyectos\/disponibilidad-y-gestion-eficiente-del-agua-en-el-corredor-seco-del-municipio-de-palacaguina\/\">Disponibilidad y gesti\u00f3n eficiente del agua en el corredor seco del municipio de Palacag\u00fcina<\/a>\n\t\t\t\n\t\t\t\t\t\t\t\t\n\t\t\n\t\t\t\t\t\t\t\t\n\t\t\t\t\t\t\t\t\n\t\t\n\t\t\t\t\t\t<a class=\"fusion-link-wrapper\" href=\"https:\/\/fonspitius.org\/es\/proyectos\/disponibilidad-y-gestion-eficiente-del-agua-en-el-corredor-seco-del-municipio-de-palacaguina\/\" aria-label=\"Disponibilidad y gesti\u00f3n eficiente del agua en el corredor seco del municipio de Palacag\u00fcina\"><\/a>\n\t<\/div>\n<\/div>\n<\/div>\n                        <div class=\"fusion-portfolio-content\">\n                            <h2 class=\"entry-title fusion-post-title fusion-responsive-typography-calculated\" data-fontsize=\"16\" data-lineheight=\"26px\" style=\"--fontSize:16; line-height: 1.63; --minFontSize:16;\">\n                                <a href=\"https:\/\/fonspitius.org\/es\/proyectos\/disponibilidad-y-gestion-eficiente-del-agua-en-el-corredor-seco-del-municipio-de-palacaguina\/\">Disponibilidad y gesti\u00f3n eficiente del agua en el corredor seco del municipio de Palacag\u00fcina<\/a>\n                            <\/h2>\n                                                        <div class=\"gecko-proyecto-meta\">\n                                <span>2022<\/span>                                <span> \u00b7 Nicaragua<\/span>                            <\/div>\n                                                    <\/div>\n                <\/div>\n            <\/div>\n                        <div class=\"fusion-portfolio-post post-12475 fusion-image-grid fusion-one-third fusion-layout-column fusion-spacing-yes\" style=\"padding:10px;\">\n                <div class=\"fusion-column-wrapper\">\n                        <div  class=\"fusion-image-wrapper fusion-image-size-fixed\" aria-haspopup=\"true\">\n\t\t\t\t<img decoding=\"async\" width=\"310\" height=\"175\" src=\"https:\/\/fonspitius.org\/wp-content\/uploads\/Nivelacion-sitio-PP-El-Guaylo-2-310x175.jpg\" class=\"attachment-listado-proyectos size-listado-proyectos wp-post-image\" alt=\"\" srcset=\"https:\/\/fonspitius.org\/wp-content\/uploads\/Nivelacion-sitio-PP-El-Guaylo-2-200x113.jpg 200w, https:\/\/fonspitius.org\/wp-content\/uploads\/Nivelacion-sitio-PP-El-Guaylo-2-300x169.jpg 300w, https:\/\/fonspitius.org\/wp-content\/uploads\/Nivelacion-sitio-PP-El-Guaylo-2-310x175.jpg 310w, https:\/\/fonspitius.org\/wp-content\/uploads\/Nivelacion-sitio-PP-El-Guaylo-2-400x225.jpg 400w, https:\/\/fonspitius.org\/wp-content\/uploads\/Nivelacion-sitio-PP-El-Guaylo-2-600x338.jpg 600w, https:\/\/fonspitius.org\/wp-content\/uploads\/Nivelacion-sitio-PP-El-Guaylo-2-800x450.jpg 800w, https:\/\/fonspitius.org\/wp-content\/uploads\/Nivelacion-sitio-PP-El-Guaylo-2-1024x576.jpg 1024w, https:\/\/fonspitius.org\/wp-content\/uploads\/Nivelacion-sitio-PP-El-Guaylo-2-1200x675.jpg 1200w, https:\/\/fonspitius.org\/wp-content\/uploads\/Nivelacion-sitio-PP-El-Guaylo-2-1536x864.jpg 1536w, https:\/\/fonspitius.org\/wp-content\/uploads\/Nivelacion-sitio-PP-El-Guaylo-2.jpg 1920w\" sizes=\"(max-width: 310px) 100vw, 310px\" \/><div class=\"fusion-rollover\">\n\t<div class=\"fusion-rollover-content\">\n\n\t\t\t\t\t\t\t\t\t\t\t\t\t\t<a class=\"fusion-rollover-link\" href=\"https:\/\/fonspitius.org\/es\/proyectos\/acceso-disponibilidad-y-gestion-eficiente-al-agua-en-el-corredor-seco-del-municipio-de-san-lucas\/\">Acceso, disponibilidad y gesti\u00f3n eficiente al agua en el corredor seco del municipio de San Lucas<\/a>\n\t\t\t\n\t\t\t\t\t\t\t\t\n\t\t\n\t\t\t\t\t\t\t\t\n\t\t\t\t\t\t\t\t\n\t\t\n\t\t\t\t\t\t<a class=\"fusion-link-wrapper\" href=\"https:\/\/fonspitius.org\/es\/proyectos\/acceso-disponibilidad-y-gestion-eficiente-al-agua-en-el-corredor-seco-del-municipio-de-san-lucas\/\" aria-label=\"Acceso, disponibilidad y gesti\u00f3n eficiente al agua en el corredor seco del municipio de San Lucas\"><\/a>\n\t<\/div>\n<\/div>\n<\/div>\n                        <div class=\"fusion-portfolio-content\">\n                            <h2 class=\"entry-title fusion-post-title fusion-responsive-typography-calculated\" data-fontsize=\"16\" data-lineheight=\"26px\" style=\"--fontSize:16; line-height: 1.63; --minFontSize:16;\">\n                                <a href=\"https:\/\/fonspitius.org\/es\/proyectos\/acceso-disponibilidad-y-gestion-eficiente-al-agua-en-el-corredor-seco-del-municipio-de-san-lucas\/\">Acceso, disponibilidad y gesti\u00f3n eficiente al agua en el corredor seco del municipio de San Lucas<\/a>\n                            <\/h2>\n                                                        <div class=\"gecko-proyecto-meta\">\n                                <span>2022<\/span>                                <span> \u00b7 Nicaragua<\/span>                            <\/div>\n                                                    <\/div>\n                <\/div>\n            <\/div>\n                        <div class=\"fusion-portfolio-post post-12481 fusion-image-grid fusion-one-third fusion-layout-column fusion-column-last fusion-spacing-yes\" style=\"padding:10px;\">\n                <div class=\"fusion-column-wrapper\">\n                        <div  class=\"fusion-image-wrapper fusion-image-size-fixed\" aria-haspopup=\"true\">\n\t\t\t\t<img decoding=\"async\" width=\"310\" height=\"175\" src=\"https:\/\/fonspitius.org\/wp-content\/uploads\/Sin-titulo-310x175.png\" class=\"attachment-listado-proyectos size-listado-proyectos wp-post-image\" alt=\"\" \/><div class=\"fusion-rollover\">\n\t<div class=\"fusion-rollover-content\">\n\n\t\t\t\t\t\t\t\t\t\t\t\t\t\t<a class=\"fusion-rollover-link\" href=\"https:\/\/fonspitius.org\/es\/proyectos\/fortalecimiento-de-las-capacidades-productivas-de-las-familias-campesinas-con-el-protagonismo-de-2-organizaciones-de-mujeres\/\">Fortalecimiento de las capacidades productivas de las familias campesinas, con el protagonismo de 2 organizaciones de mujeres<\/a>\n\t\t\t\n\t\t\t\t\t\t\t\t\n\t\t\n\t\t\t\t\t\t\t\t\n\t\t\t\t\t\t\t\t\n\t\t\n\t\t\t\t\t\t<a class=\"fusion-link-wrapper\" href=\"https:\/\/fonspitius.org\/es\/proyectos\/fortalecimiento-de-las-capacidades-productivas-de-las-familias-campesinas-con-el-protagonismo-de-2-organizaciones-de-mujeres\/\" aria-label=\"Fortalecimiento de las capacidades productivas de las familias campesinas, con el protagonismo de 2 organizaciones de mujeres\"><\/a>\n\t<\/div>\n<\/div>\n<\/div>\n                        <div class=\"fusion-portfolio-content\">\n                            <h2 class=\"entry-title fusion-post-title fusion-responsive-typography-calculated\" data-fontsize=\"16\" data-lineheight=\"26px\" style=\"--fontSize:16; line-height: 1.63; --minFontSize:16;\">\n                                <a href=\"https:\/\/fonspitius.org\/es\/proyectos\/fortalecimiento-de-las-capacidades-productivas-de-las-familias-campesinas-con-el-protagonismo-de-2-organizaciones-de-mujeres\/\">Fortalecimiento de las capacidades productivas de las familias campesinas, con el protagonismo de 2 ...<\/a>\n                            <\/h2>\n                                                        <div class=\"gecko-proyecto-meta\">\n                                <span>2022<\/span>                                <span> \u00b7 El Salvador<\/span>                            <\/div>\n                                                    <\/div>\n                <\/div>\n            <\/div>\n            <div class=\"fusion-clearfix\"><\/div>            <div class=\"fusion-portfolio-post post-12489 fusion-image-grid fusion-one-third fusion-layout-column fusion-spacing-yes\" style=\"padding:10px;\">\n                <div class=\"fusion-column-wrapper\">\n                        <div  class=\"fusion-image-wrapper fusion-image-size-fixed\" aria-haspopup=\"true\">\n\t\t\t\t<img decoding=\"async\" width=\"310\" height=\"175\" src=\"https:\/\/fonspitius.org\/wp-content\/uploads\/Ecos_8-310x175.png\" class=\"attachment-listado-proyectos size-listado-proyectos wp-post-image\" alt=\"\" \/><div class=\"fusion-rollover\">\n\t<div class=\"fusion-rollover-content\">\n\n\t\t\t\t\t\t\t\t\t\t\t\t\t\t<a class=\"fusion-rollover-link\" href=\"https:\/\/fonspitius.org\/es\/proyectos\/fortalecida-la-articulacion-entre-organizaciones-locales-y-juntas-de-agua-del-norte-de-la-libertad-en-defensa-del-acuifero-de-san-juan-opico-y-la-exigibilidad-del-derecho-humano-al-agua\/\">Fortalecida la articulaci\u00f3n entre organizaciones locales y juntas de agua del norte de La Libertad en defensa del acu\u00edfero de San Juan Opico y la exigibilidad del derecho humano al agua<\/a>\n\t\t\t\n\t\t\t\t\t\t\t\t\n\t\t\n\t\t\t\t\t\t\t\t\n\t\t\t\t\t\t\t\t\n\t\t\n\t\t\t\t\t\t<a class=\"fusion-link-wrapper\" href=\"https:\/\/fonspitius.org\/es\/proyectos\/fortalecida-la-articulacion-entre-organizaciones-locales-y-juntas-de-agua-del-norte-de-la-libertad-en-defensa-del-acuifero-de-san-juan-opico-y-la-exigibilidad-del-derecho-humano-al-agua\/\" aria-label=\"Fortalecida la articulaci\u00f3n entre organizaciones locales y juntas de agua del norte de La Libertad en defensa del acu\u00edfero de San Juan Opico y la exigibilidad del derecho humano al agua\"><\/a>\n\t<\/div>\n<\/div>\n<\/div>\n                        <div class=\"fusion-portfolio-content\">\n                            <h2 class=\"entry-title fusion-post-title fusion-responsive-typography-calculated\" data-fontsize=\"16\" data-lineheight=\"26px\" style=\"--fontSize:16; line-height: 1.63; --minFontSize:16;\">\n                                <a href=\"https:\/\/fonspitius.org\/es\/proyectos\/fortalecida-la-articulacion-entre-organizaciones-locales-y-juntas-de-agua-del-norte-de-la-libertad-en-defensa-del-acuifero-de-san-juan-opico-y-la-exigibilidad-del-derecho-humano-al-agua\/\">Fortalecida la articulaci\u00f3n entre organizaciones locales y juntas de agua del norte de La Libertad e...<\/a>\n                            <\/h2>\n                                                        <div class=\"gecko-proyecto-meta\">\n                                <span>2022<\/span>                                <span> \u00b7 El Salvador<\/span>                            <\/div>\n                                                    <\/div>\n                <\/div>\n            <\/div>\n                        <div class=\"fusion-portfolio-post post-12496 fusion-image-grid fusion-one-third fusion-layout-column fusion-spacing-yes\" style=\"padding:10px;\">\n                <div class=\"fusion-column-wrapper\">\n                        <div  class=\"fusion-image-wrapper fusion-image-size-fixed\" aria-haspopup=\"true\">\n\t\t\t\t<img decoding=\"async\" width=\"310\" height=\"175\" src=\"https:\/\/fonspitius.org\/wp-content\/uploads\/Tecuilcan-2021_1-310x175.jpg\" class=\"attachment-listado-proyectos size-listado-proyectos wp-post-image\" alt=\"\" srcset=\"https:\/\/fonspitius.org\/wp-content\/uploads\/Tecuilcan-2021_1-200x113.jpg 200w, https:\/\/fonspitius.org\/wp-content\/uploads\/Tecuilcan-2021_1-300x169.jpg 300w, https:\/\/fonspitius.org\/wp-content\/uploads\/Tecuilcan-2021_1-310x175.jpg 310w, https:\/\/fonspitius.org\/wp-content\/uploads\/Tecuilcan-2021_1-400x225.jpg 400w, https:\/\/fonspitius.org\/wp-content\/uploads\/Tecuilcan-2021_1-600x338.jpg 600w, https:\/\/fonspitius.org\/wp-content\/uploads\/Tecuilcan-2021_1-800x450.jpg 800w, https:\/\/fonspitius.org\/wp-content\/uploads\/Tecuilcan-2021_1-1024x576.jpg 1024w, https:\/\/fonspitius.org\/wp-content\/uploads\/Tecuilcan-2021_1-1200x675.jpg 1200w, https:\/\/fonspitius.org\/wp-content\/uploads\/Tecuilcan-2021_1-1536x864.jpg 1536w\" sizes=\"(max-width: 310px) 100vw, 310px\" \/><div class=\"fusion-rollover\">\n\t<div class=\"fusion-rollover-content\">\n\n\t\t\t\t\t\t\t\t\t\t\t\t\t\t<a class=\"fusion-rollover-link\" href=\"https:\/\/fonspitius.org\/es\/proyectos\/apoyo-para-la-reinsercion-social-y-economica-de-mujeres-y-jovenes-en-estado-de-vulnerabilidad-por-causas-de-desastres-naturales-y-la-pandemia-covid-19\/\">Apoyo para la reinserci\u00f3n social y econ\u00f3mica de mujeres y j\u00f3venes en estado de vulnerabilidad por causas de desastres naturales y la pandemia Covid-19<\/a>\n\t\t\t\n\t\t\t\t\t\t\t\t\n\t\t\n\t\t\t\t\t\t\t\t\n\t\t\t\t\t\t\t\t\n\t\t\n\t\t\t\t\t\t<a class=\"fusion-link-wrapper\" href=\"https:\/\/fonspitius.org\/es\/proyectos\/apoyo-para-la-reinsercion-social-y-economica-de-mujeres-y-jovenes-en-estado-de-vulnerabilidad-por-causas-de-desastres-naturales-y-la-pandemia-covid-19\/\" aria-label=\"Apoyo para la reinserci\u00f3n social y econ\u00f3mica de mujeres y j\u00f3venes en estado de vulnerabilidad por causas de desastres naturales y la pandemia Covid-19\"><\/a>\n\t<\/div>\n<\/div>\n<\/div>\n                        <div class=\"fusion-portfolio-content\">\n                            <h2 class=\"entry-title fusion-post-title fusion-responsive-typography-calculated\" data-fontsize=\"16\" data-lineheight=\"26px\" style=\"--fontSize:16; line-height: 1.63; --minFontSize:16;\">\n                                <a href=\"https:\/\/fonspitius.org\/es\/proyectos\/apoyo-para-la-reinsercion-social-y-economica-de-mujeres-y-jovenes-en-estado-de-vulnerabilidad-por-causas-de-desastres-naturales-y-la-pandemia-covid-19\/\">Apoyo para la reinserci\u00f3n social y econ\u00f3mica de mujeres y j\u00f3venes en estado de vulnerabilidad por ca...<\/a>\n                            <\/h2>\n                                                        <div class=\"gecko-proyecto-meta\">\n                                <span>2022<\/span>                                <span> \u00b7 Nicaragua<\/span>                            <\/div>\n                                                    <\/div>\n                <\/div>\n            <\/div>\n                        <div class=\"fusion-portfolio-post post-12782 fusion-image-grid fusion-one-third fusion-layout-column fusion-column-last fusion-spacing-yes\" style=\"padding:10px;\">\n                <div class=\"fusion-column-wrapper\">\n                        <div  class=\"fusion-image-wrapper fusion-image-size-fixed\" aria-haspopup=\"true\">\n\t\t\t\t<img decoding=\"async\" width=\"310\" height=\"175\" src=\"https:\/\/fonspitius.org\/wp-content\/uploads\/Pr.-2022-548.-ACUA-emergencia-aigua-310x175.jpg\" class=\"attachment-listado-proyectos size-listado-proyectos wp-post-image\" alt=\"\" \/><div class=\"fusion-rollover\">\n\t<div class=\"fusion-rollover-content\">\n\n\t\t\t\t\t\t\t\t\t\t\t\t\t\t<a class=\"fusion-rollover-link\" href=\"https:\/\/fonspitius.org\/es\/proyectos\/asegurar-el-suministro-de-agua-para-el-consumo-humano-de-465-familias-del-canton-cangrejera-la-libertad-afectado-por-la-tormenta-tropical-julia\/\">Asegurar el suministro de agua para el consumo humano de 465 familias del Cant\u00f3n Cangrejera (La Libertad), afectado por la tormenta tropical Julia<\/a>\n\t\t\t\n\t\t\t\t\t\t\t\t\n\t\t\n\t\t\t\t\t\t\t\t\n\t\t\t\t\t\t\t\t\n\t\t\n\t\t\t\t\t\t<a class=\"fusion-link-wrapper\" href=\"https:\/\/fonspitius.org\/es\/proyectos\/asegurar-el-suministro-de-agua-para-el-consumo-humano-de-465-familias-del-canton-cangrejera-la-libertad-afectado-por-la-tormenta-tropical-julia\/\" aria-label=\"Asegurar el suministro de agua para el consumo humano de 465 familias del Cant\u00f3n Cangrejera (La Libertad), afectado por la tormenta tropical Julia\"><\/a>\n\t<\/div>\n<\/div>\n<\/div>\n                        <div class=\"fusion-portfolio-content\">\n                            <h2 class=\"entry-title fusion-post-title fusion-responsive-typography-calculated\" data-fontsize=\"16\" data-lineheight=\"26px\" style=\"--fontSize:16; line-height: 1.63; --minFontSize:16;\">\n                                <a href=\"https:\/\/fonspitius.org\/es\/proyectos\/asegurar-el-suministro-de-agua-para-el-consumo-humano-de-465-familias-del-canton-cangrejera-la-libertad-afectado-por-la-tormenta-tropical-julia\/\">Asegurar el suministro de agua para el consumo humano de 465 familias del Cant\u00f3n Cangrejera (La Libe...<\/a>\n                            <\/h2>\n                                                        <div class=\"gecko-proyecto-meta\">\n                                <span>2022<\/span>                                <span> \u00b7 El Salvador<\/span>                            <\/div>\n                                                    <\/div>\n                <\/div>\n            <\/div>\n            <div class=\"fusion-clearfix\"><\/div>            <div class=\"fusion-portfolio-post post-12786 fusion-image-grid fusion-one-third fusion-layout-column fusion-spacing-yes\" style=\"padding:10px;\">\n                <div class=\"fusion-column-wrapper\">\n                        <div  class=\"fusion-image-wrapper fusion-image-size-fixed\" aria-haspopup=\"true\">\n\t\t\t\t<img decoding=\"async\" width=\"310\" height=\"175\" src=\"https:\/\/fonspitius.org\/wp-content\/uploads\/IMG_20230310_151325-310x175.jpg\" class=\"attachment-listado-proyectos size-listado-proyectos wp-post-image\" alt=\"\" \/><div class=\"fusion-rollover\">\n\t<div class=\"fusion-rollover-content\">\n\n\t\t\t\t\t\t\t\t\t\t\t\t\t\t<a class=\"fusion-rollover-link\" href=\"https:\/\/fonspitius.org\/es\/proyectos\/apoyo-a-familias-vulnerables-de-el-salvador\/\">Apoyo a familias vulnerables de El Salvador<\/a>\n\t\t\t\n\t\t\t\t\t\t\t\t\n\t\t\n\t\t\t\t\t\t\t\t\n\t\t\t\t\t\t\t\t\n\t\t\n\t\t\t\t\t\t<a class=\"fusion-link-wrapper\" href=\"https:\/\/fonspitius.org\/es\/proyectos\/apoyo-a-familias-vulnerables-de-el-salvador\/\" aria-label=\"Apoyo a familias vulnerables de El Salvador\"><\/a>\n\t<\/div>\n<\/div>\n<\/div>\n                        <div class=\"fusion-portfolio-content\">\n                            <h2 class=\"entry-title fusion-post-title fusion-responsive-typography-calculated\" data-fontsize=\"16\" data-lineheight=\"26px\" style=\"--fontSize:16; line-height: 1.63; --minFontSize:16;\">\n                                <a href=\"https:\/\/fonspitius.org\/es\/proyectos\/apoyo-a-familias-vulnerables-de-el-salvador\/\">Apoyo a familias vulnerables de El Salvador<\/a>\n                            <\/h2>\n                                                        <div class=\"gecko-proyecto-meta\">\n                                <span>2022<\/span>                                <span> \u00b7 El Salvador<\/span>                            <\/div>\n                                                    <\/div>\n                <\/div>\n            <\/div>\n                        <div class=\"fusion-portfolio-post post-12796 fusion-image-grid fusion-one-third fusion-layout-column fusion-spacing-yes\" style=\"padding:10px;\">\n                <div class=\"fusion-column-wrapper\">\n                        <div  class=\"fusion-image-wrapper fusion-image-size-fixed\" aria-haspopup=\"true\">\n\t\t\t\t<img decoding=\"async\" width=\"310\" height=\"175\" src=\"https:\/\/fonspitius.org\/wp-content\/uploads\/capacitacion-EPI-310x175.jpg\" class=\"attachment-listado-proyectos size-listado-proyectos wp-post-image\" alt=\"\" \/><div class=\"fusion-rollover\">\n\t<div class=\"fusion-rollover-content\">\n\n\t\t\t\t\t\t\t\t\t\t\t\t\t\t<a class=\"fusion-rollover-link\" href=\"https:\/\/fonspitius.org\/es\/proyectos\/promoviendo-la-participacion-hacia-una-educacion-equitativa-y-de-calidad-en-san-lucas-y-palacaguina\/\">Promoviendo la participaci\u00f3n hacia una educaci\u00f3n equitativa y de calidad en San Lucas y Palacag\u00fcina<\/a>\n\t\t\t\n\t\t\t\t\t\t\t\t\n\t\t\n\t\t\t\t\t\t\t\t\n\t\t\t\t\t\t\t\t\n\t\t\n\t\t\t\t\t\t<a class=\"fusion-link-wrapper\" href=\"https:\/\/fonspitius.org\/es\/proyectos\/promoviendo-la-participacion-hacia-una-educacion-equitativa-y-de-calidad-en-san-lucas-y-palacaguina\/\" aria-label=\"Promoviendo la participaci\u00f3n hacia una educaci\u00f3n equitativa y de calidad en San Lucas y Palacag\u00fcina\"><\/a>\n\t<\/div>\n<\/div>\n<\/div>\n                        <div class=\"fusion-portfolio-content\">\n                            <h2 class=\"entry-title fusion-post-title fusion-responsive-typography-calculated\" data-fontsize=\"16\" data-lineheight=\"26px\" style=\"--fontSize:16; line-height: 1.63; --minFontSize:16;\">\n                                <a href=\"https:\/\/fonspitius.org\/es\/proyectos\/promoviendo-la-participacion-hacia-una-educacion-equitativa-y-de-calidad-en-san-lucas-y-palacaguina\/\">Promoviendo la participaci\u00f3n hacia una educaci\u00f3n equitativa y de calidad en San Lucas y Palacag\u00fcina<\/a>\n                            <\/h2>\n                                                        <div class=\"gecko-proyecto-meta\">\n                                <span>2022<\/span>                                <span> \u00b7 Nicaragua<\/span>                            <\/div>\n                                                    <\/div>\n                <\/div>\n            <\/div>\n                        <div class=\"fusion-portfolio-post post-12975 fusion-image-grid fusion-one-third fusion-layout-column fusion-column-last fusion-spacing-yes\" style=\"padding:10px;\">\n                <div class=\"fusion-column-wrapper\">\n                        <div  class=\"fusion-image-wrapper fusion-image-size-fixed\" aria-haspopup=\"true\">\n\t\t\t\t<img decoding=\"async\" width=\"310\" height=\"175\" src=\"https:\/\/fonspitius.org\/wp-content\/uploads\/55922-6-310x175.jpg\" class=\"attachment-listado-proyectos size-listado-proyectos wp-post-image\" alt=\"\" srcset=\"https:\/\/fonspitius.org\/wp-content\/uploads\/55922-6-200x113.jpg 200w, https:\/\/fonspitius.org\/wp-content\/uploads\/55922-6-300x169.jpg 300w, https:\/\/fonspitius.org\/wp-content\/uploads\/55922-6-310x175.jpg 310w, https:\/\/fonspitius.org\/wp-content\/uploads\/55922-6-400x225.jpg 400w, https:\/\/fonspitius.org\/wp-content\/uploads\/55922-6-600x338.jpg 600w, https:\/\/fonspitius.org\/wp-content\/uploads\/55922-6-800x450.jpg 800w, https:\/\/fonspitius.org\/wp-content\/uploads\/55922-6-1024x576.jpg 1024w, https:\/\/fonspitius.org\/wp-content\/uploads\/55922-6.jpg 1032w\" sizes=\"(max-width: 310px) 100vw, 310px\" \/><div class=\"fusion-rollover\">\n\t<div class=\"fusion-rollover-content\">\n\n\t\t\t\t\t\t\t\t\t\t\t\t\t\t<a class=\"fusion-rollover-link\" href=\"https:\/\/fonspitius.org\/es\/proyectos\/ayuda-alimentaria-de-emergencia-para-la-poblacion-de-los-campamentos-de-refugiados-saharauis-de-tindouf\/\">Ayuda alimentaria de emergencia para la poblaci\u00f3n de los campamentos de refugiados saharauis de Tindouf<\/a>\n\t\t\t\n\t\t\t\t\t\t\t\t\n\t\t\n\t\t\t\t\t\t\t\t\n\t\t\t\t\t\t\t\t\n\t\t\n\t\t\t\t\t\t<a class=\"fusion-link-wrapper\" href=\"https:\/\/fonspitius.org\/es\/proyectos\/ayuda-alimentaria-de-emergencia-para-la-poblacion-de-los-campamentos-de-refugiados-saharauis-de-tindouf\/\" aria-label=\"Ayuda alimentaria de emergencia para la poblaci\u00f3n de los campamentos de refugiados saharauis de Tindouf\"><\/a>\n\t<\/div>\n<\/div>\n<\/div>\n                        <div class=\"fusion-portfolio-content\">\n                            <h2 class=\"entry-title fusion-post-title fusion-responsive-typography-calculated\" data-fontsize=\"16\" data-lineheight=\"26px\" style=\"--fontSize:16; line-height: 1.63; --minFontSize:16;\">\n                                <a href=\"https:\/\/fonspitius.org\/es\/proyectos\/ayuda-alimentaria-de-emergencia-para-la-poblacion-de-los-campamentos-de-refugiados-saharauis-de-tindouf\/\">Ayuda alimentaria de emergencia para la poblaci\u00f3n de los campamentos de refugiados saharauis de Tind...<\/a>\n                            <\/h2>\n                                                        <div class=\"gecko-proyecto-meta\">\n                                <span>2022<\/span>                                <span> \u00b7 Algeria<\/span>                            <\/div>\n                                                    <\/div>\n                <\/div>\n            <\/div>\n            <div class=\"fusion-clearfix\"><\/div>            <div class=\"fusion-portfolio-post post-12979 fusion-image-grid fusion-one-third fusion-layout-column fusion-spacing-yes\" style=\"padding:10px;\">\n                <div class=\"fusion-column-wrapper\">\n                        <div  class=\"fusion-image-wrapper fusion-image-size-fixed\" aria-haspopup=\"true\">\n\t\t\t\t<img decoding=\"async\" width=\"310\" height=\"175\" src=\"https:\/\/fonspitius.org\/wp-content\/uploads\/FonsPitius23institucions-6-310x175.jpg\" class=\"attachment-listado-proyectos size-listado-proyectos wp-post-image\" alt=\"\" \/><div class=\"fusion-rollover\">\n\t<div class=\"fusion-rollover-content\">\n\n\t\t\t\t\t\t\t\t\t\t\t\t\t\t<a class=\"fusion-rollover-link\" href=\"https:\/\/fonspitius.org\/es\/proyectos\/ayuda-alimentaria-de-emergencia-para-instituciones-publicas-de-los-campamentos-de-refugiados-saharauis-de-tindouf\/\">Ayuda alimentaria de emergencia para instituciones p\u00fablicas de los campamentos de refugiados saharauis de Tindouf<\/a>\n\t\t\t\n\t\t\t\t\t\t\t\t\n\t\t\n\t\t\t\t\t\t\t\t\n\t\t\t\t\t\t\t\t\n\t\t\n\t\t\t\t\t\t<a class=\"fusion-link-wrapper\" href=\"https:\/\/fonspitius.org\/es\/proyectos\/ayuda-alimentaria-de-emergencia-para-instituciones-publicas-de-los-campamentos-de-refugiados-saharauis-de-tindouf\/\" aria-label=\"Ayuda alimentaria de emergencia para instituciones p\u00fablicas de los campamentos de refugiados saharauis de Tindouf\"><\/a>\n\t<\/div>\n<\/div>\n<\/div>\n                        <div class=\"fusion-portfolio-content\">\n                            <h2 class=\"entry-title fusion-post-title fusion-responsive-typography-calculated\" data-fontsize=\"16\" data-lineheight=\"26px\" style=\"--fontSize:16; line-height: 1.63; --minFontSize:16;\">\n                                <a href=\"https:\/\/fonspitius.org\/es\/proyectos\/ayuda-alimentaria-de-emergencia-para-instituciones-publicas-de-los-campamentos-de-refugiados-saharauis-de-tindouf\/\">Ayuda alimentaria de emergencia para instituciones p\u00fablicas de los campamentos de refugiados saharau...<\/a>\n                            <\/h2>\n                                                        <div class=\"gecko-proyecto-meta\">\n                                <span>2022<\/span>                                <span> \u00b7 Algeria<\/span>                            <\/div>\n                                                    <\/div>\n                <\/div>\n            <\/div>\n                        <div class=\"fusion-portfolio-post post-13208 fusion-image-grid fusion-one-third fusion-layout-column fusion-spacing-yes\" style=\"padding:10px;\">\n                <div class=\"fusion-column-wrapper\">\n                        <div  class=\"fusion-image-wrapper fusion-image-size-fixed\" aria-haspopup=\"true\">\n\t\t\t\t<img decoding=\"async\" width=\"310\" height=\"175\" src=\"https:\/\/fonspitius.org\/wp-content\/uploads\/Emergencies_Ucraina_1-310x175.jpg\" class=\"attachment-listado-proyectos size-listado-proyectos wp-post-image\" alt=\"\" \/><div class=\"fusion-rollover\">\n\t<div class=\"fusion-rollover-content\">\n\n\t\t\t\t\t\t\t\t\t\t\t\t\t\t<a class=\"fusion-rollover-link\" href=\"https:\/\/fonspitius.org\/es\/proyectos\/13208\/\">Ayuda humanitaria para las personas desplazadas internas de Mari\u00fapol<\/a>\n\t\t\t\n\t\t\t\t\t\t\t\t\n\t\t\n\t\t\t\t\t\t\t\t\n\t\t\t\t\t\t\t\t\n\t\t\n\t\t\t\t\t\t<a class=\"fusion-link-wrapper\" href=\"https:\/\/fonspitius.org\/es\/proyectos\/13208\/\" aria-label=\"Ayuda humanitaria para las personas desplazadas internas de Mari\u00fapol\"><\/a>\n\t<\/div>\n<\/div>\n<\/div>\n                        <div class=\"fusion-portfolio-content\">\n                            <h2 class=\"entry-title fusion-post-title fusion-responsive-typography-calculated\" data-fontsize=\"16\" data-lineheight=\"26px\" style=\"--fontSize:16; line-height: 1.63; --minFontSize:16;\">\n                                <a href=\"https:\/\/fonspitius.org\/es\/proyectos\/13208\/\">Ayuda humanitaria para las personas desplazadas internas de Mari\u00fapol<\/a>\n                            <\/h2>\n                                                        <div class=\"gecko-proyecto-meta\">\n                                <span>2022<\/span>                                                            <\/div>\n                                                    <\/div>\n                <\/div>\n            <\/div>\n                        <div class=\"fusion-portfolio-post post-13214 fusion-image-grid fusion-one-third fusion-layout-column fusion-column-last fusion-spacing-yes\" style=\"padding:10px;\">\n                <div class=\"fusion-column-wrapper\">\n                        <div  class=\"fusion-image-wrapper fusion-image-size-fixed\" aria-haspopup=\"true\">\n\t\t\t\t<img decoding=\"async\" width=\"310\" height=\"175\" src=\"https:\/\/fonspitius.org\/wp-content\/uploads\/Emergencies_Ucraina_2-310x175.jpg\" class=\"attachment-listado-proyectos size-listado-proyectos wp-post-image\" alt=\"\" \/><div class=\"fusion-rollover\">\n\t<div class=\"fusion-rollover-content\">\n\n\t\t\t\t\t\t\t\t\t\t\t\t\t\t<a class=\"fusion-rollover-link\" href=\"https:\/\/fonspitius.org\/es\/proyectos\/13214\/\">Ayuda humanitaria para la poblaci\u00f3n de la ciudad ucraniana de Dnipro<\/a>\n\t\t\t\n\t\t\t\t\t\t\t\t\n\t\t\n\t\t\t\t\t\t\t\t\n\t\t\t\t\t\t\t\t\n\t\t\n\t\t\t\t\t\t<a class=\"fusion-link-wrapper\" href=\"https:\/\/fonspitius.org\/es\/proyectos\/13214\/\" aria-label=\"Ayuda humanitaria para la poblaci\u00f3n de la ciudad ucraniana de Dnipro\"><\/a>\n\t<\/div>\n<\/div>\n<\/div>\n                        <div class=\"fusion-portfolio-content\">\n                            <h2 class=\"entry-title fusion-post-title fusion-responsive-typography-calculated\" data-fontsize=\"16\" data-lineheight=\"26px\" style=\"--fontSize:16; line-height: 1.63; --minFontSize:16;\">\n                                <a href=\"https:\/\/fonspitius.org\/es\/proyectos\/13214\/\">Ayuda humanitaria para la poblaci\u00f3n de la ciudad ucraniana de Dnipro<\/a>\n                            <\/h2>\n                                                        <div class=\"gecko-proyecto-meta\">\n                                <span>2022<\/span>                                                            <\/div>\n                                                    <\/div>\n                <\/div>\n            <\/div>\n            <div class=\"fusion-clearfix\"><\/div>            <div class=\"fusion-portfolio-post post-9990 fusion-image-grid fusion-one-third fusion-layout-column fusion-spacing-yes\" style=\"padding:10px;\">\n                <div class=\"fusion-column-wrapper\">\n                        <div  class=\"fusion-image-wrapper fusion-image-size-fixed\" aria-haspopup=\"true\">\n\t\t\t\t<img decoding=\"async\" width=\"310\" height=\"175\" src=\"https:\/\/fonspitius.org\/wp-content\/uploads\/creuroja2021-1-310x175.png\" class=\"attachment-listado-proyectos size-listado-proyectos wp-post-image\" alt=\"\" \/><div class=\"fusion-rollover\">\n\t<div class=\"fusion-rollover-content\">\n\n\t\t\t\t\t\t\t\t\t\t\t\t\t\t<a class=\"fusion-rollover-link\" href=\"https:\/\/fonspitius.org\/es\/proyectos\/mitigacion-del-impacto-de-la-covid-19-en-familias-vulnerables-de-coatepeque\/\">Mitigaci\u00f3n del impacto de la Covid-19 en familias vulnerables de Coatepeque<\/a>\n\t\t\t\n\t\t\t\t\t\t\t\t\n\t\t\n\t\t\t\t\t\t\t\t\n\t\t\t\t\t\t\t\t\n\t\t\n\t\t\t\t\t\t<a class=\"fusion-link-wrapper\" href=\"https:\/\/fonspitius.org\/es\/proyectos\/mitigacion-del-impacto-de-la-covid-19-en-familias-vulnerables-de-coatepeque\/\" aria-label=\"Mitigaci\u00f3n del impacto de la Covid-19 en familias vulnerables de Coatepeque\"><\/a>\n\t<\/div>\n<\/div>\n<\/div>\n                        <div class=\"fusion-portfolio-content\">\n                            <h2 class=\"entry-title fusion-post-title fusion-responsive-typography-calculated\" data-fontsize=\"16\" data-lineheight=\"26px\" style=\"--fontSize:16; line-height: 1.63; --minFontSize:16;\">\n                                <a href=\"https:\/\/fonspitius.org\/es\/proyectos\/mitigacion-del-impacto-de-la-covid-19-en-familias-vulnerables-de-coatepeque\/\">Mitigaci\u00f3n del impacto de la Covid-19 en familias vulnerables de Coatepeque<\/a>\n                            <\/h2>\n                                                        <div class=\"gecko-proyecto-meta\">\n                                <span>2021<\/span>                                <span> \u00b7 Guatemala<\/span>                            <\/div>\n                                                    <\/div>\n                <\/div>\n            <\/div>\n                        <div class=\"fusion-portfolio-post post-10003 fusion-image-grid fusion-one-third fusion-layout-column fusion-spacing-yes\" style=\"padding:10px;\">\n                <div class=\"fusion-column-wrapper\">\n                        <div  class=\"fusion-image-wrapper fusion-image-size-fixed\" aria-haspopup=\"true\">\n\t\t\t\t<img decoding=\"async\" width=\"310\" height=\"175\" src=\"https:\/\/fonspitius.org\/wp-content\/uploads\/Construcion-toma-de-agua-2.a-310x175.jpg\" class=\"attachment-listado-proyectos size-listado-proyectos wp-post-image\" alt=\"\" \/><div class=\"fusion-rollover\">\n\t<div class=\"fusion-rollover-content\">\n\n\t\t\t\t\t\t\t\t\t\t\t\t\t\t<a class=\"fusion-rollover-link\" href=\"https:\/\/fonspitius.org\/es\/proyectos\/canalizacion-de-agua-potable-en-el-pueblo-de-kohelipani-dawa-formacion-y-prevencion-covid-19\/\">Canalizaci\u00f3n de agua potable en el pueblo de Kohelipani Dawa. Formaci\u00f3n y prevenci\u00f3n Covid-19<\/a>\n\t\t\t\n\t\t\t\t\t\t\t\t\n\t\t\n\t\t\t\t\t\t\t\t\n\t\t\t\t\t\t\t\t\n\t\t\n\t\t\t\t\t\t<a class=\"fusion-link-wrapper\" href=\"https:\/\/fonspitius.org\/es\/proyectos\/canalizacion-de-agua-potable-en-el-pueblo-de-kohelipani-dawa-formacion-y-prevencion-covid-19\/\" aria-label=\"Canalizaci\u00f3n de agua potable en el pueblo de Kohelipani Dawa. Formaci\u00f3n y prevenci\u00f3n Covid-19\"><\/a>\n\t<\/div>\n<\/div>\n<\/div>\n                        <div class=\"fusion-portfolio-content\">\n                            <h2 class=\"entry-title fusion-post-title fusion-responsive-typography-calculated\" data-fontsize=\"16\" data-lineheight=\"26px\" style=\"--fontSize:16; line-height: 1.63; --minFontSize:16;\">\n                                <a href=\"https:\/\/fonspitius.org\/es\/proyectos\/canalizacion-de-agua-potable-en-el-pueblo-de-kohelipani-dawa-formacion-y-prevencion-covid-19\/\">Canalizaci\u00f3n de agua potable en el pueblo de Kohelipani Dawa. Formaci\u00f3n y prevenci\u00f3n Covid-19<\/a>\n                            <\/h2>\n                                                        <div class=\"gecko-proyecto-meta\">\n                                <span>2021<\/span>                                <span> \u00b7 Nepal<\/span>                            <\/div>\n                                                    <\/div>\n                <\/div>\n            <\/div>\n                        <div class=\"fusion-portfolio-post post-10012 fusion-image-grid fusion-one-third fusion-layout-column fusion-column-last fusion-spacing-yes\" style=\"padding:10px;\">\n                <div class=\"fusion-column-wrapper\">\n                        <div  class=\"fusion-image-wrapper fusion-image-size-fixed\" aria-haspopup=\"true\">\n\t\t\t\t<img decoding=\"async\" width=\"310\" height=\"175\" src=\"https:\/\/fonspitius.org\/wp-content\/uploads\/web-310x175.jpg\" class=\"attachment-listado-proyectos size-listado-proyectos wp-post-image\" alt=\"\" \/><div class=\"fusion-rollover\">\n\t<div class=\"fusion-rollover-content\">\n\n\t\t\t\t\t\t\t\t\t\t\t\t\t\t<a class=\"fusion-rollover-link\" href=\"https:\/\/fonspitius.org\/es\/proyectos\/fortalecimiento-de-los-servicios-de-vih-sida-para-adolescentes-en-la-ciudad-de-beira\/\">Fortalecimiento de los servicios de VIH\/SIDA para adolescentes en la ciudad de Beira<\/a>\n\t\t\t\n\t\t\t\t\t\t\t\t\n\t\t\n\t\t\t\t\t\t\t\t\n\t\t\t\t\t\t\t\t\n\t\t\n\t\t\t\t\t\t<a class=\"fusion-link-wrapper\" href=\"https:\/\/fonspitius.org\/es\/proyectos\/fortalecimiento-de-los-servicios-de-vih-sida-para-adolescentes-en-la-ciudad-de-beira\/\" aria-label=\"Fortalecimiento de los servicios de VIH\/SIDA para adolescentes en la ciudad de Beira\"><\/a>\n\t<\/div>\n<\/div>\n<\/div>\n                        <div class=\"fusion-portfolio-content\">\n                            <h2 class=\"entry-title fusion-post-title fusion-responsive-typography-calculated\" data-fontsize=\"16\" data-lineheight=\"26px\" style=\"--fontSize:16; line-height: 1.63; --minFontSize:16;\">\n                                <a href=\"https:\/\/fonspitius.org\/es\/proyectos\/fortalecimiento-de-los-servicios-de-vih-sida-para-adolescentes-en-la-ciudad-de-beira\/\">Fortalecimiento de los servicios de VIH\/SIDA para adolescentes en la ciudad de Beira<\/a>\n                            <\/h2>\n                                                        <div class=\"gecko-proyecto-meta\">\n                                <span>2021<\/span>                                <span> \u00b7 Mozambique<\/span>                            <\/div>\n                                                    <\/div>\n                <\/div>\n            <\/div>\n            <div class=\"fusion-clearfix\"><\/div>            <div class=\"fusion-portfolio-post post-10016 fusion-image-grid fusion-one-third fusion-layout-column fusion-spacing-yes\" style=\"padding:10px;\">\n                <div class=\"fusion-column-wrapper\">\n                        <div  class=\"fusion-image-wrapper fusion-image-size-fixed\" aria-haspopup=\"true\">\n\t\t\t\t<img decoding=\"async\" width=\"310\" height=\"175\" src=\"https:\/\/fonspitius.org\/wp-content\/uploads\/20190717_145348-310x175.jpg\" class=\"attachment-listado-proyectos size-listado-proyectos wp-post-image\" alt=\"\" \/><div class=\"fusion-rollover\">\n\t<div class=\"fusion-rollover-content\">\n\n\t\t\t\t\t\t\t\t\t\t\t\t\t\t<a class=\"fusion-rollover-link\" href=\"https:\/\/fonspitius.org\/es\/proyectos\/avanzando-hacia-la-defensa-de-los-derechos-individuales-y-colectivos-en-4-comunidades-mayas-ixiles-rurales\/\">Avanzando hacia la defensa de los derechos individuales y colectivos en 4 comunidades mayas ixiles rurales<\/a>\n\t\t\t\n\t\t\t\t\t\t\t\t\n\t\t\n\t\t\t\t\t\t\t\t\n\t\t\t\t\t\t\t\t\n\t\t\n\t\t\t\t\t\t<a class=\"fusion-link-wrapper\" href=\"https:\/\/fonspitius.org\/es\/proyectos\/avanzando-hacia-la-defensa-de-los-derechos-individuales-y-colectivos-en-4-comunidades-mayas-ixiles-rurales\/\" aria-label=\"Avanzando hacia la defensa de los derechos individuales y colectivos en 4 comunidades mayas ixiles rurales\"><\/a>\n\t<\/div>\n<\/div>\n<\/div>\n                        <div class=\"fusion-portfolio-content\">\n                            <h2 class=\"entry-title fusion-post-title fusion-responsive-typography-calculated\" data-fontsize=\"16\" data-lineheight=\"26px\" style=\"--fontSize:16; line-height: 1.63; --minFontSize:16;\">\n                                <a href=\"https:\/\/fonspitius.org\/es\/proyectos\/avanzando-hacia-la-defensa-de-los-derechos-individuales-y-colectivos-en-4-comunidades-mayas-ixiles-rurales\/\">Avanzando hacia la defensa de los derechos individuales y colectivos en 4 comunidades mayas ixiles r...<\/a>\n                            <\/h2>\n                                                        <div class=\"gecko-proyecto-meta\">\n                                <span>2021<\/span>                                <span> \u00b7 Guatemala<\/span>                            <\/div>\n                                                    <\/div>\n                <\/div>\n            <\/div>\n                        <div class=\"fusion-portfolio-post post-10020 fusion-image-grid fusion-one-third fusion-layout-column fusion-spacing-yes\" style=\"padding:10px;\">\n                <div class=\"fusion-column-wrapper\">\n                        <div  class=\"fusion-image-wrapper fusion-image-size-fixed\" aria-haspopup=\"true\">\n\t\t\t\t<img decoding=\"async\" width=\"310\" height=\"175\" src=\"https:\/\/fonspitius.org\/wp-content\/uploads\/73-310x175.jpg\" class=\"attachment-listado-proyectos size-listado-proyectos wp-post-image\" alt=\"\" \/><div class=\"fusion-rollover\">\n\t<div class=\"fusion-rollover-content\">\n\n\t\t\t\t\t\t\t\t\t\t\t\t\t\t<a class=\"fusion-rollover-link\" href=\"https:\/\/fonspitius.org\/es\/proyectos\/familias-de-ancon-y-puente-piedra-se-organizan-y-articulan-esfuerzos-para-afirmar-la-vida-y-la-esperanza-frente-a-la-crisis-sanitaria\/\">Familias de Anc\u00f3n y Puente Piedra se organizan y articulan esfuerzos para afirmar la vida y la esperanza frente a la crisis sanitaria<\/a>\n\t\t\t\n\t\t\t\t\t\t\t\t\n\t\t\n\t\t\t\t\t\t\t\t\n\t\t\t\t\t\t\t\t\n\t\t\n\t\t\t\t\t\t<a class=\"fusion-link-wrapper\" href=\"https:\/\/fonspitius.org\/es\/proyectos\/familias-de-ancon-y-puente-piedra-se-organizan-y-articulan-esfuerzos-para-afirmar-la-vida-y-la-esperanza-frente-a-la-crisis-sanitaria\/\" aria-label=\"Familias de Anc\u00f3n y Puente Piedra se organizan y articulan esfuerzos para afirmar la vida y la esperanza frente a la crisis sanitaria\"><\/a>\n\t<\/div>\n<\/div>\n<\/div>\n                        <div class=\"fusion-portfolio-content\">\n                            <h2 class=\"entry-title fusion-post-title fusion-responsive-typography-calculated\" data-fontsize=\"16\" data-lineheight=\"26px\" style=\"--fontSize:16; line-height: 1.63; --minFontSize:16;\">\n                                <a href=\"https:\/\/fonspitius.org\/es\/proyectos\/familias-de-ancon-y-puente-piedra-se-organizan-y-articulan-esfuerzos-para-afirmar-la-vida-y-la-esperanza-frente-a-la-crisis-sanitaria\/\">Familias de Anc\u00f3n y Puente Piedra se organizan y articulan esfuerzos para afirmar la vida y la esper...<\/a>\n                            <\/h2>\n                                                        <div class=\"gecko-proyecto-meta\">\n                                <span>2021<\/span>                                <span> \u00b7 Per\u00fa<\/span>                            <\/div>\n                                                    <\/div>\n                <\/div>\n            <\/div>\n                        <div class=\"fusion-portfolio-post post-10024 fusion-image-grid fusion-one-third fusion-layout-column fusion-column-last fusion-spacing-yes\" style=\"padding:10px;\">\n                <div class=\"fusion-column-wrapper\">\n                        <div  class=\"fusion-image-wrapper fusion-image-size-fixed\" aria-haspopup=\"true\">\n\t\t\t\t<img decoding=\"async\" width=\"310\" height=\"175\" src=\"https:\/\/fonspitius.org\/wp-content\/uploads\/Llenado-estructura-de-tanque--310x175.jpg\" class=\"attachment-listado-proyectos size-listado-proyectos wp-post-image\" alt=\"\" \/><div class=\"fusion-rollover\">\n\t<div class=\"fusion-rollover-content\">\n\n\t\t\t\t\t\t\t\t\t\t\t\t\t\t<a class=\"fusion-rollover-link\" href=\"https:\/\/fonspitius.org\/es\/proyectos\/mejora-de-la-disponibilidad-de-agua-salubre-en-el-municipio-de-palacaguina\/\">Mejora de la disponibilidad de agua salubre en el municipio de Palacag\u00fcina<\/a>\n\t\t\t\n\t\t\t\t\t\t\t\t\n\t\t\n\t\t\t\t\t\t\t\t\n\t\t\t\t\t\t\t\t\n\t\t\n\t\t\t\t\t\t<a class=\"fusion-link-wrapper\" href=\"https:\/\/fonspitius.org\/es\/proyectos\/mejora-de-la-disponibilidad-de-agua-salubre-en-el-municipio-de-palacaguina\/\" aria-label=\"Mejora de la disponibilidad de agua salubre en el municipio de Palacag\u00fcina\"><\/a>\n\t<\/div>\n<\/div>\n<\/div>\n                        <div class=\"fusion-portfolio-content\">\n                            <h2 class=\"entry-title fusion-post-title fusion-responsive-typography-calculated\" data-fontsize=\"16\" data-lineheight=\"26px\" style=\"--fontSize:16; line-height: 1.63; --minFontSize:16;\">\n                                <a href=\"https:\/\/fonspitius.org\/es\/proyectos\/mejora-de-la-disponibilidad-de-agua-salubre-en-el-municipio-de-palacaguina\/\">Mejora de la disponibilidad de agua salubre en el municipio de Palacag\u00fcina<\/a>\n                            <\/h2>\n                                                        <div class=\"gecko-proyecto-meta\">\n                                <span>2021<\/span>                                <span> \u00b7 Nicaragua<\/span>                            <\/div>\n                                                    <\/div>\n                <\/div>\n            <\/div>\n            <div class=\"fusion-clearfix\"><\/div>            <div class=\"fusion-portfolio-post post-10028 fusion-image-grid fusion-one-third fusion-layout-column fusion-spacing-yes\" style=\"padding:10px;\">\n                <div class=\"fusion-column-wrapper\">\n                        <div  class=\"fusion-image-wrapper fusion-image-size-fixed\" aria-haspopup=\"true\">\n\t\t\t\t<img decoding=\"async\" width=\"310\" height=\"175\" src=\"https:\/\/fonspitius.org\/wp-content\/uploads\/san-lucas-310x175.png\" class=\"attachment-listado-proyectos size-listado-proyectos wp-post-image\" alt=\"\" \/><div class=\"fusion-rollover\">\n\t<div class=\"fusion-rollover-content\">\n\n\t\t\t\t\t\t\t\t\t\t\t\t\t\t<a class=\"fusion-rollover-link\" href=\"https:\/\/fonspitius.org\/es\/proyectos\/mejora-de-la-disponibilidad-y-gestion-a-servicios-de-agua-potable-en-el-municipio-de-san-lucas\/\">Mejora de la disponibilidad y gesti\u00f3n a servicios de agua potable en el municipio de San Lucas<\/a>\n\t\t\t\n\t\t\t\t\t\t\t\t\n\t\t\n\t\t\t\t\t\t\t\t\n\t\t\t\t\t\t\t\t\n\t\t\n\t\t\t\t\t\t<a class=\"fusion-link-wrapper\" href=\"https:\/\/fonspitius.org\/es\/proyectos\/mejora-de-la-disponibilidad-y-gestion-a-servicios-de-agua-potable-en-el-municipio-de-san-lucas\/\" aria-label=\"Mejora de la disponibilidad y gesti\u00f3n a servicios de agua potable en el municipio de San Lucas\"><\/a>\n\t<\/div>\n<\/div>\n<\/div>\n                        <div class=\"fusion-portfolio-content\">\n                            <h2 class=\"entry-title fusion-post-title fusion-responsive-typography-calculated\" data-fontsize=\"16\" data-lineheight=\"26px\" style=\"--fontSize:16; line-height: 1.63; --minFontSize:16;\">\n                                <a href=\"https:\/\/fonspitius.org\/es\/proyectos\/mejora-de-la-disponibilidad-y-gestion-a-servicios-de-agua-potable-en-el-municipio-de-san-lucas\/\">Mejora de la disponibilidad y gesti\u00f3n a servicios de agua potable en el municipio de San Lucas<\/a>\n                            <\/h2>\n                                                        <div class=\"gecko-proyecto-meta\">\n                                <span>2021<\/span>                                <span> \u00b7 Nicaragua<\/span>                            <\/div>\n                                                    <\/div>\n                <\/div>\n            <\/div>\n                        <div class=\"fusion-portfolio-post post-10032 fusion-image-grid fusion-one-third fusion-layout-column fusion-spacing-yes\" style=\"padding:10px;\">\n                <div class=\"fusion-column-wrapper\">\n                        <div  class=\"fusion-image-wrapper fusion-image-size-fixed\" aria-haspopup=\"true\">\n\t\t\t\t<img decoding=\"async\" width=\"310\" height=\"175\" src=\"https:\/\/fonspitius.org\/wp-content\/uploads\/tecuilcan-2021-310x175.jpg\" class=\"attachment-listado-proyectos size-listado-proyectos wp-post-image\" alt=\"\" srcset=\"https:\/\/fonspitius.org\/wp-content\/uploads\/tecuilcan-2021-200x113.jpg 200w, https:\/\/fonspitius.org\/wp-content\/uploads\/tecuilcan-2021-300x169.jpg 300w, https:\/\/fonspitius.org\/wp-content\/uploads\/tecuilcan-2021-310x175.jpg 310w, https:\/\/fonspitius.org\/wp-content\/uploads\/tecuilcan-2021-400x225.jpg 400w, https:\/\/fonspitius.org\/wp-content\/uploads\/tecuilcan-2021-600x338.jpg 600w, https:\/\/fonspitius.org\/wp-content\/uploads\/tecuilcan-2021-800x450.jpg 800w, https:\/\/fonspitius.org\/wp-content\/uploads\/tecuilcan-2021-1024x576.jpg 1024w, https:\/\/fonspitius.org\/wp-content\/uploads\/tecuilcan-2021-1200x675.jpg 1200w, https:\/\/fonspitius.org\/wp-content\/uploads\/tecuilcan-2021-1536x864.jpg 1536w\" sizes=\"(max-width: 310px) 100vw, 310px\" \/><div class=\"fusion-rollover\">\n\t<div class=\"fusion-rollover-content\">\n\n\t\t\t\t\t\t\t\t\t\t\t\t\t\t<a class=\"fusion-rollover-link\" href=\"https:\/\/fonspitius.org\/es\/proyectos\/reinsercion-social-y-economica-de-familias-mujeres-y-jovenes-en-estado-de-vulnerabilidad-a-causa-de-desastres-naturales-y-la-pandemia\/\">Reinserci\u00f3n social y econ\u00f3mica de familias, mujeres y j\u00f3venes en estado de vulnerabilidad a causa de desastres naturales y la pandemia<\/a>\n\t\t\t\n\t\t\t\t\t\t\t\t\n\t\t\n\t\t\t\t\t\t\t\t\n\t\t\t\t\t\t\t\t\n\t\t\n\t\t\t\t\t\t<a class=\"fusion-link-wrapper\" href=\"https:\/\/fonspitius.org\/es\/proyectos\/reinsercion-social-y-economica-de-familias-mujeres-y-jovenes-en-estado-de-vulnerabilidad-a-causa-de-desastres-naturales-y-la-pandemia\/\" aria-label=\"Reinserci\u00f3n social y econ\u00f3mica de familias, mujeres y j\u00f3venes en estado de vulnerabilidad a causa de desastres naturales y la pandemia\"><\/a>\n\t<\/div>\n<\/div>\n<\/div>\n                        <div class=\"fusion-portfolio-content\">\n                            <h2 class=\"entry-title fusion-post-title fusion-responsive-typography-calculated\" data-fontsize=\"16\" data-lineheight=\"26px\" style=\"--fontSize:16; line-height: 1.63; --minFontSize:16;\">\n                                <a href=\"https:\/\/fonspitius.org\/es\/proyectos\/reinsercion-social-y-economica-de-familias-mujeres-y-jovenes-en-estado-de-vulnerabilidad-a-causa-de-desastres-naturales-y-la-pandemia\/\">Reinserci\u00f3n social y econ\u00f3mica de familias, mujeres y j\u00f3venes en estado de vulnerabilidad a causa de...<\/a>\n                            <\/h2>\n                                                        <div class=\"gecko-proyecto-meta\">\n                                <span>2021<\/span>                                <span> \u00b7 Nicaragua<\/span>                            <\/div>\n                                                    <\/div>\n                <\/div>\n            <\/div>\n                        <div class=\"fusion-portfolio-post post-10036 fusion-image-grid fusion-one-third fusion-layout-column fusion-column-last fusion-spacing-yes\" style=\"padding:10px;\">\n                <div class=\"fusion-column-wrapper\">\n                        <div  class=\"fusion-image-wrapper fusion-image-size-fixed\" aria-haspopup=\"true\">\n\t\t\t\t<img decoding=\"async\" width=\"310\" height=\"175\" src=\"https:\/\/fonspitius.org\/wp-content\/uploads\/Captura4-310x175.png\" class=\"attachment-listado-proyectos size-listado-proyectos wp-post-image\" alt=\"\" \/><div class=\"fusion-rollover\">\n\t<div class=\"fusion-rollover-content\">\n\n\t\t\t\t\t\t\t\t\t\t\t\t\t\t<a class=\"fusion-rollover-link\" href=\"https:\/\/fonspitius.org\/es\/proyectos\/promocion-de-la-igualdad-de-genero-y-empoderamiento-de-mujeres-de-municipios-rurales\/\">Promoci\u00f3n de la igualdad de g\u00e9nero y empoderamiento de mujeres de municipios rurales<\/a>\n\t\t\t\n\t\t\t\t\t\t\t\t\n\t\t\n\t\t\t\t\t\t\t\t\n\t\t\t\t\t\t\t\t\n\t\t\n\t\t\t\t\t\t<a class=\"fusion-link-wrapper\" href=\"https:\/\/fonspitius.org\/es\/proyectos\/promocion-de-la-igualdad-de-genero-y-empoderamiento-de-mujeres-de-municipios-rurales\/\" aria-label=\"Promoci\u00f3n de la igualdad de g\u00e9nero y empoderamiento de mujeres de municipios rurales\"><\/a>\n\t<\/div>\n<\/div>\n<\/div>\n                        <div class=\"fusion-portfolio-content\">\n                            <h2 class=\"entry-title fusion-post-title fusion-responsive-typography-calculated\" data-fontsize=\"16\" data-lineheight=\"26px\" style=\"--fontSize:16; line-height: 1.63; --minFontSize:16;\">\n                                <a href=\"https:\/\/fonspitius.org\/es\/proyectos\/promocion-de-la-igualdad-de-genero-y-empoderamiento-de-mujeres-de-municipios-rurales\/\">Promoci\u00f3n de la igualdad de g\u00e9nero y empoderamiento de mujeres de municipios rurales<\/a>\n                            <\/h2>\n                                                        <div class=\"gecko-proyecto-meta\">\n                                <span>2021<\/span>                                <span> \u00b7 El Salvador<\/span>                            <\/div>\n                                                    <\/div>\n                <\/div>\n            <\/div>\n            <div class=\"fusion-clearfix\"><\/div>            <div class=\"fusion-portfolio-post post-10040 fusion-image-grid fusion-one-third fusion-layout-column fusion-spacing-yes\" style=\"padding:10px;\">\n                <div class=\"fusion-column-wrapper\">\n                        <div  class=\"fusion-image-wrapper fusion-image-size-fixed\" aria-haspopup=\"true\">\n\t\t\t\t<img decoding=\"async\" width=\"310\" height=\"175\" src=\"https:\/\/fonspitius.org\/wp-content\/uploads\/acua-1-310x175.png\" class=\"attachment-listado-proyectos size-listado-proyectos wp-post-image\" alt=\"\" \/><div class=\"fusion-rollover\">\n\t<div class=\"fusion-rollover-content\">\n\n\t\t\t\t\t\t\t\t\t\t\t\t\t\t<a class=\"fusion-rollover-link\" href=\"https:\/\/fonspitius.org\/es\/proyectos\/fortalecimineto-de-capacidades-productivas-y-emprendedoras-de-cooperativas-agropecuarias-y-organizaciones-de-mujeres-campesinas-afectadas-por-la-covid-19\/\">Fortalecimiento de capacidades productivas y emprendedoras de cooperativas agropecuarias y organizaciones de mujeres campesinas afectadas por la covid-19<\/a>\n\t\t\t\n\t\t\t\t\t\t\t\t\n\t\t\n\t\t\t\t\t\t\t\t\n\t\t\t\t\t\t\t\t\n\t\t\n\t\t\t\t\t\t<a class=\"fusion-link-wrapper\" href=\"https:\/\/fonspitius.org\/es\/proyectos\/fortalecimineto-de-capacidades-productivas-y-emprendedoras-de-cooperativas-agropecuarias-y-organizaciones-de-mujeres-campesinas-afectadas-por-la-covid-19\/\" aria-label=\"Fortalecimiento de capacidades productivas y emprendedoras de cooperativas agropecuarias y organizaciones de mujeres campesinas afectadas por la covid-19\"><\/a>\n\t<\/div>\n<\/div>\n<\/div>\n                        <div class=\"fusion-portfolio-content\">\n                            <h2 class=\"entry-title fusion-post-title fusion-responsive-typography-calculated\" data-fontsize=\"16\" data-lineheight=\"26px\" style=\"--fontSize:16; line-height: 1.63; --minFontSize:16;\">\n                                <a href=\"https:\/\/fonspitius.org\/es\/proyectos\/fortalecimineto-de-capacidades-productivas-y-emprendedoras-de-cooperativas-agropecuarias-y-organizaciones-de-mujeres-campesinas-afectadas-por-la-covid-19\/\">Fortalecimiento de capacidades productivas y emprendedoras de cooperativas agropecuarias y organizac...<\/a>\n                            <\/h2>\n                                                        <div class=\"gecko-proyecto-meta\">\n                                <span>2021<\/span>                                <span> \u00b7 El Salvador<\/span>                            <\/div>\n                                                    <\/div>\n                <\/div>\n            <\/div>\n                        <div class=\"fusion-portfolio-post post-10543 fusion-image-grid fusion-one-third fusion-layout-column fusion-spacing-yes\" style=\"padding:10px;\">\n                <div class=\"fusion-column-wrapper\">\n                        <div  class=\"fusion-image-wrapper fusion-image-size-fixed\" aria-haspopup=\"true\">\n\t\t\t\t<img decoding=\"async\" width=\"310\" height=\"175\" src=\"https:\/\/fonspitius.org\/wp-content\/uploads\/Ecos_2-310x175.png\" class=\"attachment-listado-proyectos size-listado-proyectos wp-post-image\" alt=\"\" \/><div class=\"fusion-rollover\">\n\t<div class=\"fusion-rollover-content\">\n\n\t\t\t\t\t\t\t\t\t\t\t\t\t\t<a class=\"fusion-rollover-link\" href=\"https:\/\/fonspitius.org\/es\/proyectos\/fortalecida-y-articulada-la-capacidad-de-las-organizaciones-de-la-zona-norte-de-la-libertad-para-la-gestion-sostenible-del-acuifero-de-san-juan-opico-y-la-exigibilidad-del-derecho-humano-al-agua\/\">Fortalecida y articulada la capacidad de las organizaciones de la zona norte de La Libertad para la gesti\u00f3n sostenible del acu\u00edfero de San Juan Opico y la exigibilidad del derecho humano al agua<\/a>\n\t\t\t\n\t\t\t\t\t\t\t\t\n\t\t\n\t\t\t\t\t\t\t\t\n\t\t\t\t\t\t\t\t\n\t\t\n\t\t\t\t\t\t<a class=\"fusion-link-wrapper\" href=\"https:\/\/fonspitius.org\/es\/proyectos\/fortalecida-y-articulada-la-capacidad-de-las-organizaciones-de-la-zona-norte-de-la-libertad-para-la-gestion-sostenible-del-acuifero-de-san-juan-opico-y-la-exigibilidad-del-derecho-humano-al-agua\/\" aria-label=\"Fortalecida y articulada la capacidad de las organizaciones de la zona norte de La Libertad para la gesti\u00f3n sostenible del acu\u00edfero de San Juan Opico y la exigibilidad del derecho humano al agua\"><\/a>\n\t<\/div>\n<\/div>\n<\/div>\n                        <div class=\"fusion-portfolio-content\">\n                            <h2 class=\"entry-title fusion-post-title fusion-responsive-typography-calculated\" data-fontsize=\"16\" data-lineheight=\"26px\" style=\"--fontSize:16; line-height: 1.63; --minFontSize:16;\">\n                                <a href=\"https:\/\/fonspitius.org\/es\/proyectos\/fortalecida-y-articulada-la-capacidad-de-las-organizaciones-de-la-zona-norte-de-la-libertad-para-la-gestion-sostenible-del-acuifero-de-san-juan-opico-y-la-exigibilidad-del-derecho-humano-al-agua\/\">Fortalecida y articulada la capacidad de las organizaciones de la zona norte de La Libertad para la ...<\/a>\n                            <\/h2>\n                                                        <div class=\"gecko-proyecto-meta\">\n                                <span>2021<\/span>                                <span> \u00b7 El Salvador<\/span>                            <\/div>\n                                                    <\/div>\n                <\/div>\n            <\/div>\n                        <div class=\"fusion-portfolio-post post-10548 fusion-image-grid fusion-one-third fusion-layout-column fusion-column-last fusion-spacing-yes\" style=\"padding:10px;\">\n                <div class=\"fusion-column-wrapper\">\n                        <div  class=\"fusion-image-wrapper fusion-image-size-fixed\" aria-haspopup=\"true\">\n\t\t\t\t<img decoding=\"async\" width=\"310\" height=\"175\" src=\"https:\/\/fonspitius.org\/wp-content\/uploads\/015-Entrega-de-suministros-alimenticios-a-protagonistas-directos-310x175.jpg\" class=\"attachment-listado-proyectos size-listado-proyectos wp-post-image\" alt=\"\" \/><div class=\"fusion-rollover\">\n\t<div class=\"fusion-rollover-content\">\n\n\t\t\t\t\t\t\t\t\t\t\t\t\t\t<a class=\"fusion-rollover-link\" href=\"https:\/\/fonspitius.org\/es\/proyectos\/mejora-de-la-seguridad-alimentaria-del-corredor-seco-de-los-municipios-de-san-lucas-y-yalaguina\/\">Millora de la seguretat aliment\u00e0ria al Corredor Sec dels municipis de San Lucas i Yalag\u00fcina<\/a>\n\t\t\t\n\t\t\t\t\t\t\t\t\n\t\t\n\t\t\t\t\t\t\t\t\n\t\t\t\t\t\t\t\t\n\t\t\n\t\t\t\t\t\t<a class=\"fusion-link-wrapper\" href=\"https:\/\/fonspitius.org\/es\/proyectos\/mejora-de-la-seguridad-alimentaria-del-corredor-seco-de-los-municipios-de-san-lucas-y-yalaguina\/\" aria-label=\"Millora de la seguretat aliment\u00e0ria al Corredor Sec dels municipis de San Lucas i Yalag\u00fcina\"><\/a>\n\t<\/div>\n<\/div>\n<\/div>\n                        <div class=\"fusion-portfolio-content\">\n                            <h2 class=\"entry-title fusion-post-title fusion-responsive-typography-calculated\" data-fontsize=\"16\" data-lineheight=\"26px\" style=\"--fontSize:16; line-height: 1.63; --minFontSize:16;\">\n                                <a href=\"https:\/\/fonspitius.org\/es\/proyectos\/mejora-de-la-seguridad-alimentaria-del-corredor-seco-de-los-municipios-de-san-lucas-y-yalaguina\/\">Millora de la seguretat aliment\u00e0ria al Corredor Sec dels municipis de San Lucas i Yalag\u00fcina<\/a>\n                            <\/h2>\n                                                        <div class=\"gecko-proyecto-meta\">\n                                <span>2021<\/span>                                <span> \u00b7 Nicaragua<\/span>                            <\/div>\n                                                    <\/div>\n                <\/div>\n            <\/div>\n            <div class=\"fusion-clearfix\"><\/div>            <div class=\"fusion-portfolio-post post-10552 fusion-image-grid fusion-one-third fusion-layout-column fusion-spacing-yes\" style=\"padding:10px;\">\n                <div class=\"fusion-column-wrapper\">\n                        <div  class=\"fusion-image-wrapper fusion-image-size-fixed\" aria-haspopup=\"true\">\n\t\t\t\t<img decoding=\"async\" width=\"310\" height=\"175\" src=\"https:\/\/fonspitius.org\/wp-content\/uploads\/011-Familias-en-protagonismo-directo-suministros-alimenticios-2-310x175.jpg\" class=\"attachment-listado-proyectos size-listado-proyectos wp-post-image\" alt=\"\" srcset=\"https:\/\/fonspitius.org\/wp-content\/uploads\/011-Familias-en-protagonismo-directo-suministros-alimenticios-2-200x113.jpg 200w, https:\/\/fonspitius.org\/wp-content\/uploads\/011-Familias-en-protagonismo-directo-suministros-alimenticios-2-300x169.jpg 300w, https:\/\/fonspitius.org\/wp-content\/uploads\/011-Familias-en-protagonismo-directo-suministros-alimenticios-2-310x175.jpg 310w, https:\/\/fonspitius.org\/wp-content\/uploads\/011-Familias-en-protagonismo-directo-suministros-alimenticios-2-400x225.jpg 400w, https:\/\/fonspitius.org\/wp-content\/uploads\/011-Familias-en-protagonismo-directo-suministros-alimenticios-2-600x338.jpg 600w, https:\/\/fonspitius.org\/wp-content\/uploads\/011-Familias-en-protagonismo-directo-suministros-alimenticios-2-800x450.jpg 800w, https:\/\/fonspitius.org\/wp-content\/uploads\/011-Familias-en-protagonismo-directo-suministros-alimenticios-2-1024x576.jpg 1024w, https:\/\/fonspitius.org\/wp-content\/uploads\/011-Familias-en-protagonismo-directo-suministros-alimenticios-2-1200x675.jpg 1200w, https:\/\/fonspitius.org\/wp-content\/uploads\/011-Familias-en-protagonismo-directo-suministros-alimenticios-2-1536x864.jpg 1536w, https:\/\/fonspitius.org\/wp-content\/uploads\/011-Familias-en-protagonismo-directo-suministros-alimenticios-2.jpg 1920w\" sizes=\"(max-width: 310px) 100vw, 310px\" \/><div class=\"fusion-rollover\">\n\t<div class=\"fusion-rollover-content\">\n\n\t\t\t\t\t\t\t\t\t\t\t\t\t\t<a class=\"fusion-rollover-link\" href=\"https:\/\/fonspitius.org\/es\/proyectos\/mejora-de-la-seguridad-alimentaria-en-el-corredor-seco-en-los-municipios-de-palacaguina-y-telpaneca\/\">Mejora de la seguridad alimentaria en el Corredor Seco en los municipios de Palacag\u00fcina y Telpaneca<\/a>\n\t\t\t\n\t\t\t\t\t\t\t\t\n\t\t\n\t\t\t\t\t\t\t\t\n\t\t\t\t\t\t\t\t\n\t\t\n\t\t\t\t\t\t<a class=\"fusion-link-wrapper\" href=\"https:\/\/fonspitius.org\/es\/proyectos\/mejora-de-la-seguridad-alimentaria-en-el-corredor-seco-en-los-municipios-de-palacaguina-y-telpaneca\/\" aria-label=\"Mejora de la seguridad alimentaria en el Corredor Seco en los municipios de Palacag\u00fcina y Telpaneca\"><\/a>\n\t<\/div>\n<\/div>\n<\/div>\n                        <div class=\"fusion-portfolio-content\">\n                            <h2 class=\"entry-title fusion-post-title fusion-responsive-typography-calculated\" data-fontsize=\"16\" data-lineheight=\"26px\" style=\"--fontSize:16; line-height: 1.63; --minFontSize:16;\">\n                                <a href=\"https:\/\/fonspitius.org\/es\/proyectos\/mejora-de-la-seguridad-alimentaria-en-el-corredor-seco-en-los-municipios-de-palacaguina-y-telpaneca\/\">Mejora de la seguridad alimentaria en el Corredor Seco en los municipios de Palacag\u00fcina y Telpaneca<\/a>\n                            <\/h2>\n                                                        <div class=\"gecko-proyecto-meta\">\n                                <span>2021<\/span>                                <span> \u00b7 Nicaragua<\/span>                            <\/div>\n                                                    <\/div>\n                <\/div>\n            <\/div>\n                        <div class=\"fusion-portfolio-post post-11958 fusion-image-grid fusion-one-third fusion-layout-column fusion-spacing-yes\" style=\"padding:10px;\">\n                <div class=\"fusion-column-wrapper\">\n                        <div  class=\"fusion-image-wrapper fusion-image-size-fixed\" aria-haspopup=\"true\">\n\t\t\t\t<img decoding=\"async\" width=\"202\" height=\"175\" src=\"https:\/\/fonspitius.org\/wp-content\/uploads\/CONCENTRADOR-SMARTY-1.jpeg\" class=\"attachment-listado-proyectos size-listado-proyectos wp-post-image\" alt=\"\" srcset=\"https:\/\/fonspitius.org\/wp-content\/uploads\/CONCENTRADOR-SMARTY-1-200x173.jpeg 200w, https:\/\/fonspitius.org\/wp-content\/uploads\/CONCENTRADOR-SMARTY-1-300x260.jpeg 300w, https:\/\/fonspitius.org\/wp-content\/uploads\/CONCENTRADOR-SMARTY-1-400x347.jpeg 400w, https:\/\/fonspitius.org\/wp-content\/uploads\/CONCENTRADOR-SMARTY-1-600x520.jpeg 600w, https:\/\/fonspitius.org\/wp-content\/uploads\/CONCENTRADOR-SMARTY-1-800x693.jpeg 800w, https:\/\/fonspitius.org\/wp-content\/uploads\/CONCENTRADOR-SMARTY-1-1024x887.jpeg 1024w, https:\/\/fonspitius.org\/wp-content\/uploads\/CONCENTRADOR-SMARTY-1.jpeg 1199w\" sizes=\"(max-width: 202px) 100vw, 202px\" \/><div class=\"fusion-rollover\">\n\t<div class=\"fusion-rollover-content\">\n\n\t\t\t\t\t\t\t\t\t\t\t\t\t\t<a class=\"fusion-rollover-link\" href=\"https:\/\/fonspitius.org\/es\/proyectos\/oxigeno-para-india\/\">Ox\u00edgeno para India. Adquisici\u00f3n de recursos de oxigenoterapia para la atenci\u00f3n m\u00e9dica de pacientes Covid-19 en el Hospital de Bathalapalli<\/a>\n\t\t\t\n\t\t\t\t\t\t\t\t\n\t\t\n\t\t\t\t\t\t\t\t\n\t\t\t\t\t\t\t\t\n\t\t\n\t\t\t\t\t\t<a class=\"fusion-link-wrapper\" href=\"https:\/\/fonspitius.org\/es\/proyectos\/oxigeno-para-india\/\" aria-label=\"Ox\u00edgeno para India. Adquisici\u00f3n de recursos de oxigenoterapia para la atenci\u00f3n m\u00e9dica de pacientes Covid-19 en el Hospital de Bathalapalli\"><\/a>\n\t<\/div>\n<\/div>\n<\/div>\n                        <div class=\"fusion-portfolio-content\">\n                            <h2 class=\"entry-title fusion-post-title fusion-responsive-typography-calculated\" data-fontsize=\"16\" data-lineheight=\"26px\" style=\"--fontSize:16; line-height: 1.63; --minFontSize:16;\">\n                                <a href=\"https:\/\/fonspitius.org\/es\/proyectos\/oxigeno-para-india\/\">Ox\u00edgeno para India. Adquisici\u00f3n de recursos de oxigenoterapia para la atenci\u00f3n m\u00e9dica de pacientes C...<\/a>\n                            <\/h2>\n                                                        <div class=\"gecko-proyecto-meta\">\n                                <span>2021<\/span>                                <span> \u00b7 India<\/span>                            <\/div>\n                                                    <\/div>\n                <\/div>\n            <\/div>\n                        <div class=\"fusion-portfolio-post post-9025 fusion-image-grid fusion-one-third fusion-layout-column fusion-column-last fusion-spacing-yes\" style=\"padding:10px;\">\n                <div class=\"fusion-column-wrapper\">\n                        <div  class=\"fusion-image-wrapper fusion-image-size-fixed\" aria-haspopup=\"true\">\n\t\t\t\t<img decoding=\"async\" width=\"310\" height=\"175\" src=\"https:\/\/fonspitius.org\/wp-content\/uploads\/IMG_3066-310x175.jpg\" class=\"attachment-listado-proyectos size-listado-proyectos wp-post-image\" alt=\"\" \/><div class=\"fusion-rollover\">\n\t<div class=\"fusion-rollover-content\">\n\n\t\t\t\t\t\t\t\t\t\t\t\t\t\t<a class=\"fusion-rollover-link\" href=\"https:\/\/fonspitius.org\/es\/proyectos\/emergencia-por-la-hambruna-a-causa-del-coronavirus\/\">Emergencia por la hambruna a causa del coronavirus<\/a>\n\t\t\t\n\t\t\t\t\t\t\t\t\n\t\t\n\t\t\t\t\t\t\t\t\n\t\t\t\t\t\t\t\t\n\t\t\n\t\t\t\t\t\t<a class=\"fusion-link-wrapper\" href=\"https:\/\/fonspitius.org\/es\/proyectos\/emergencia-por-la-hambruna-a-causa-del-coronavirus\/\" aria-label=\"Emergencia por la hambruna a causa del coronavirus\"><\/a>\n\t<\/div>\n<\/div>\n<\/div>\n                        <div class=\"fusion-portfolio-content\">\n                            <h2 class=\"entry-title fusion-post-title fusion-responsive-typography-calculated\" data-fontsize=\"16\" data-lineheight=\"26px\" style=\"--fontSize:16; line-height: 1.63; --minFontSize:16;\">\n                                <a href=\"https:\/\/fonspitius.org\/es\/proyectos\/emergencia-por-la-hambruna-a-causa-del-coronavirus\/\">Emergencia por la hambruna a causa del coronavirus<\/a>\n                            <\/h2>\n                                                        <div class=\"gecko-proyecto-meta\">\n                                <span>2020<\/span>                                <span> \u00b7 Honduras<\/span>                            <\/div>\n                                                    <\/div>\n                <\/div>\n            <\/div>\n            <div class=\"fusion-clearfix\"><\/div>            <div class=\"fusion-portfolio-post post-9071 fusion-image-grid fusion-one-third fusion-layout-column fusion-spacing-yes\" style=\"padding:10px;\">\n                <div class=\"fusion-column-wrapper\">\n                        <div  class=\"fusion-image-wrapper fusion-image-size-fixed\" aria-haspopup=\"true\">\n\t\t\t\t<img decoding=\"async\" width=\"310\" height=\"175\" src=\"https:\/\/fonspitius.org\/wp-content\/uploads\/ACUA-310x175.png\" class=\"attachment-listado-proyectos size-listado-proyectos wp-post-image\" alt=\"\" srcset=\"https:\/\/fonspitius.org\/wp-content\/uploads\/ACUA-200x113.png 200w, https:\/\/fonspitius.org\/wp-content\/uploads\/ACUA-300x169.png 300w, https:\/\/fonspitius.org\/wp-content\/uploads\/ACUA-310x175.png 310w, https:\/\/fonspitius.org\/wp-content\/uploads\/ACUA-400x226.png 400w, https:\/\/fonspitius.org\/wp-content\/uploads\/ACUA-600x339.png 600w, https:\/\/fonspitius.org\/wp-content\/uploads\/ACUA-800x452.png 800w, https:\/\/fonspitius.org\/wp-content\/uploads\/ACUA-1024x578.png 1024w, https:\/\/fonspitius.org\/wp-content\/uploads\/ACUA-1200x678.png 1200w, https:\/\/fonspitius.org\/wp-content\/uploads\/ACUA.png 1376w\" sizes=\"(max-width: 310px) 100vw, 310px\" \/><div class=\"fusion-rollover\">\n\t<div class=\"fusion-rollover-content\">\n\n\t\t\t\t\t\t\t\t\t\t\t\t\t\t<a class=\"fusion-rollover-link\" href=\"https:\/\/fonspitius.org\/es\/proyectos\/apoyo-humanitario-para-familias-expuestas-a-la-inseguridad-alimentaria-por-el-impacto-del-confinamiento-frente-a-la-covid-19\/\">Apoyo humanitario para familias expuestas a la inseguridad alimentaria por el impacto del confinamiento frente a la COVID-19<\/a>\n\t\t\t\n\t\t\t\t\t\t\t\t\n\t\t\n\t\t\t\t\t\t\t\t\n\t\t\t\t\t\t\t\t\n\t\t\n\t\t\t\t\t\t<a class=\"fusion-link-wrapper\" href=\"https:\/\/fonspitius.org\/es\/proyectos\/apoyo-humanitario-para-familias-expuestas-a-la-inseguridad-alimentaria-por-el-impacto-del-confinamiento-frente-a-la-covid-19\/\" aria-label=\"Apoyo humanitario para familias expuestas a la inseguridad alimentaria por el impacto del confinamiento frente a la COVID-19\"><\/a>\n\t<\/div>\n<\/div>\n<\/div>\n                        <div class=\"fusion-portfolio-content\">\n                            <h2 class=\"entry-title fusion-post-title fusion-responsive-typography-calculated\" data-fontsize=\"16\" data-lineheight=\"26px\" style=\"--fontSize:16; line-height: 1.63; --minFontSize:16;\">\n                                <a href=\"https:\/\/fonspitius.org\/es\/proyectos\/apoyo-humanitario-para-familias-expuestas-a-la-inseguridad-alimentaria-por-el-impacto-del-confinamiento-frente-a-la-covid-19\/\">Apoyo humanitario para familias expuestas a la inseguridad alimentaria por el impacto del confinamie...<\/a>\n                            <\/h2>\n                                                        <div class=\"gecko-proyecto-meta\">\n                                <span>2020<\/span>                                <span> \u00b7 El Salvador<\/span>                            <\/div>\n                                                    <\/div>\n                <\/div>\n            <\/div>\n                        <div class=\"fusion-portfolio-post post-9092 fusion-image-grid fusion-one-third fusion-layout-column fusion-spacing-yes\" style=\"padding:10px;\">\n                <div class=\"fusion-column-wrapper\">\n                        <div  class=\"fusion-image-wrapper fusion-image-size-fixed\" aria-haspopup=\"true\">\n\t\t\t\t<img decoding=\"async\" width=\"310\" height=\"175\" src=\"https:\/\/fonspitius.org\/wp-content\/uploads\/Sin-t\u00edtulofvf1-310x175.png\" class=\"attachment-listado-proyectos size-listado-proyectos wp-post-image\" alt=\"\" \/><div class=\"fusion-rollover\">\n\t<div class=\"fusion-rollover-content\">\n\n\t\t\t\t\t\t\t\t\t\t\t\t\t\t<a class=\"fusion-rollover-link\" href=\"https:\/\/fonspitius.org\/es\/proyectos\/fortalecida-la-capacidad-de-respuesta-contra-la-pandemia-covid-19-y-garantizada-la-seguridad-alimentaria-de-la-poblacion-en-situacion-de-vulnerabilidad\/\">Fortalecida la capacidad de respuesta contra la pandemia COVID-19 y garantizada la seguridad alimentaria de la poblaci\u00f3n en situaci\u00f3n de vulnerabilidad<\/a>\n\t\t\t\n\t\t\t\t\t\t\t\t\n\t\t\n\t\t\t\t\t\t\t\t\n\t\t\t\t\t\t\t\t\n\t\t\n\t\t\t\t\t\t<a class=\"fusion-link-wrapper\" href=\"https:\/\/fonspitius.org\/es\/proyectos\/fortalecida-la-capacidad-de-respuesta-contra-la-pandemia-covid-19-y-garantizada-la-seguridad-alimentaria-de-la-poblacion-en-situacion-de-vulnerabilidad\/\" aria-label=\"Fortalecida la capacidad de respuesta contra la pandemia COVID-19 y garantizada la seguridad alimentaria de la poblaci\u00f3n en situaci\u00f3n de vulnerabilidad\"><\/a>\n\t<\/div>\n<\/div>\n<\/div>\n                        <div class=\"fusion-portfolio-content\">\n                            <h2 class=\"entry-title fusion-post-title fusion-responsive-typography-calculated\" data-fontsize=\"16\" data-lineheight=\"26px\" style=\"--fontSize:16; line-height: 1.63; --minFontSize:16;\">\n                                <a href=\"https:\/\/fonspitius.org\/es\/proyectos\/fortalecida-la-capacidad-de-respuesta-contra-la-pandemia-covid-19-y-garantizada-la-seguridad-alimentaria-de-la-poblacion-en-situacion-de-vulnerabilidad\/\">Fortalecida la capacidad de respuesta contra la pandemia COVID-19 y garantizada la seguridad aliment...<\/a>\n                            <\/h2>\n                                                        <div class=\"gecko-proyecto-meta\">\n                                <span>2020<\/span>                                <span> \u00b7 India<\/span>                            <\/div>\n                                                    <\/div>\n                <\/div>\n            <\/div>\n                        <div class=\"fusion-portfolio-post post-9147 fusion-image-grid fusion-one-third fusion-layout-column fusion-column-last fusion-spacing-yes\" style=\"padding:10px;\">\n                <div class=\"fusion-column-wrapper\">\n                        <div  class=\"fusion-image-wrapper fusion-image-size-fixed\" aria-haspopup=\"true\">\n\t\t\t\t<img decoding=\"async\" width=\"310\" height=\"175\" src=\"https:\/\/fonspitius.org\/wp-content\/uploads\/Captura1-310x175.png\" class=\"attachment-listado-proyectos size-listado-proyectos wp-post-image\" alt=\"\" \/><div class=\"fusion-rollover\">\n\t<div class=\"fusion-rollover-content\">\n\n\t\t\t\t\t\t\t\t\t\t\t\t\t\t<a class=\"fusion-rollover-link\" href=\"https:\/\/fonspitius.org\/es\/proyectos\/mejora-de-la-resiliencia-sanitaria-frente-a-la-crisis-sanitaria-covid-19\/\">Mejora de la resiliencia sanitaria frente a la crisis sanitaria COVID-19<\/a>\n\t\t\t\n\t\t\t\t\t\t\t\t\n\t\t\n\t\t\t\t\t\t\t\t\n\t\t\t\t\t\t\t\t\n\t\t\n\t\t\t\t\t\t<a class=\"fusion-link-wrapper\" href=\"https:\/\/fonspitius.org\/es\/proyectos\/mejora-de-la-resiliencia-sanitaria-frente-a-la-crisis-sanitaria-covid-19\/\" aria-label=\"Mejora de la resiliencia sanitaria frente a la crisis sanitaria COVID-19\"><\/a>\n\t<\/div>\n<\/div>\n<\/div>\n                        <div class=\"fusion-portfolio-content\">\n                            <h2 class=\"entry-title fusion-post-title fusion-responsive-typography-calculated\" data-fontsize=\"16\" data-lineheight=\"26px\" style=\"--fontSize:16; line-height: 1.63; --minFontSize:16;\">\n                                <a href=\"https:\/\/fonspitius.org\/es\/proyectos\/mejora-de-la-resiliencia-sanitaria-frente-a-la-crisis-sanitaria-covid-19\/\">Mejora de la resiliencia sanitaria frente a la crisis sanitaria COVID-19<\/a>\n                            <\/h2>\n                                                        <div class=\"gecko-proyecto-meta\">\n                                <span>2020<\/span>                                <span> \u00b7 Nicaragua<\/span>                            <\/div>\n                                                    <\/div>\n                <\/div>\n            <\/div>\n            <div class=\"fusion-clearfix\"><\/div>            <div class=\"fusion-portfolio-post post-9157 fusion-image-grid fusion-one-third fusion-layout-column fusion-spacing-yes\" style=\"padding:10px;\">\n                <div class=\"fusion-column-wrapper\">\n                        <div  class=\"fusion-image-wrapper fusion-image-size-fixed\" aria-haspopup=\"true\">\n\t\t\t\t<img decoding=\"async\" width=\"310\" height=\"175\" src=\"https:\/\/fonspitius.org\/wp-content\/uploads\/Captura4-1-310x175.png\" class=\"attachment-listado-proyectos size-listado-proyectos wp-post-image\" alt=\"\" \/><div class=\"fusion-rollover\">\n\t<div class=\"fusion-rollover-content\">\n\n\t\t\t\t\t\t\t\t\t\t\t\t\t\t<a class=\"fusion-rollover-link\" href=\"https:\/\/fonspitius.org\/es\/proyectos\/9157\/\">Respuesta comunitaria frente a la pandemia COVID-19 en el municipio de Esquipulas<\/a>\n\t\t\t\n\t\t\t\t\t\t\t\t\n\t\t\n\t\t\t\t\t\t\t\t\n\t\t\t\t\t\t\t\t\n\t\t\n\t\t\t\t\t\t<a class=\"fusion-link-wrapper\" href=\"https:\/\/fonspitius.org\/es\/proyectos\/9157\/\" aria-label=\"Respuesta comunitaria frente a la pandemia COVID-19 en el municipio de Esquipulas\"><\/a>\n\t<\/div>\n<\/div>\n<\/div>\n                        <div class=\"fusion-portfolio-content\">\n                            <h2 class=\"entry-title fusion-post-title fusion-responsive-typography-calculated\" data-fontsize=\"16\" data-lineheight=\"26px\" style=\"--fontSize:16; line-height: 1.63; --minFontSize:16;\">\n                                <a href=\"https:\/\/fonspitius.org\/es\/proyectos\/9157\/\">Respuesta comunitaria frente a la pandemia COVID-19 en el municipio de Esquipulas<\/a>\n                            <\/h2>\n                                                        <div class=\"gecko-proyecto-meta\">\n                                <span>2020<\/span>                                <span> \u00b7 Nicaragua<\/span>                            <\/div>\n                                                    <\/div>\n                <\/div>\n            <\/div>\n                        <div class=\"fusion-portfolio-post post-9301 fusion-image-grid fusion-one-third fusion-layout-column fusion-spacing-yes\" style=\"padding:10px;\">\n                <div class=\"fusion-column-wrapper\">\n                        <div  class=\"fusion-image-wrapper fusion-image-size-fixed\" aria-haspopup=\"true\">\n\t\t\t\t<img decoding=\"async\" width=\"310\" height=\"175\" src=\"https:\/\/fonspitius.org\/wp-content\/uploads\/6-310x175.jpg\" class=\"attachment-listado-proyectos size-listado-proyectos wp-post-image\" alt=\"\" \/><div class=\"fusion-rollover\">\n\t<div class=\"fusion-rollover-content\">\n\n\t\t\t\t\t\t\t\t\t\t\t\t\t\t<a class=\"fusion-rollover-link\" href=\"https:\/\/fonspitius.org\/es\/proyectos\/mitigacion-del-impacto-del-covid-19-en-las-comunidades-rurales-del-distrito-de-pueblo-nuevo\/\">Mitigaci\u00f3n del impacto del COVID-19 en las comunidades rurales del distrito de Pueblo Nuevo<\/a>\n\t\t\t\n\t\t\t\t\t\t\t\t\n\t\t\n\t\t\t\t\t\t\t\t\n\t\t\t\t\t\t\t\t\n\t\t\n\t\t\t\t\t\t<a class=\"fusion-link-wrapper\" href=\"https:\/\/fonspitius.org\/es\/proyectos\/mitigacion-del-impacto-del-covid-19-en-las-comunidades-rurales-del-distrito-de-pueblo-nuevo\/\" aria-label=\"Mitigaci\u00f3n del impacto del COVID-19 en las comunidades rurales del distrito de Pueblo Nuevo\"><\/a>\n\t<\/div>\n<\/div>\n<\/div>\n                        <div class=\"fusion-portfolio-content\">\n                            <h2 class=\"entry-title fusion-post-title fusion-responsive-typography-calculated\" data-fontsize=\"16\" data-lineheight=\"26px\" style=\"--fontSize:16; line-height: 1.63; --minFontSize:16;\">\n                                <a href=\"https:\/\/fonspitius.org\/es\/proyectos\/mitigacion-del-impacto-del-covid-19-en-las-comunidades-rurales-del-distrito-de-pueblo-nuevo\/\">Mitigaci\u00f3n del impacto del COVID-19 en las comunidades rurales del distrito de Pueblo Nuevo<\/a>\n                            <\/h2>\n                                                        <div class=\"gecko-proyecto-meta\">\n                                <span>2020<\/span>                                <span> \u00b7 Per\u00fa<\/span>                            <\/div>\n                                                    <\/div>\n                <\/div>\n            <\/div>\n                        <div class=\"fusion-portfolio-post post-9323 fusion-image-grid fusion-one-third fusion-layout-column fusion-column-last fusion-spacing-yes\" style=\"padding:10px;\">\n                <div class=\"fusion-column-wrapper\">\n                        <div  class=\"fusion-image-wrapper fusion-image-size-fixed\" aria-haspopup=\"true\">\n\t\t\t\t<img decoding=\"async\" width=\"310\" height=\"175\" src=\"https:\/\/fonspitius.org\/wp-content\/uploads\/mans-unides-310x175.png\" class=\"attachment-listado-proyectos size-listado-proyectos wp-post-image\" alt=\"\" \/><div class=\"fusion-rollover\">\n\t<div class=\"fusion-rollover-content\">\n\n\t\t\t\t\t\t\t\t\t\t\t\t\t\t<a class=\"fusion-rollover-link\" href=\"https:\/\/fonspitius.org\/es\/proyectos\/fortalecimiento-agroecologico-para-la-mejora-de-sistemas-productivos-campesinos-de-20-comunidades-rurales-del-territorio-xinka\/\">Fortalecimiento agroecol\u00f3gico para la mejora de sistemas productivos campesinos de 20 comunidades rurales del territorio Xinka<\/a>\n\t\t\t\n\t\t\t\t\t\t\t\t\n\t\t\n\t\t\t\t\t\t\t\t\n\t\t\t\t\t\t\t\t\n\t\t\n\t\t\t\t\t\t<a class=\"fusion-link-wrapper\" href=\"https:\/\/fonspitius.org\/es\/proyectos\/fortalecimiento-agroecologico-para-la-mejora-de-sistemas-productivos-campesinos-de-20-comunidades-rurales-del-territorio-xinka\/\" aria-label=\"Fortalecimiento agroecol\u00f3gico para la mejora de sistemas productivos campesinos de 20 comunidades rurales del territorio Xinka\"><\/a>\n\t<\/div>\n<\/div>\n<\/div>\n                        <div class=\"fusion-portfolio-content\">\n                            <h2 class=\"entry-title fusion-post-title fusion-responsive-typography-calculated\" data-fontsize=\"16\" data-lineheight=\"26px\" style=\"--fontSize:16; line-height: 1.63; --minFontSize:16;\">\n                                <a href=\"https:\/\/fonspitius.org\/es\/proyectos\/fortalecimiento-agroecologico-para-la-mejora-de-sistemas-productivos-campesinos-de-20-comunidades-rurales-del-territorio-xinka\/\">Fortalecimiento agroecol\u00f3gico para la mejora de sistemas productivos campesinos de 20 comunidades ru...<\/a>\n                            <\/h2>\n                                                        <div class=\"gecko-proyecto-meta\">\n                                <span>2020<\/span>                                <span> \u00b7 Guatemala<\/span>                            <\/div>\n                                                    <\/div>\n                <\/div>\n            <\/div>\n            <div class=\"fusion-clearfix\"><\/div>            <div class=\"fusion-portfolio-post post-9329 fusion-image-grid fusion-one-third fusion-layout-column fusion-spacing-yes\" style=\"padding:10px;\">\n                <div class=\"fusion-column-wrapper\">\n                        <div  class=\"fusion-image-wrapper fusion-image-size-fixed\" aria-haspopup=\"true\">\n\t\t\t\t<img decoding=\"async\" width=\"310\" height=\"175\" src=\"https:\/\/fonspitius.org\/wp-content\/uploads\/IMG-20180813-WA0019-1-310x175.jpg\" class=\"attachment-listado-proyectos size-listado-proyectos wp-post-image\" alt=\"\" \/><div class=\"fusion-rollover\">\n\t<div class=\"fusion-rollover-content\">\n\n\t\t\t\t\t\t\t\t\t\t\t\t\t\t<a class=\"fusion-rollover-link\" href=\"https:\/\/fonspitius.org\/es\/proyectos\/promoviendo-los-derechos-humanos-individuales-y-colectivos-para-afrontar-la-pandemia-del-covid-19-en-el-area-maya-ixil\/\">Promoviendo los derechos humanos individuales y colectivos para afrontar la pandemia del COVID-19 en el \u00e1rea maya ixil<\/a>\n\t\t\t\n\t\t\t\t\t\t\t\t\n\t\t\n\t\t\t\t\t\t\t\t\n\t\t\t\t\t\t\t\t\n\t\t\n\t\t\t\t\t\t<a class=\"fusion-link-wrapper\" href=\"https:\/\/fonspitius.org\/es\/proyectos\/promoviendo-los-derechos-humanos-individuales-y-colectivos-para-afrontar-la-pandemia-del-covid-19-en-el-area-maya-ixil\/\" aria-label=\"Promoviendo los derechos humanos individuales y colectivos para afrontar la pandemia del COVID-19 en el \u00e1rea maya ixil\"><\/a>\n\t<\/div>\n<\/div>\n<\/div>\n                        <div class=\"fusion-portfolio-content\">\n                            <h2 class=\"entry-title fusion-post-title fusion-responsive-typography-calculated\" data-fontsize=\"16\" data-lineheight=\"26px\" style=\"--fontSize:16; line-height: 1.63; --minFontSize:16;\">\n                                <a href=\"https:\/\/fonspitius.org\/es\/proyectos\/promoviendo-los-derechos-humanos-individuales-y-colectivos-para-afrontar-la-pandemia-del-covid-19-en-el-area-maya-ixil\/\">Promoviendo los derechos humanos individuales y colectivos para afrontar la pandemia del COVID-19 en...<\/a>\n                            <\/h2>\n                                                        <div class=\"gecko-proyecto-meta\">\n                                <span>2020<\/span>                                <span> \u00b7 Guatemala<\/span>                            <\/div>\n                                                    <\/div>\n                <\/div>\n            <\/div>\n                        <div class=\"fusion-portfolio-post post-9333 fusion-image-grid fusion-one-third fusion-layout-column fusion-spacing-yes\" style=\"padding:10px;\">\n                <div class=\"fusion-column-wrapper\">\n                        <div  class=\"fusion-image-wrapper fusion-image-size-fixed\" aria-haspopup=\"true\">\n\t\t\t\t<img decoding=\"async\" width=\"310\" height=\"175\" src=\"https:\/\/fonspitius.org\/wp-content\/uploads\/ayne-2-310x175.png\" class=\"attachment-listado-proyectos size-listado-proyectos wp-post-image\" alt=\"\" \/><div class=\"fusion-rollover\">\n\t<div class=\"fusion-rollover-content\">\n\n\t\t\t\t\t\t\t\t\t\t\t\t\t\t<a class=\"fusion-rollover-link\" href=\"https:\/\/fonspitius.org\/es\/proyectos\/proteccion-de-los-derechos-humanos-de-las-familias-y-fortalecimiento-de-la-capacidad-de-mujeres-y-ninos-as-para-afrontar-las-consecuencias-de-la-crisis-del-covid-19\/\">Protecci\u00f3n de los derechos humanos de las familias y fortalecimiento de la capacidad de mujeres y ni\u00f1os\/as para afrontar las consecuencias de la crisis del COVID-19<\/a>\n\t\t\t\n\t\t\t\t\t\t\t\t\n\t\t\n\t\t\t\t\t\t\t\t\n\t\t\t\t\t\t\t\t\n\t\t\n\t\t\t\t\t\t<a class=\"fusion-link-wrapper\" href=\"https:\/\/fonspitius.org\/es\/proyectos\/proteccion-de-los-derechos-humanos-de-las-familias-y-fortalecimiento-de-la-capacidad-de-mujeres-y-ninos-as-para-afrontar-las-consecuencias-de-la-crisis-del-covid-19\/\" aria-label=\"Protecci\u00f3n de los derechos humanos de las familias y fortalecimiento de la capacidad de mujeres y ni\u00f1os\/as para afrontar las consecuencias de la crisis del COVID-19\"><\/a>\n\t<\/div>\n<\/div>\n<\/div>\n                        <div class=\"fusion-portfolio-content\">\n                            <h2 class=\"entry-title fusion-post-title fusion-responsive-typography-calculated\" data-fontsize=\"16\" data-lineheight=\"26px\" style=\"--fontSize:16; line-height: 1.63; --minFontSize:16;\">\n                                <a href=\"https:\/\/fonspitius.org\/es\/proyectos\/proteccion-de-los-derechos-humanos-de-las-familias-y-fortalecimiento-de-la-capacidad-de-mujeres-y-ninos-as-para-afrontar-las-consecuencias-de-la-crisis-del-covid-19\/\">Protecci\u00f3n de los derechos humanos de las familias y fortalecimiento de la capacidad de mujeres y ni...<\/a>\n                            <\/h2>\n                                                        <div class=\"gecko-proyecto-meta\">\n                                <span>2020<\/span>                                <span> \u00b7 Per\u00fa<\/span>                            <\/div>\n                                                    <\/div>\n                <\/div>\n            <\/div>\n                        <div class=\"fusion-portfolio-post post-9337 fusion-image-grid fusion-one-third fusion-layout-column fusion-column-last fusion-spacing-yes\" style=\"padding:10px;\">\n                <div class=\"fusion-column-wrapper\">\n                        <div  class=\"fusion-image-wrapper fusion-image-size-fixed\" aria-haspopup=\"true\">\n\t\t\t\t<img decoding=\"async\" width=\"310\" height=\"175\" src=\"https:\/\/fonspitius.org\/wp-content\/uploads\/Formacion-familias-310x175.jpg\" class=\"attachment-listado-proyectos size-listado-proyectos wp-post-image\" alt=\"\" \/><div class=\"fusion-rollover\">\n\t<div class=\"fusion-rollover-content\">\n\n\t\t\t\t\t\t\t\t\t\t\t\t\t\t<a class=\"fusion-rollover-link\" href=\"https:\/\/fonspitius.org\/es\/proyectos\/canalizacion-de-agua-potable-en-el-pueblo-de-gaire-baire-formacion-y-prevencion-covid-19\/\">Canalizaci\u00f3n de agua potable en el pueblo de Gaire-Baire. Formaci\u00f3n y prevenci\u00f3n Covid-19<\/a>\n\t\t\t\n\t\t\t\t\t\t\t\t\n\t\t\n\t\t\t\t\t\t\t\t\n\t\t\t\t\t\t\t\t\n\t\t\n\t\t\t\t\t\t<a class=\"fusion-link-wrapper\" href=\"https:\/\/fonspitius.org\/es\/proyectos\/canalizacion-de-agua-potable-en-el-pueblo-de-gaire-baire-formacion-y-prevencion-covid-19\/\" aria-label=\"Canalizaci\u00f3n de agua potable en el pueblo de Gaire-Baire. Formaci\u00f3n y prevenci\u00f3n Covid-19\"><\/a>\n\t<\/div>\n<\/div>\n<\/div>\n                        <div class=\"fusion-portfolio-content\">\n                            <h2 class=\"entry-title fusion-post-title fusion-responsive-typography-calculated\" data-fontsize=\"16\" data-lineheight=\"26px\" style=\"--fontSize:16; line-height: 1.63; --minFontSize:16;\">\n                                <a href=\"https:\/\/fonspitius.org\/es\/proyectos\/canalizacion-de-agua-potable-en-el-pueblo-de-gaire-baire-formacion-y-prevencion-covid-19\/\">Canalizaci\u00f3n de agua potable en el pueblo de Gaire-Baire. Formaci\u00f3n y prevenci\u00f3n Covid-19<\/a>\n                            <\/h2>\n                                                        <div class=\"gecko-proyecto-meta\">\n                                <span>2020<\/span>                                <span> \u00b7 Nepal<\/span>                            <\/div>\n                                                    <\/div>\n                <\/div>\n            <\/div>\n            <div class=\"fusion-clearfix\"><\/div>            <div class=\"fusion-portfolio-post post-9341 fusion-image-grid fusion-one-third fusion-layout-column fusion-spacing-yes\" style=\"padding:10px;\">\n                <div class=\"fusion-column-wrapper\">\n                        <div  class=\"fusion-image-wrapper fusion-image-size-fixed\" aria-haspopup=\"true\">\n\t\t\t\t<img decoding=\"async\" width=\"310\" height=\"175\" src=\"https:\/\/fonspitius.org\/wp-content\/uploads\/007-310x175.jpg\" class=\"attachment-listado-proyectos size-listado-proyectos wp-post-image\" alt=\"\" \/><div class=\"fusion-rollover\">\n\t<div class=\"fusion-rollover-content\">\n\n\t\t\t\t\t\t\t\t\t\t\t\t\t\t<a class=\"fusion-rollover-link\" href=\"https:\/\/fonspitius.org\/es\/proyectos\/acceso-al-derecho-a-una-vivienda-digna-con-saneamiento-para-33-mujeres-y-sus-familias\/\">Acceso al derecho a una vivienda digna con saneamiento para 33 mujeres y sus familias<\/a>\n\t\t\t\n\t\t\t\t\t\t\t\t\n\t\t\n\t\t\t\t\t\t\t\t\n\t\t\t\t\t\t\t\t\n\t\t\n\t\t\t\t\t\t<a class=\"fusion-link-wrapper\" href=\"https:\/\/fonspitius.org\/es\/proyectos\/acceso-al-derecho-a-una-vivienda-digna-con-saneamiento-para-33-mujeres-y-sus-familias\/\" aria-label=\"Acceso al derecho a una vivienda digna con saneamiento para 33 mujeres y sus familias\"><\/a>\n\t<\/div>\n<\/div>\n<\/div>\n                        <div class=\"fusion-portfolio-content\">\n                            <h2 class=\"entry-title fusion-post-title fusion-responsive-typography-calculated\" data-fontsize=\"16\" data-lineheight=\"26px\" style=\"--fontSize:16; line-height: 1.63; --minFontSize:16;\">\n                                <a href=\"https:\/\/fonspitius.org\/es\/proyectos\/acceso-al-derecho-a-una-vivienda-digna-con-saneamiento-para-33-mujeres-y-sus-familias\/\">Acceso al derecho a una vivienda digna con saneamiento para 33 mujeres y sus familias<\/a>\n                            <\/h2>\n                                                        <div class=\"gecko-proyecto-meta\">\n                                <span>2020<\/span>                                <span> \u00b7 India<\/span>                            <\/div>\n                                                    <\/div>\n                <\/div>\n            <\/div>\n                        <div class=\"fusion-portfolio-post post-9346 fusion-image-grid fusion-one-third fusion-layout-column fusion-spacing-yes\" style=\"padding:10px;\">\n                <div class=\"fusion-column-wrapper\">\n                        <div  class=\"fusion-image-wrapper fusion-image-size-fixed\" aria-haspopup=\"true\">\n\t\t\t\t<img decoding=\"async\" width=\"310\" height=\"175\" src=\"https:\/\/fonspitius.org\/wp-content\/uploads\/PP-Ducuali-sector-plantel-310x175.jpg\" class=\"attachment-listado-proyectos size-listado-proyectos wp-post-image\" alt=\"\" \/><div class=\"fusion-rollover\">\n\t<div class=\"fusion-rollover-content\">\n\n\t\t\t\t\t\t\t\t\t\t\t\t\t\t<a class=\"fusion-rollover-link\" href=\"https:\/\/fonspitius.org\/es\/proyectos\/acceso-y-disponibilidad-a-agua-limpia-para-las-personas-que-viven-en-situacion-de-vulnerabilidad\/\">Acceso y disponibilidad a agua limpia para las personas que viven en situaci\u00f3n de vulnerabilidad<\/a>\n\t\t\t\n\t\t\t\t\t\t\t\t\n\t\t\n\t\t\t\t\t\t\t\t\n\t\t\t\t\t\t\t\t\n\t\t\n\t\t\t\t\t\t<a class=\"fusion-link-wrapper\" href=\"https:\/\/fonspitius.org\/es\/proyectos\/acceso-y-disponibilidad-a-agua-limpia-para-las-personas-que-viven-en-situacion-de-vulnerabilidad\/\" aria-label=\"Acceso y disponibilidad a agua limpia para las personas que viven en situaci\u00f3n de vulnerabilidad\"><\/a>\n\t<\/div>\n<\/div>\n<\/div>\n                        <div class=\"fusion-portfolio-content\">\n                            <h2 class=\"entry-title fusion-post-title fusion-responsive-typography-calculated\" data-fontsize=\"16\" data-lineheight=\"26px\" style=\"--fontSize:16; line-height: 1.63; --minFontSize:16;\">\n                                <a href=\"https:\/\/fonspitius.org\/es\/proyectos\/acceso-y-disponibilidad-a-agua-limpia-para-las-personas-que-viven-en-situacion-de-vulnerabilidad\/\">Acceso y disponibilidad a agua limpia para las personas que viven en situaci\u00f3n de vulnerabilidad<\/a>\n                            <\/h2>\n                                                        <div class=\"gecko-proyecto-meta\">\n                                <span>2020<\/span>                                <span> \u00b7 Nicaragua<\/span>                            <\/div>\n                                                    <\/div>\n                <\/div>\n            <\/div>\n                        <div class=\"fusion-portfolio-post post-9350 fusion-image-grid fusion-one-third fusion-layout-column fusion-column-last fusion-spacing-yes\" style=\"padding:10px;\">\n                <div class=\"fusion-column-wrapper\">\n                        <div  class=\"fusion-image-wrapper fusion-image-size-fixed\" aria-haspopup=\"true\">\n\t\t\t\t<img decoding=\"async\" width=\"310\" height=\"175\" src=\"https:\/\/fonspitius.org\/wp-content\/uploads\/26.-toma-de-muestras-en-fuentes-310x175.jpg\" class=\"attachment-listado-proyectos size-listado-proyectos wp-post-image\" alt=\"\" \/><div class=\"fusion-rollover\">\n\t<div class=\"fusion-rollover-content\">\n\n\t\t\t\t\t\t\t\t\t\t\t\t\t\t<a class=\"fusion-rollover-link\" href=\"https:\/\/fonspitius.org\/es\/proyectos\/resiliencia-y-recuperacion-humana-en-un-contexto-de-crisis-frente-la-pandemia-y-el-cambio-climatico\/\">Resiliencia y recuperaci\u00f3n humana en un contexto de crisis frente la pandemia y el cambio clim\u00e1tico<\/a>\n\t\t\t\n\t\t\t\t\t\t\t\t\n\t\t\n\t\t\t\t\t\t\t\t\n\t\t\t\t\t\t\t\t\n\t\t\n\t\t\t\t\t\t<a class=\"fusion-link-wrapper\" href=\"https:\/\/fonspitius.org\/es\/proyectos\/resiliencia-y-recuperacion-humana-en-un-contexto-de-crisis-frente-la-pandemia-y-el-cambio-climatico\/\" aria-label=\"Resiliencia y recuperaci\u00f3n humana en un contexto de crisis frente la pandemia y el cambio clim\u00e1tico\"><\/a>\n\t<\/div>\n<\/div>\n<\/div>\n                        <div class=\"fusion-portfolio-content\">\n                            <h2 class=\"entry-title fusion-post-title fusion-responsive-typography-calculated\" data-fontsize=\"16\" data-lineheight=\"26px\" style=\"--fontSize:16; line-height: 1.63; --minFontSize:16;\">\n                                <a href=\"https:\/\/fonspitius.org\/es\/proyectos\/resiliencia-y-recuperacion-humana-en-un-contexto-de-crisis-frente-la-pandemia-y-el-cambio-climatico\/\">Resiliencia y recuperaci\u00f3n humana en un contexto de crisis frente la pandemia y el cambio clim\u00e1tico<\/a>\n                            <\/h2>\n                                                        <div class=\"gecko-proyecto-meta\">\n                                <span>2020<\/span>                                <span> \u00b7 Nicaragua<\/span>                            <\/div>\n                                                    <\/div>\n                <\/div>\n            <\/div>\n            <div class=\"fusion-clearfix\"><\/div>            <div class=\"fusion-portfolio-post post-9356 fusion-image-grid fusion-one-third fusion-layout-column fusion-spacing-yes\" style=\"padding:10px;\">\n                <div class=\"fusion-column-wrapper\">\n                        <div  class=\"fusion-image-wrapper fusion-image-size-fixed\" aria-haspopup=\"true\">\n\t\t\t\t<img decoding=\"async\" width=\"310\" height=\"175\" src=\"https:\/\/fonspitius.org\/wp-content\/uploads\/IMG-20180823-WA0005-310x175.jpg\" class=\"attachment-listado-proyectos size-listado-proyectos wp-post-image\" alt=\"\" \/><div class=\"fusion-rollover\">\n\t<div class=\"fusion-rollover-content\">\n\n\t\t\t\t\t\t\t\t\t\t\t\t\t\t<a class=\"fusion-rollover-link\" href=\"https:\/\/fonspitius.org\/es\/proyectos\/mejorada-la-disponibilidad-de-servicios-de-agua-potable-en-san-lucas\/\">Mejorada la disponibilidad de servicios de agua potable en San Lucas<\/a>\n\t\t\t\n\t\t\t\t\t\t\t\t\n\t\t\n\t\t\t\t\t\t\t\t\n\t\t\t\t\t\t\t\t\n\t\t\n\t\t\t\t\t\t<a class=\"fusion-link-wrapper\" href=\"https:\/\/fonspitius.org\/es\/proyectos\/mejorada-la-disponibilidad-de-servicios-de-agua-potable-en-san-lucas\/\" aria-label=\"Mejorada la disponibilidad de servicios de agua potable en San Lucas\"><\/a>\n\t<\/div>\n<\/div>\n<\/div>\n                        <div class=\"fusion-portfolio-content\">\n                            <h2 class=\"entry-title fusion-post-title fusion-responsive-typography-calculated\" data-fontsize=\"16\" data-lineheight=\"26px\" style=\"--fontSize:16; line-height: 1.63; --minFontSize:16;\">\n                                <a href=\"https:\/\/fonspitius.org\/es\/proyectos\/mejorada-la-disponibilidad-de-servicios-de-agua-potable-en-san-lucas\/\">Mejorada la disponibilidad de servicios de agua potable en San Lucas<\/a>\n                            <\/h2>\n                                                        <div class=\"gecko-proyecto-meta\">\n                                <span>2020<\/span>                                <span> \u00b7 Nicaragua<\/span>                            <\/div>\n                                                    <\/div>\n                <\/div>\n            <\/div>\n                        <div class=\"fusion-portfolio-post post-9360 fusion-image-grid fusion-one-third fusion-layout-column fusion-spacing-yes\" style=\"padding:10px;\">\n                <div class=\"fusion-column-wrapper\">\n                        <div  class=\"fusion-image-wrapper fusion-image-size-fixed\" aria-haspopup=\"true\">\n\t\t\t\t<img decoding=\"async\" width=\"310\" height=\"175\" src=\"https:\/\/fonspitius.org\/wp-content\/uploads\/foto-acua-1-310x175.png\" class=\"attachment-listado-proyectos size-listado-proyectos wp-post-image\" alt=\"\" \/><div class=\"fusion-rollover\">\n\t<div class=\"fusion-rollover-content\">\n\n\t\t\t\t\t\t\t\t\t\t\t\t\t\t<a class=\"fusion-rollover-link\" href=\"https:\/\/fonspitius.org\/es\/proyectos\/reduccion-de-la-vulnerabilidad-alimentaria-y-sanitaria-de-las-familias-rurales\/\">Reducci\u00f3n de la vulnerabilidad alimentaria y sanitaria de las familias rurales<\/a>\n\t\t\t\n\t\t\t\t\t\t\t\t\n\t\t\n\t\t\t\t\t\t\t\t\n\t\t\t\t\t\t\t\t\n\t\t\n\t\t\t\t\t\t<a class=\"fusion-link-wrapper\" href=\"https:\/\/fonspitius.org\/es\/proyectos\/reduccion-de-la-vulnerabilidad-alimentaria-y-sanitaria-de-las-familias-rurales\/\" aria-label=\"Reducci\u00f3n de la vulnerabilidad alimentaria y sanitaria de las familias rurales\"><\/a>\n\t<\/div>\n<\/div>\n<\/div>\n                        <div class=\"fusion-portfolio-content\">\n                            <h2 class=\"entry-title fusion-post-title fusion-responsive-typography-calculated\" data-fontsize=\"16\" data-lineheight=\"26px\" style=\"--fontSize:16; line-height: 1.63; --minFontSize:16;\">\n                                <a href=\"https:\/\/fonspitius.org\/es\/proyectos\/reduccion-de-la-vulnerabilidad-alimentaria-y-sanitaria-de-las-familias-rurales\/\">Reducci\u00f3n de la vulnerabilidad alimentaria y sanitaria de las familias rurales<\/a>\n                            <\/h2>\n                                                        <div class=\"gecko-proyecto-meta\">\n                                <span>2020<\/span>                                <span> \u00b7 El Salvador<\/span>                            <\/div>\n                                                    <\/div>\n                <\/div>\n            <\/div>\n                        <div class=\"fusion-portfolio-post post-9458 fusion-image-grid fusion-one-third fusion-layout-column fusion-column-last fusion-spacing-yes\" style=\"padding:10px;\">\n                <div class=\"fusion-column-wrapper\">\n                        <div  class=\"fusion-image-wrapper fusion-image-size-fixed\" aria-haspopup=\"true\">\n\t\t\t\t<img decoding=\"async\" width=\"310\" height=\"175\" src=\"https:\/\/fonspitius.org\/wp-content\/uploads\/IMG-20210205-WA0016-1-310x175.jpg\" class=\"attachment-listado-proyectos size-listado-proyectos wp-post-image\" alt=\"\" srcset=\"https:\/\/fonspitius.org\/wp-content\/uploads\/IMG-20210205-WA0016-1-200x114.jpg 200w, https:\/\/fonspitius.org\/wp-content\/uploads\/IMG-20210205-WA0016-1-310x175.jpg 310w\" sizes=\"(max-width: 310px) 100vw, 310px\" \/><div class=\"fusion-rollover\">\n\t<div class=\"fusion-rollover-content\">\n\n\t\t\t\t\t\t\t\t\t\t\t\t\t\t<a class=\"fusion-rollover-link\" href=\"https:\/\/fonspitius.org\/es\/proyectos\/apoyo-de-post-emergencia-en-4-comunidades-del-municipio-de-santa-maria-de-nebaj-afectadas-por-las-tormentas-tropicales-eta-y-iota\/\">Apoyo de post-emergencia en 4 comunidades del municipio de Santa Maria de Nebaj afectadas por las tormentas tropicales Eta y Iota<\/a>\n\t\t\t\n\t\t\t\t\t\t\t\t\n\t\t\n\t\t\t\t\t\t\t\t\n\t\t\t\t\t\t\t\t\n\t\t\n\t\t\t\t\t\t<a class=\"fusion-link-wrapper\" href=\"https:\/\/fonspitius.org\/es\/proyectos\/apoyo-de-post-emergencia-en-4-comunidades-del-municipio-de-santa-maria-de-nebaj-afectadas-por-las-tormentas-tropicales-eta-y-iota\/\" aria-label=\"Apoyo de post-emergencia en 4 comunidades del municipio de Santa Maria de Nebaj afectadas por las tormentas tropicales Eta y Iota\"><\/a>\n\t<\/div>\n<\/div>\n<\/div>\n                        <div class=\"fusion-portfolio-content\">\n                            <h2 class=\"entry-title fusion-post-title fusion-responsive-typography-calculated\" data-fontsize=\"16\" data-lineheight=\"26px\" style=\"--fontSize:16; line-height: 1.63; --minFontSize:16;\">\n                                <a href=\"https:\/\/fonspitius.org\/es\/proyectos\/apoyo-de-post-emergencia-en-4-comunidades-del-municipio-de-santa-maria-de-nebaj-afectadas-por-las-tormentas-tropicales-eta-y-iota\/\">Apoyo de post-emergencia en 4 comunidades del municipio de Santa Maria de Nebaj afectadas por las to...<\/a>\n                            <\/h2>\n                                                        <div class=\"gecko-proyecto-meta\">\n                                <span>2020<\/span>                                <span> \u00b7 Guatemala<\/span>                            <\/div>\n                                                    <\/div>\n                <\/div>\n            <\/div>\n            <div class=\"fusion-clearfix\"><\/div>            <div class=\"fusion-portfolio-post post-9504 fusion-image-grid fusion-one-third fusion-layout-column fusion-spacing-yes\" style=\"padding:10px;\">\n                <div class=\"fusion-column-wrapper\">\n                        <div  class=\"fusion-image-wrapper fusion-image-size-fixed\" aria-haspopup=\"true\">\n\t\t\t\t<img decoding=\"async\" width=\"310\" height=\"175\" src=\"https:\/\/fonspitius.org\/wp-content\/uploads\/foto-ecos-310x175.jpg\" class=\"attachment-listado-proyectos size-listado-proyectos wp-post-image\" alt=\"\" \/><div class=\"fusion-rollover\">\n\t<div class=\"fusion-rollover-content\">\n\n\t\t\t\t\t\t\t\t\t\t\t\t\t\t<a class=\"fusion-rollover-link\" href=\"https:\/\/fonspitius.org\/es\/proyectos\/fortalecida-la-capacidad-organizativa-de-los-espacios-territoriales-del-foro-del-agua-para-la-exigibilidad-del-derecho-humano-al-agua-y-su-gestion-publica\/\">Fortalecida la capacidad organizativa de los espacios territoriales del Foro del Agua para la exigibilidad del derecho humano al agua y su gesti\u00f3n p\u00fablica<\/a>\n\t\t\t\n\t\t\t\t\t\t\t\t\n\t\t\n\t\t\t\t\t\t\t\t\n\t\t\t\t\t\t\t\t\n\t\t\n\t\t\t\t\t\t<a class=\"fusion-link-wrapper\" href=\"https:\/\/fonspitius.org\/es\/proyectos\/fortalecida-la-capacidad-organizativa-de-los-espacios-territoriales-del-foro-del-agua-para-la-exigibilidad-del-derecho-humano-al-agua-y-su-gestion-publica\/\" aria-label=\"Fortalecida la capacidad organizativa de los espacios territoriales del Foro del Agua para la exigibilidad del derecho humano al agua y su gesti\u00f3n p\u00fablica\"><\/a>\n\t<\/div>\n<\/div>\n<\/div>\n                        <div class=\"fusion-portfolio-content\">\n                            <h2 class=\"entry-title fusion-post-title fusion-responsive-typography-calculated\" data-fontsize=\"16\" data-lineheight=\"26px\" style=\"--fontSize:16; line-height: 1.63; --minFontSize:16;\">\n                                <a href=\"https:\/\/fonspitius.org\/es\/proyectos\/fortalecida-la-capacidad-organizativa-de-los-espacios-territoriales-del-foro-del-agua-para-la-exigibilidad-del-derecho-humano-al-agua-y-su-gestion-publica\/\">Fortalecida la capacidad organizativa de los espacios territoriales del Foro del Agua para la exigib...<\/a>\n                            <\/h2>\n                                                        <div class=\"gecko-proyecto-meta\">\n                                <span>2020<\/span>                                <span> \u00b7 El Salvador<\/span>                            <\/div>\n                                                    <\/div>\n                <\/div>\n            <\/div>\n                        <div class=\"fusion-portfolio-post post-8551 fusion-image-grid fusion-one-third fusion-layout-column fusion-spacing-yes\" style=\"padding:10px;\">\n                <div class=\"fusion-column-wrapper\">\n                        <div  class=\"fusion-image-wrapper fusion-image-size-fixed\" aria-haspopup=\"true\">\n\t\t\t\t<img decoding=\"async\" width=\"310\" height=\"175\" src=\"https:\/\/fonspitius.org\/wp-content\/uploads\/Entrega-paquete-alimenticios-4-310x175.jpg\" class=\"attachment-listado-proyectos size-listado-proyectos wp-post-image\" alt=\"\" \/><div class=\"fusion-rollover\">\n\t<div class=\"fusion-rollover-content\">\n\n\t\t\t\t\t\t\t\t\t\t\t\t\t\t<a class=\"fusion-rollover-link\" href=\"https:\/\/fonspitius.org\/es\/proyectos\/disminucion-de-la-inseguridad-alimentaria-por-la-vulnerabilidad-en-el-corredor-seco-de-san-lucas-y-palacaguina\/\">Disminuci\u00f3n de la inseguridad alimentaria por la vulnerabilidad en el corredor seco de San Lucas y Palacag\u00fcina<\/a>\n\t\t\t\n\t\t\t\t\t\t\t\t\n\t\t\n\t\t\t\t\t\t\t\t\n\t\t\t\t\t\t\t\t\n\t\t\n\t\t\t\t\t\t<a class=\"fusion-link-wrapper\" href=\"https:\/\/fonspitius.org\/es\/proyectos\/disminucion-de-la-inseguridad-alimentaria-por-la-vulnerabilidad-en-el-corredor-seco-de-san-lucas-y-palacaguina\/\" aria-label=\"Disminuci\u00f3n de la inseguridad alimentaria por la vulnerabilidad en el corredor seco de San Lucas y Palacag\u00fcina\"><\/a>\n\t<\/div>\n<\/div>\n<\/div>\n                        <div class=\"fusion-portfolio-content\">\n                            <h2 class=\"entry-title fusion-post-title fusion-responsive-typography-calculated\" data-fontsize=\"16\" data-lineheight=\"26px\" style=\"--fontSize:16; line-height: 1.63; --minFontSize:16;\">\n                                <a href=\"https:\/\/fonspitius.org\/es\/proyectos\/disminucion-de-la-inseguridad-alimentaria-por-la-vulnerabilidad-en-el-corredor-seco-de-san-lucas-y-palacaguina\/\">Disminuci\u00f3n de la inseguridad alimentaria por la vulnerabilidad en el corredor seco de San Lucas y P...<\/a>\n                            <\/h2>\n                                                        <div class=\"gecko-proyecto-meta\">\n                                <span>2019<\/span>                                <span> \u00b7 Nicaragua<\/span>                            <\/div>\n                                                    <\/div>\n                <\/div>\n            <\/div>\n                        <div class=\"fusion-portfolio-post post-8601 fusion-image-grid fusion-one-third fusion-layout-column fusion-column-last fusion-spacing-yes\" style=\"padding:10px;\">\n                <div class=\"fusion-column-wrapper\">\n                        <div  class=\"fusion-image-wrapper fusion-image-size-fixed\" aria-haspopup=\"true\">\n\t\t\t\t<img decoding=\"async\" width=\"310\" height=\"175\" src=\"https:\/\/fonspitius.org\/wp-content\/uploads\/Fumigacion-Escuela-Las-Mar\u00edas-310x175.jpg\" class=\"attachment-listado-proyectos size-listado-proyectos wp-post-image\" alt=\"\" srcset=\"https:\/\/fonspitius.org\/wp-content\/uploads\/Fumigacion-Escuela-Las-Mar\u00edas-200x113.jpg 200w, https:\/\/fonspitius.org\/wp-content\/uploads\/Fumigacion-Escuela-Las-Mar\u00edas-300x169.jpg 300w, https:\/\/fonspitius.org\/wp-content\/uploads\/Fumigacion-Escuela-Las-Mar\u00edas-310x175.jpg 310w, https:\/\/fonspitius.org\/wp-content\/uploads\/Fumigacion-Escuela-Las-Mar\u00edas-400x225.jpg 400w, https:\/\/fonspitius.org\/wp-content\/uploads\/Fumigacion-Escuela-Las-Mar\u00edas-600x338.jpg 600w, https:\/\/fonspitius.org\/wp-content\/uploads\/Fumigacion-Escuela-Las-Mar\u00edas-800x450.jpg 800w, https:\/\/fonspitius.org\/wp-content\/uploads\/Fumigacion-Escuela-Las-Mar\u00edas-1024x576.jpg 1024w, https:\/\/fonspitius.org\/wp-content\/uploads\/Fumigacion-Escuela-Las-Mar\u00edas-1200x675.jpg 1200w, https:\/\/fonspitius.org\/wp-content\/uploads\/Fumigacion-Escuela-Las-Mar\u00edas-1536x864.jpg 1536w\" sizes=\"(max-width: 310px) 100vw, 310px\" \/><div class=\"fusion-rollover\">\n\t<div class=\"fusion-rollover-content\">\n\n\t\t\t\t\t\t\t\t\t\t\t\t\t\t<a class=\"fusion-rollover-link\" href=\"https:\/\/fonspitius.org\/es\/proyectos\/respuesta-de-emergencia-al-brote-de-dengue-en-santa-barbara\/\">Respuesta de emergencia al brote de dengue en Santa B\u00e1rbara<\/a>\n\t\t\t\n\t\t\t\t\t\t\t\t\n\t\t\n\t\t\t\t\t\t\t\t\n\t\t\t\t\t\t\t\t\n\t\t\n\t\t\t\t\t\t<a class=\"fusion-link-wrapper\" href=\"https:\/\/fonspitius.org\/es\/proyectos\/respuesta-de-emergencia-al-brote-de-dengue-en-santa-barbara\/\" aria-label=\"Respuesta de emergencia al brote de dengue en Santa B\u00e1rbara\"><\/a>\n\t<\/div>\n<\/div>\n<\/div>\n                        <div class=\"fusion-portfolio-content\">\n                            <h2 class=\"entry-title fusion-post-title fusion-responsive-typography-calculated\" data-fontsize=\"16\" data-lineheight=\"26px\" style=\"--fontSize:16; line-height: 1.63; --minFontSize:16;\">\n                                <a href=\"https:\/\/fonspitius.org\/es\/proyectos\/respuesta-de-emergencia-al-brote-de-dengue-en-santa-barbara\/\">Respuesta de emergencia al brote de dengue en Santa B\u00e1rbara<\/a>\n                            <\/h2>\n                                                        <div class=\"gecko-proyecto-meta\">\n                                <span>2019<\/span>                                <span> \u00b7 Honduras<\/span>                            <\/div>\n                                                    <\/div>\n                <\/div>\n            <\/div>\n            <div class=\"fusion-clearfix\"><\/div>            <div class=\"fusion-portfolio-post post-8648 fusion-image-grid fusion-one-third fusion-layout-column fusion-spacing-yes\" style=\"padding:10px;\">\n                <div class=\"fusion-column-wrapper\">\n                        <div  class=\"fusion-image-wrapper fusion-image-size-fixed\" aria-haspopup=\"true\">\n\t\t\t\t<img decoding=\"async\" width=\"310\" height=\"175\" src=\"https:\/\/fonspitius.org\/wp-content\/uploads\/Sin-t\u00edtulo-2-310x175.png\" class=\"attachment-listado-proyectos size-listado-proyectos wp-post-image\" alt=\"\" \/><div class=\"fusion-rollover\">\n\t<div class=\"fusion-rollover-content\">\n\n\t\t\t\t\t\t\t\t\t\t\t\t\t\t<a class=\"fusion-rollover-link\" href=\"https:\/\/fonspitius.org\/es\/proyectos\/innovacion-pedagogica-para-el-desarrollo-de-capacidades-productivas-y-uso-de-recursos-de-las-tic-con-los-estudiantes\/\">Innovaci\u00f3n pedag\u00f3gica para el desarrollo de capacidades productivas y uso de recursos de las TIC con los estudiantes<\/a>\n\t\t\t\n\t\t\t\t\t\t\t\t\n\t\t\n\t\t\t\t\t\t\t\t\n\t\t\t\t\t\t\t\t\n\t\t\n\t\t\t\t\t\t<a class=\"fusion-link-wrapper\" href=\"https:\/\/fonspitius.org\/es\/proyectos\/innovacion-pedagogica-para-el-desarrollo-de-capacidades-productivas-y-uso-de-recursos-de-las-tic-con-los-estudiantes\/\" aria-label=\"Innovaci\u00f3n pedag\u00f3gica para el desarrollo de capacidades productivas y uso de recursos de las TIC con los estudiantes\"><\/a>\n\t<\/div>\n<\/div>\n<\/div>\n                        <div class=\"fusion-portfolio-content\">\n                            <h2 class=\"entry-title fusion-post-title fusion-responsive-typography-calculated\" data-fontsize=\"16\" data-lineheight=\"26px\" style=\"--fontSize:16; line-height: 1.63; --minFontSize:16;\">\n                                <a href=\"https:\/\/fonspitius.org\/es\/proyectos\/innovacion-pedagogica-para-el-desarrollo-de-capacidades-productivas-y-uso-de-recursos-de-las-tic-con-los-estudiantes\/\">Innovaci\u00f3n pedag\u00f3gica para el desarrollo de capacidades productivas y uso de recursos de las TIC con...<\/a>\n                            <\/h2>\n                                                        <div class=\"gecko-proyecto-meta\">\n                                <span>2019<\/span>                                <span> \u00b7 Per\u00fa<\/span>                            <\/div>\n                                                    <\/div>\n                <\/div>\n            <\/div>\n                        <div class=\"fusion-portfolio-post post-8655 fusion-image-grid fusion-one-third fusion-layout-column fusion-spacing-yes\" style=\"padding:10px;\">\n                <div class=\"fusion-column-wrapper\">\n                        <div  class=\"fusion-image-wrapper fusion-image-size-fixed\" aria-haspopup=\"true\">\n\t\t\t\t<img decoding=\"async\" width=\"310\" height=\"175\" src=\"https:\/\/fonspitius.org\/wp-content\/uploads\/IMG_3534-310x175.jpg\" class=\"attachment-listado-proyectos size-listado-proyectos wp-post-image\" alt=\"\" \/><div class=\"fusion-rollover\">\n\t<div class=\"fusion-rollover-content\">\n\n\t\t\t\t\t\t\t\t\t\t\t\t\t\t<a class=\"fusion-rollover-link\" href=\"https:\/\/fonspitius.org\/es\/proyectos\/mujeres-mayas-ixiles-hacia-la-defensa-de-sus-derechos-individuales-y-colectivos-2o-ano\/\">Mujeres mayas ixiles hacia la defensa de sus derechos individuales y colectivos (2\u00ba a\u00f1o)<\/a>\n\t\t\t\n\t\t\t\t\t\t\t\t\n\t\t\n\t\t\t\t\t\t\t\t\n\t\t\t\t\t\t\t\t\n\t\t\n\t\t\t\t\t\t<a class=\"fusion-link-wrapper\" href=\"https:\/\/fonspitius.org\/es\/proyectos\/mujeres-mayas-ixiles-hacia-la-defensa-de-sus-derechos-individuales-y-colectivos-2o-ano\/\" aria-label=\"Mujeres mayas ixiles hacia la defensa de sus derechos individuales y colectivos (2\u00ba a\u00f1o)\"><\/a>\n\t<\/div>\n<\/div>\n<\/div>\n                        <div class=\"fusion-portfolio-content\">\n                            <h2 class=\"entry-title fusion-post-title fusion-responsive-typography-calculated\" data-fontsize=\"16\" data-lineheight=\"26px\" style=\"--fontSize:16; line-height: 1.63; --minFontSize:16;\">\n                                <a href=\"https:\/\/fonspitius.org\/es\/proyectos\/mujeres-mayas-ixiles-hacia-la-defensa-de-sus-derechos-individuales-y-colectivos-2o-ano\/\">Mujeres mayas ixiles hacia la defensa de sus derechos individuales y colectivos (2\u00ba a\u00f1o)<\/a>\n                            <\/h2>\n                                                        <div class=\"gecko-proyecto-meta\">\n                                <span>2019<\/span>                                <span> \u00b7 Guatemala<\/span>                            <\/div>\n                                                    <\/div>\n                <\/div>\n            <\/div>\n                        <div class=\"fusion-portfolio-post post-8669 fusion-image-grid fusion-one-third fusion-layout-column fusion-column-last fusion-spacing-yes\" style=\"padding:10px;\">\n                <div class=\"fusion-column-wrapper\">\n                        <div  class=\"fusion-image-wrapper fusion-image-size-fixed\" aria-haspopup=\"true\">\n\t\t\t\t<img decoding=\"async\" width=\"310\" height=\"175\" src=\"https:\/\/fonspitius.org\/wp-content\/uploads\/IMG_8799-310x175.jpg\" class=\"attachment-listado-proyectos size-listado-proyectos wp-post-image\" alt=\"\" srcset=\"https:\/\/fonspitius.org\/wp-content\/uploads\/IMG_8799-200x112.jpg 200w, https:\/\/fonspitius.org\/wp-content\/uploads\/IMG_8799-300x169.jpg 300w, https:\/\/fonspitius.org\/wp-content\/uploads\/IMG_8799-310x175.jpg 310w, https:\/\/fonspitius.org\/wp-content\/uploads\/IMG_8799-400x225.jpg 400w, https:\/\/fonspitius.org\/wp-content\/uploads\/IMG_8799-600x337.jpg 600w, https:\/\/fonspitius.org\/wp-content\/uploads\/IMG_8799-800x449.jpg 800w, https:\/\/fonspitius.org\/wp-content\/uploads\/IMG_8799-1024x575.jpg 1024w, https:\/\/fonspitius.org\/wp-content\/uploads\/IMG_8799-1200x674.jpg 1200w, https:\/\/fonspitius.org\/wp-content\/uploads\/IMG_8799-1536x863.jpg 1536w\" sizes=\"(max-width: 310px) 100vw, 310px\" \/><div class=\"fusion-rollover\">\n\t<div class=\"fusion-rollover-content\">\n\n\t\t\t\t\t\t\t\t\t\t\t\t\t\t<a class=\"fusion-rollover-link\" href=\"https:\/\/fonspitius.org\/es\/proyectos\/fortalecimiento-de-las-capacidades-en-salud-desde-la-prevencion-y-la-atencion-primaria-en-poblaciones-rurales-de-santa-barbara\/\">Fortalecimiento de las capacidades en salud desde la prevenci\u00f3n y la atenci\u00f3n primaria en poblaciones rurales de Santa B\u00e1rbara<\/a>\n\t\t\t\n\t\t\t\t\t\t\t\t\n\t\t\n\t\t\t\t\t\t\t\t\n\t\t\t\t\t\t\t\t\n\t\t\n\t\t\t\t\t\t<a class=\"fusion-link-wrapper\" href=\"https:\/\/fonspitius.org\/es\/proyectos\/fortalecimiento-de-las-capacidades-en-salud-desde-la-prevencion-y-la-atencion-primaria-en-poblaciones-rurales-de-santa-barbara\/\" aria-label=\"Fortalecimiento de las capacidades en salud desde la prevenci\u00f3n y la atenci\u00f3n primaria en poblaciones rurales de Santa B\u00e1rbara\"><\/a>\n\t<\/div>\n<\/div>\n<\/div>\n                        <div class=\"fusion-portfolio-content\">\n                            <h2 class=\"entry-title fusion-post-title fusion-responsive-typography-calculated\" data-fontsize=\"16\" data-lineheight=\"26px\" style=\"--fontSize:16; line-height: 1.63; --minFontSize:16;\">\n                                <a href=\"https:\/\/fonspitius.org\/es\/proyectos\/fortalecimiento-de-las-capacidades-en-salud-desde-la-prevencion-y-la-atencion-primaria-en-poblaciones-rurales-de-santa-barbara\/\">Fortalecimiento de las capacidades en salud desde la prevenci\u00f3n y la atenci\u00f3n primaria en poblacione...<\/a>\n                            <\/h2>\n                                                        <div class=\"gecko-proyecto-meta\">\n                                <span>2019<\/span>                                <span> \u00b7 Honduras<\/span>                            <\/div>\n                                                    <\/div>\n                <\/div>\n            <\/div>\n            <div class=\"fusion-clearfix\"><\/div>            <div class=\"fusion-portfolio-post post-8679 fusion-image-grid fusion-one-third fusion-layout-column fusion-spacing-yes\" style=\"padding:10px;\">\n                <div class=\"fusion-column-wrapper\">\n                        <div  class=\"fusion-image-wrapper fusion-image-size-fixed\" aria-haspopup=\"true\">\n\t\t\t\t<img decoding=\"async\" width=\"310\" height=\"175\" src=\"https:\/\/fonspitius.org\/wp-content\/uploads\/62-310x175.jpg\" class=\"attachment-listado-proyectos size-listado-proyectos wp-post-image\" alt=\"\" \/><div class=\"fusion-rollover\">\n\t<div class=\"fusion-rollover-content\">\n\n\t\t\t\t\t\t\t\t\t\t\t\t\t\t<a class=\"fusion-rollover-link\" href=\"https:\/\/fonspitius.org\/es\/proyectos\/participacion-ciudadana-comprometida-con-el-cuidado-del-medio-ambiente-y-mejora-de-su-territorio\/\">Participaci\u00f3n ciudadana comprometida con el cuidado del medio ambiente y mejora de su territorio.<\/a>\n\t\t\t\n\t\t\t\t\t\t\t\t\n\t\t\n\t\t\t\t\t\t\t\t\n\t\t\t\t\t\t\t\t\n\t\t\n\t\t\t\t\t\t<a class=\"fusion-link-wrapper\" href=\"https:\/\/fonspitius.org\/es\/proyectos\/participacion-ciudadana-comprometida-con-el-cuidado-del-medio-ambiente-y-mejora-de-su-territorio\/\" aria-label=\"Participaci\u00f3n ciudadana comprometida con el cuidado del medio ambiente y mejora de su territorio.\"><\/a>\n\t<\/div>\n<\/div>\n<\/div>\n                        <div class=\"fusion-portfolio-content\">\n                            <h2 class=\"entry-title fusion-post-title fusion-responsive-typography-calculated\" data-fontsize=\"16\" data-lineheight=\"26px\" style=\"--fontSize:16; line-height: 1.63; --minFontSize:16;\">\n                                <a href=\"https:\/\/fonspitius.org\/es\/proyectos\/participacion-ciudadana-comprometida-con-el-cuidado-del-medio-ambiente-y-mejora-de-su-territorio\/\">Participaci\u00f3n ciudadana comprometida con el cuidado del medio ambiente y mejora de su territorio.<\/a>\n                            <\/h2>\n                                                        <div class=\"gecko-proyecto-meta\">\n                                <span>2019<\/span>                                <span> \u00b7 Per\u00fa<\/span>                            <\/div>\n                                                    <\/div>\n                <\/div>\n            <\/div>\n                        <div class=\"fusion-portfolio-post post-8685 fusion-image-grid fusion-one-third fusion-layout-column fusion-spacing-yes\" style=\"padding:10px;\">\n                <div class=\"fusion-column-wrapper\">\n                        <div  class=\"fusion-image-wrapper fusion-image-size-fixed\" aria-haspopup=\"true\">\n\t\t\t\t<img decoding=\"async\" width=\"310\" height=\"175\" src=\"https:\/\/fonspitius.org\/wp-content\/uploads\/Foto-formacion-casa-2-310x175.jpg\" class=\"attachment-listado-proyectos size-listado-proyectos wp-post-image\" alt=\"\" \/><div class=\"fusion-rollover\">\n\t<div class=\"fusion-rollover-content\">\n\n\t\t\t\t\t\t\t\t\t\t\t\t\t\t<a class=\"fusion-rollover-link\" href=\"https:\/\/fonspitius.org\/es\/proyectos\/canalizacion-de-agua-potable-en-el-pueblo-de-lauruk\/\">Canalizaci\u00f3n de agua potable en el pueblo de Lauruk<\/a>\n\t\t\t\n\t\t\t\t\t\t\t\t\n\t\t\n\t\t\t\t\t\t\t\t\n\t\t\t\t\t\t\t\t\n\t\t\n\t\t\t\t\t\t<a class=\"fusion-link-wrapper\" href=\"https:\/\/fonspitius.org\/es\/proyectos\/canalizacion-de-agua-potable-en-el-pueblo-de-lauruk\/\" aria-label=\"Canalizaci\u00f3n de agua potable en el pueblo de Lauruk\"><\/a>\n\t<\/div>\n<\/div>\n<\/div>\n                        <div class=\"fusion-portfolio-content\">\n                            <h2 class=\"entry-title fusion-post-title fusion-responsive-typography-calculated\" data-fontsize=\"16\" data-lineheight=\"26px\" style=\"--fontSize:16; line-height: 1.63; --minFontSize:16;\">\n                                <a href=\"https:\/\/fonspitius.org\/es\/proyectos\/canalizacion-de-agua-potable-en-el-pueblo-de-lauruk\/\">Canalizaci\u00f3n de agua potable en el pueblo de Lauruk<\/a>\n                            <\/h2>\n                                                        <div class=\"gecko-proyecto-meta\">\n                                <span>2019<\/span>                                <span> \u00b7 Nepal<\/span>                            <\/div>\n                                                    <\/div>\n                <\/div>\n            <\/div>\n                        <div class=\"fusion-portfolio-post post-8714 fusion-image-grid fusion-one-third fusion-layout-column fusion-column-last fusion-spacing-yes\" style=\"padding:10px;\">\n                <div class=\"fusion-column-wrapper\">\n                        <div  class=\"fusion-image-wrapper fusion-image-size-fixed\" aria-haspopup=\"true\">\n\t\t\t\t<img decoding=\"async\" width=\"310\" height=\"175\" src=\"https:\/\/fonspitius.org\/wp-content\/uploads\/mans-unides-310x175.jpg\" class=\"attachment-listado-proyectos size-listado-proyectos wp-post-image\" alt=\"\" \/><div class=\"fusion-rollover\">\n\t<div class=\"fusion-rollover-content\">\n\n\t\t\t\t\t\t\t\t\t\t\t\t\t\t<a class=\"fusion-rollover-link\" href=\"https:\/\/fonspitius.org\/es\/proyectos\/fortalecimiento-de-las-alternativas-de-produccion-agroecologica-con-articulacion-territorial-enfoque-de-genero-derechos-humanos-y-proteccion-de-los-bienes-naturales\/\">Fortalecimiento de las alternativas de producci\u00f3n agroecol\u00f3gica con articulaci\u00f3n territorial, enfoque de g\u00e9nero, derechos humanos y protecci\u00f3n de los bienes naturales.<\/a>\n\t\t\t\n\t\t\t\t\t\t\t\t\n\t\t\n\t\t\t\t\t\t\t\t\n\t\t\t\t\t\t\t\t\n\t\t\n\t\t\t\t\t\t<a class=\"fusion-link-wrapper\" href=\"https:\/\/fonspitius.org\/es\/proyectos\/fortalecimiento-de-las-alternativas-de-produccion-agroecologica-con-articulacion-territorial-enfoque-de-genero-derechos-humanos-y-proteccion-de-los-bienes-naturales\/\" aria-label=\"Fortalecimiento de las alternativas de producci\u00f3n agroecol\u00f3gica con articulaci\u00f3n territorial, enfoque de g\u00e9nero, derechos humanos y protecci\u00f3n de los bienes naturales.\"><\/a>\n\t<\/div>\n<\/div>\n<\/div>\n                        <div class=\"fusion-portfolio-content\">\n                            <h2 class=\"entry-title fusion-post-title fusion-responsive-typography-calculated\" data-fontsize=\"16\" data-lineheight=\"26px\" style=\"--fontSize:16; line-height: 1.63; --minFontSize:16;\">\n                                <a href=\"https:\/\/fonspitius.org\/es\/proyectos\/fortalecimiento-de-las-alternativas-de-produccion-agroecologica-con-articulacion-territorial-enfoque-de-genero-derechos-humanos-y-proteccion-de-los-bienes-naturales\/\">Fortalecimiento de las alternativas de producci\u00f3n agroecol\u00f3gica con articulaci\u00f3n territorial, enfoqu...<\/a>\n                            <\/h2>\n                                                        <div class=\"gecko-proyecto-meta\">\n                                <span>2019<\/span>                                <span> \u00b7 Guatemala<\/span>                            <\/div>\n                                                    <\/div>\n                <\/div>\n            <\/div>\n            <div class=\"fusion-clearfix\"><\/div>            <div class=\"fusion-portfolio-post post-8719 fusion-image-grid fusion-one-third fusion-layout-column fusion-spacing-yes\" style=\"padding:10px;\">\n                <div class=\"fusion-column-wrapper\">\n                        <div  class=\"fusion-image-wrapper fusion-image-size-fixed\" aria-haspopup=\"true\">\n\t\t\t\t<img decoding=\"async\" width=\"310\" height=\"175\" src=\"https:\/\/fonspitius.org\/wp-content\/uploads\/Captura5-310x175.jpg\" class=\"attachment-listado-proyectos size-listado-proyectos wp-post-image\" alt=\"\" \/><div class=\"fusion-rollover\">\n\t<div class=\"fusion-rollover-content\">\n\n\t\t\t\t\t\t\t\t\t\t\t\t\t\t<a class=\"fusion-rollover-link\" href=\"https:\/\/fonspitius.org\/es\/proyectos\/8719\/\">Acceso al derecho a una vivienda digna con saneamiento b\u00e1sico para 28 mujeres y sus familias en situaci\u00f3n de vulnerabilidad<\/a>\n\t\t\t\n\t\t\t\t\t\t\t\t\n\t\t\n\t\t\t\t\t\t\t\t\n\t\t\t\t\t\t\t\t\n\t\t\n\t\t\t\t\t\t<a class=\"fusion-link-wrapper\" href=\"https:\/\/fonspitius.org\/es\/proyectos\/8719\/\" aria-label=\"Acceso al derecho a una vivienda digna con saneamiento b\u00e1sico para 28 mujeres y sus familias en situaci\u00f3n de vulnerabilidad\"><\/a>\n\t<\/div>\n<\/div>\n<\/div>\n                        <div class=\"fusion-portfolio-content\">\n                            <h2 class=\"entry-title fusion-post-title fusion-responsive-typography-calculated\" data-fontsize=\"16\" data-lineheight=\"26px\" style=\"--fontSize:16; line-height: 1.63; --minFontSize:16;\">\n                                <a href=\"https:\/\/fonspitius.org\/es\/proyectos\/8719\/\">Acceso al derecho a una vivienda digna con saneamiento b\u00e1sico para 28 mujeres y sus familias en situ...<\/a>\n                            <\/h2>\n                                                        <div class=\"gecko-proyecto-meta\">\n                                <span>2019<\/span>                                <span> \u00b7 India<\/span>                            <\/div>\n                                                    <\/div>\n                <\/div>\n            <\/div>\n                        <div class=\"fusion-portfolio-post post-8732 fusion-image-grid fusion-one-third fusion-layout-column fusion-spacing-yes\" style=\"padding:10px;\">\n                <div class=\"fusion-column-wrapper\">\n                        <div  class=\"fusion-image-wrapper fusion-image-size-fixed\" aria-haspopup=\"true\">\n\t\t\t\t<img decoding=\"async\" width=\"310\" height=\"175\" src=\"https:\/\/fonspitius.org\/wp-content\/uploads\/CIMG8328-310x175.jpg\" class=\"attachment-listado-proyectos size-listado-proyectos wp-post-image\" alt=\"\" \/><div class=\"fusion-rollover\">\n\t<div class=\"fusion-rollover-content\">\n\n\t\t\t\t\t\t\t\t\t\t\t\t\t\t<a class=\"fusion-rollover-link\" href=\"https:\/\/fonspitius.org\/es\/proyectos\/mejora-del-acceso-a-una-energia-asequible-segura-y-sostenible-en-las-comunidades-de-aguas-calientes-los-cedros-y-gualiqueme\/\">Mejora del acceso a una energ\u00eda asequible, segura y sostenible en comunidades rurales de San Lucas<\/a>\n\t\t\t\n\t\t\t\t\t\t\t\t\n\t\t\n\t\t\t\t\t\t\t\t\n\t\t\t\t\t\t\t\t\n\t\t\n\t\t\t\t\t\t<a class=\"fusion-link-wrapper\" href=\"https:\/\/fonspitius.org\/es\/proyectos\/mejora-del-acceso-a-una-energia-asequible-segura-y-sostenible-en-las-comunidades-de-aguas-calientes-los-cedros-y-gualiqueme\/\" aria-label=\"Mejora del acceso a una energ\u00eda asequible, segura y sostenible en comunidades rurales de San Lucas\"><\/a>\n\t<\/div>\n<\/div>\n<\/div>\n                        <div class=\"fusion-portfolio-content\">\n                            <h2 class=\"entry-title fusion-post-title fusion-responsive-typography-calculated\" data-fontsize=\"16\" data-lineheight=\"26px\" style=\"--fontSize:16; line-height: 1.63; --minFontSize:16;\">\n                                <a href=\"https:\/\/fonspitius.org\/es\/proyectos\/mejora-del-acceso-a-una-energia-asequible-segura-y-sostenible-en-las-comunidades-de-aguas-calientes-los-cedros-y-gualiqueme\/\">Mejora del acceso a una energ\u00eda asequible, segura y sostenible en comunidades rurales de San Lucas<\/a>\n                            <\/h2>\n                                                        <div class=\"gecko-proyecto-meta\">\n                                <span>2019<\/span>                                <span> \u00b7 Nicaragua<\/span>                            <\/div>\n                                                    <\/div>\n                <\/div>\n            <\/div>\n                        <div class=\"fusion-portfolio-post post-8736 fusion-image-grid fusion-one-third fusion-layout-column fusion-column-last fusion-spacing-yes\" style=\"padding:10px;\">\n                <div class=\"fusion-column-wrapper\">\n                        <div  class=\"fusion-image-wrapper fusion-image-size-fixed\" aria-haspopup=\"true\">\n\t\t\t\t<img decoding=\"async\" width=\"310\" height=\"175\" src=\"https:\/\/fonspitius.org\/wp-content\/uploads\/8_INTE1-310x175.jpg\" class=\"attachment-listado-proyectos size-listado-proyectos wp-post-image\" alt=\"\" \/><div class=\"fusion-rollover\">\n\t<div class=\"fusion-rollover-content\">\n\n\t\t\t\t\t\t\t\t\t\t\t\t\t\t<a class=\"fusion-rollover-link\" href=\"https:\/\/fonspitius.org\/es\/proyectos\/fortalecimiento-de-las-capacidades-de-produccion-agricola-y-de-generacion-de-empleo-a-mujeres-rurales\/\">Fortalecimiento de las capacidades de producci\u00f3n agr\u00edcola y de generaci\u00f3n de empleo a mujeres rurales<\/a>\n\t\t\t\n\t\t\t\t\t\t\t\t\n\t\t\n\t\t\t\t\t\t\t\t\n\t\t\t\t\t\t\t\t\n\t\t\n\t\t\t\t\t\t<a class=\"fusion-link-wrapper\" href=\"https:\/\/fonspitius.org\/es\/proyectos\/fortalecimiento-de-las-capacidades-de-produccion-agricola-y-de-generacion-de-empleo-a-mujeres-rurales\/\" aria-label=\"Fortalecimiento de las capacidades de producci\u00f3n agr\u00edcola y de generaci\u00f3n de empleo a mujeres rurales\"><\/a>\n\t<\/div>\n<\/div>\n<\/div>\n                        <div class=\"fusion-portfolio-content\">\n                            <h2 class=\"entry-title fusion-post-title fusion-responsive-typography-calculated\" data-fontsize=\"16\" data-lineheight=\"26px\" style=\"--fontSize:16; line-height: 1.63; --minFontSize:16;\">\n                                <a href=\"https:\/\/fonspitius.org\/es\/proyectos\/fortalecimiento-de-las-capacidades-de-produccion-agricola-y-de-generacion-de-empleo-a-mujeres-rurales\/\">Fortalecimiento de las capacidades de producci\u00f3n agr\u00edcola y de generaci\u00f3n de empleo a mujeres rurale...<\/a>\n                            <\/h2>\n                                                        <div class=\"gecko-proyecto-meta\">\n                                <span>2019<\/span>                                <span> \u00b7 El Salvador<\/span>                            <\/div>\n                                                    <\/div>\n                <\/div>\n            <\/div>\n            <div class=\"fusion-clearfix\"><\/div>            <div class=\"fusion-portfolio-post post-8740 fusion-image-grid fusion-one-third fusion-layout-column fusion-spacing-yes\" style=\"padding:10px;\">\n                <div class=\"fusion-column-wrapper\">\n                        <div  class=\"fusion-image-wrapper fusion-image-size-fixed\" aria-haspopup=\"true\">\n\t\t\t\t<img decoding=\"async\" width=\"310\" height=\"175\" src=\"https:\/\/fonspitius.org\/wp-content\/uploads\/ACUA-310x175.jpg\" class=\"attachment-listado-proyectos size-listado-proyectos wp-post-image\" alt=\"\" \/><div class=\"fusion-rollover\">\n\t<div class=\"fusion-rollover-content\">\n\n\t\t\t\t\t\t\t\t\t\t\t\t\t\t<a class=\"fusion-rollover-link\" href=\"https:\/\/fonspitius.org\/es\/proyectos\/fortaleciendo-el-tejido-social-territorial-para-la-defensa-de-derechos-con-protagonismo-de-las-mujeres\/\">Fortaleciendo el tejido social territorial para la defensa de derechos con protagonismo de las mujeres.<\/a>\n\t\t\t\n\t\t\t\t\t\t\t\t\n\t\t\n\t\t\t\t\t\t\t\t\n\t\t\t\t\t\t\t\t\n\t\t\n\t\t\t\t\t\t<a class=\"fusion-link-wrapper\" href=\"https:\/\/fonspitius.org\/es\/proyectos\/fortaleciendo-el-tejido-social-territorial-para-la-defensa-de-derechos-con-protagonismo-de-las-mujeres\/\" aria-label=\"Fortaleciendo el tejido social territorial para la defensa de derechos con protagonismo de las mujeres.\"><\/a>\n\t<\/div>\n<\/div>\n<\/div>\n                        <div class=\"fusion-portfolio-content\">\n                            <h2 class=\"entry-title fusion-post-title fusion-responsive-typography-calculated\" data-fontsize=\"16\" data-lineheight=\"26px\" style=\"--fontSize:16; line-height: 1.63; --minFontSize:16;\">\n                                <a href=\"https:\/\/fonspitius.org\/es\/proyectos\/fortaleciendo-el-tejido-social-territorial-para-la-defensa-de-derechos-con-protagonismo-de-las-mujeres\/\">Fortaleciendo el tejido social territorial para la defensa de derechos con protagonismo de las mujer...<\/a>\n                            <\/h2>\n                                                        <div class=\"gecko-proyecto-meta\">\n                                <span>2019<\/span>                                <span> \u00b7 El Salvador<\/span>                            <\/div>\n                                                    <\/div>\n                <\/div>\n            <\/div>\n                        <div class=\"fusion-portfolio-post post-8744 fusion-image-grid fusion-one-third fusion-layout-column fusion-spacing-yes\" style=\"padding:10px;\">\n                <div class=\"fusion-column-wrapper\">\n                        <div  class=\"fusion-image-wrapper fusion-image-size-fixed\" aria-haspopup=\"true\">\n\t\t\t\t<img decoding=\"async\" width=\"310\" height=\"175\" src=\"https:\/\/fonspitius.org\/wp-content\/uploads\/PPBM-Ducuali-abajo-3-310x175.jpg\" class=\"attachment-listado-proyectos size-listado-proyectos wp-post-image\" alt=\"\" \/><div class=\"fusion-rollover\">\n\t<div class=\"fusion-rollover-content\">\n\n\t\t\t\t\t\t\t\t\t\t\t\t\t\t<a class=\"fusion-rollover-link\" href=\"https:\/\/fonspitius.org\/es\/proyectos\/contribuir-al-acceso-a-fuentes-de-agua-potable-mejoradas-y-en-su-gestion-sostenible-en-comunidades-rurales-del-municipio-de-palacaguina\/\">Contribuir al acceso a fuentes de agua potable mejoradas, y en su gesti\u00f3n sostenible en comunidades rurales de Palacag\u00fcina<\/a>\n\t\t\t\n\t\t\t\t\t\t\t\t\n\t\t\n\t\t\t\t\t\t\t\t\n\t\t\t\t\t\t\t\t\n\t\t\n\t\t\t\t\t\t<a class=\"fusion-link-wrapper\" href=\"https:\/\/fonspitius.org\/es\/proyectos\/contribuir-al-acceso-a-fuentes-de-agua-potable-mejoradas-y-en-su-gestion-sostenible-en-comunidades-rurales-del-municipio-de-palacaguina\/\" aria-label=\"Contribuir al acceso a fuentes de agua potable mejoradas, y en su gesti\u00f3n sostenible en comunidades rurales de Palacag\u00fcina\"><\/a>\n\t<\/div>\n<\/div>\n<\/div>\n                        <div class=\"fusion-portfolio-content\">\n                            <h2 class=\"entry-title fusion-post-title fusion-responsive-typography-calculated\" data-fontsize=\"16\" data-lineheight=\"26px\" style=\"--fontSize:16; line-height: 1.63; --minFontSize:16;\">\n                                <a href=\"https:\/\/fonspitius.org\/es\/proyectos\/contribuir-al-acceso-a-fuentes-de-agua-potable-mejoradas-y-en-su-gestion-sostenible-en-comunidades-rurales-del-municipio-de-palacaguina\/\">Contribuir al acceso a fuentes de agua potable mejoradas, y en su gesti\u00f3n sostenible en comunidades ...<\/a>\n                            <\/h2>\n                                                        <div class=\"gecko-proyecto-meta\">\n                                <span>2019<\/span>                                <span> \u00b7 Nicaragua<\/span>                            <\/div>\n                                                    <\/div>\n                <\/div>\n            <\/div>\n                        <div class=\"fusion-portfolio-post post-8749 fusion-image-grid fusion-one-third fusion-layout-column fusion-column-last fusion-spacing-yes\" style=\"padding:10px;\">\n                <div class=\"fusion-column-wrapper\">\n                        <div  class=\"fusion-image-wrapper fusion-image-size-fixed\" aria-haspopup=\"true\">\n\t\t\t\t<img decoding=\"async\" width=\"310\" height=\"175\" src=\"https:\/\/fonspitius.org\/wp-content\/uploads\/tecuilcan-1-310x175.jpg\" class=\"attachment-listado-proyectos size-listado-proyectos wp-post-image\" alt=\"\" \/><div class=\"fusion-rollover\">\n\t<div class=\"fusion-rollover-content\">\n\n\t\t\t\t\t\t\t\t\t\t\t\t\t\t<a class=\"fusion-rollover-link\" href=\"https:\/\/fonspitius.org\/es\/proyectos\/salud-humana-y-resiliencia-al-cambio-climatico\/\">Salud humana y resiliencia al cambio clim\u00e1tico<\/a>\n\t\t\t\n\t\t\t\t\t\t\t\t\n\t\t\n\t\t\t\t\t\t\t\t\n\t\t\t\t\t\t\t\t\n\t\t\n\t\t\t\t\t\t<a class=\"fusion-link-wrapper\" href=\"https:\/\/fonspitius.org\/es\/proyectos\/salud-humana-y-resiliencia-al-cambio-climatico\/\" aria-label=\"Salud humana y resiliencia al cambio clim\u00e1tico\"><\/a>\n\t<\/div>\n<\/div>\n<\/div>\n                        <div class=\"fusion-portfolio-content\">\n                            <h2 class=\"entry-title fusion-post-title fusion-responsive-typography-calculated\" data-fontsize=\"16\" data-lineheight=\"26px\" style=\"--fontSize:16; line-height: 1.63; --minFontSize:16;\">\n                                <a href=\"https:\/\/fonspitius.org\/es\/proyectos\/salud-humana-y-resiliencia-al-cambio-climatico\/\">Salud humana y resiliencia al cambio clim\u00e1tico<\/a>\n                            <\/h2>\n                                                        <div class=\"gecko-proyecto-meta\">\n                                <span>2019<\/span>                                <span> \u00b7 Nicaragua<\/span>                            <\/div>\n                                                    <\/div>\n                <\/div>\n            <\/div>\n            <div class=\"fusion-clearfix\"><\/div>            <div class=\"fusion-portfolio-post post-8881 fusion-image-grid fusion-one-third fusion-layout-column fusion-spacing-yes\" style=\"padding:10px;\">\n                <div class=\"fusion-column-wrapper\">\n                        <div  class=\"fusion-image-wrapper fusion-image-size-fixed\" aria-haspopup=\"true\">\n\t\t\t\t<img decoding=\"async\" width=\"310\" height=\"175\" src=\"https:\/\/fonspitius.org\/wp-content\/uploads\/Captura14-310x175.png\" class=\"attachment-listado-proyectos size-listado-proyectos wp-post-image\" alt=\"\" \/><div class=\"fusion-rollover\">\n\t<div class=\"fusion-rollover-content\">\n\n\t\t\t\t\t\t\t\t\t\t\t\t\t\t<a class=\"fusion-rollover-link\" href=\"https:\/\/fonspitius.org\/es\/proyectos\/prevencion-del-embarazo-en-adolescentes-con-perspectiva-de-genero-y-enfoque-de-derechos-humanos\/\">Prevenci\u00f3n del embarazo en adolescentes con perspectiva de g\u00e9nero y enfoque de derechos humanos<\/a>\n\t\t\t\n\t\t\t\t\t\t\t\t\n\t\t\n\t\t\t\t\t\t\t\t\n\t\t\t\t\t\t\t\t\n\t\t\n\t\t\t\t\t\t<a class=\"fusion-link-wrapper\" href=\"https:\/\/fonspitius.org\/es\/proyectos\/prevencion-del-embarazo-en-adolescentes-con-perspectiva-de-genero-y-enfoque-de-derechos-humanos\/\" aria-label=\"Prevenci\u00f3n del embarazo en adolescentes con perspectiva de g\u00e9nero y enfoque de derechos humanos\"><\/a>\n\t<\/div>\n<\/div>\n<\/div>\n                        <div class=\"fusion-portfolio-content\">\n                            <h2 class=\"entry-title fusion-post-title fusion-responsive-typography-calculated\" data-fontsize=\"16\" data-lineheight=\"26px\" style=\"--fontSize:16; line-height: 1.63; --minFontSize:16;\">\n                                <a href=\"https:\/\/fonspitius.org\/es\/proyectos\/prevencion-del-embarazo-en-adolescentes-con-perspectiva-de-genero-y-enfoque-de-derechos-humanos\/\">Prevenci\u00f3n del embarazo en adolescentes con perspectiva de g\u00e9nero y enfoque de derechos humanos<\/a>\n                            <\/h2>\n                                                        <div class=\"gecko-proyecto-meta\">\n                                <span>2019<\/span>                                <span> \u00b7 El Salvador<\/span>                            <\/div>\n                                                    <\/div>\n                <\/div>\n            <\/div>\n                        <div class=\"fusion-portfolio-post post-9530 fusion-image-grid fusion-one-third fusion-layout-column fusion-spacing-yes\" style=\"padding:10px;\">\n                <div class=\"fusion-column-wrapper\">\n                        <div  class=\"fusion-image-wrapper fusion-image-size-fixed\" aria-haspopup=\"true\">\n\t\t\t\t<img decoding=\"async\" width=\"310\" height=\"175\" src=\"https:\/\/fonspitius.org\/wp-content\/uploads\/escuela-el-matazano-310x175.jpg\" class=\"attachment-listado-proyectos size-listado-proyectos wp-post-image\" alt=\"\" \/><div class=\"fusion-rollover\">\n\t<div class=\"fusion-rollover-content\">\n\n\t\t\t\t\t\t\t\t\t\t\t\t\t\t<a class=\"fusion-rollover-link\" href=\"https:\/\/fonspitius.org\/es\/proyectos\/promocion-de-la-formacion-de-conciencias-criticas-ante-realidades-diferentes-desde-los-centros-educativos-de-san-lucas-palacaguina-y-la-pitiusas\/\">Promoci\u00f3n de la formaci\u00f3n de conciencias cr\u00edticas ante realidades diferentes desde los centros educativos de San Lucas, Palacag\u00fcina y la Pitiusas<\/a>\n\t\t\t\n\t\t\t\t\t\t\t\t\n\t\t\n\t\t\t\t\t\t\t\t\n\t\t\t\t\t\t\t\t\n\t\t\n\t\t\t\t\t\t<a class=\"fusion-link-wrapper\" href=\"https:\/\/fonspitius.org\/es\/proyectos\/promocion-de-la-formacion-de-conciencias-criticas-ante-realidades-diferentes-desde-los-centros-educativos-de-san-lucas-palacaguina-y-la-pitiusas\/\" aria-label=\"Promoci\u00f3n de la formaci\u00f3n de conciencias cr\u00edticas ante realidades diferentes desde los centros educativos de San Lucas, Palacag\u00fcina y la Pitiusas\"><\/a>\n\t<\/div>\n<\/div>\n<\/div>\n                        <div class=\"fusion-portfolio-content\">\n                            <h2 class=\"entry-title fusion-post-title fusion-responsive-typography-calculated\" data-fontsize=\"16\" data-lineheight=\"26px\" style=\"--fontSize:16; line-height: 1.63; --minFontSize:16;\">\n                                <a href=\"https:\/\/fonspitius.org\/es\/proyectos\/promocion-de-la-formacion-de-conciencias-criticas-ante-realidades-diferentes-desde-los-centros-educativos-de-san-lucas-palacaguina-y-la-pitiusas\/\">Promoci\u00f3n de la formaci\u00f3n de conciencias cr\u00edticas ante realidades diferentes desde los centros educa...<\/a>\n                            <\/h2>\n                                                        <div class=\"gecko-proyecto-meta\">\n                                <span>2019<\/span>                                <span> \u00b7 Nicaragua<\/span>                            <\/div>\n                                                    <\/div>\n                <\/div>\n            <\/div>\n            <\/div><\/div>\n<\/div><div class=\"fusion-clearfix\"><\/div><\/div><\/div><\/div><\/div>\n","protected":false},"excerpt":{"rendered":"","protected":false},"author":5,"featured_media":0,"parent":3449,"menu_order":0,"comment_status":"closed","ping_status":"closed","template":"","meta":{"_acf_changed":false,"footnotes":""},"class_list":["post-18243","page","type-page","status-publish","hentry"],"acf":[],"_links":{"self":[{"href":"https:\/\/fonspitius.org\/es\/wp-json\/wp\/v2\/pages\/18243","targetHints":{"allow":["GET"]}}],"collection":[{"href":"https:\/\/fonspitius.org\/es\/wp-json\/wp\/v2\/pages"}],"about":[{"href":"https:\/\/fonspitius.org\/es\/wp-json\/wp\/v2\/types\/page"}],"author":[{"embeddable":true,"href":"https:\/\/fonspitius.org\/es\/wp-json\/wp\/v2\/users\/5"}],"replies":[{"embeddable":true,"href":"https:\/\/fonspitius.org\/es\/wp-json\/wp\/v2\/comments?post=18243"}],"version-history":[{"count":3,"href":"https:\/\/fonspitius.org\/es\/wp-json\/wp\/v2\/pages\/18243\/revisions"}],"predecessor-version":[{"id":18381,"href":"https:\/\/fonspitius.org\/es\/wp-json\/wp\/v2\/pages\/18243\/revisions\/18381"}],"up":[{"embeddable":true,"href":"https:\/\/fonspitius.org\/es\/wp-json\/wp\/v2\/pages\/3449"}],"wp:attachment":[{"href":"https:\/\/fonspitius.org\/es\/wp-json\/wp\/v2\/media?parent=18243"}],"curies":[{"name":"wp","href":"https:\/\/api.w.org\/{rel}","templated":true}]}}